{"id":159165,"date":"2021-09-02T17:31:32","date_gmt":"2021-09-02T15:31:32","guid":{"rendered":"https:\/\/vdr.daisybell.ch\/?post_type=vdr-on-tour&#038;p=159165"},"modified":"2021-11-25T13:53:19","modified_gmt":"2021-11-25T12:53:19","slug":"marina-abramovic-the-artist-is-present","status":"publish","type":"vdr-on-tour","link":"https:\/\/www.visionsdureel.ch\/en\/vdr-on-tour\/marina-abramovic-the-artist-is-present\/","title":{"rendered":"Marina Abramovi\u0107: The Artist is Present"},"content":{"rendered":"\n<ul class=\"wp-block-list\"><li>Matthew Akers, Jeff Dupre, 2012<\/li><li>\u00c9tats-Unis, 86min <\/li><li>v.o anglaise, st fran\u00e7ais,<\/li><li>Sundance Film Festival 2012<\/li><\/ul>\n\n\n\n<p>Projection: samedi 6 novembre \u00e0 10:30 aux Cin\u00e9mas Capitole de Nyon.<\/p>\n\n\n\n<p>Projection dans le cadre de la Journ\u00e9e des Arts, entr\u00e9e libre. <\/p>\n\n\n\n<p>Marina Abramovi\u0107 red\u00e9finit l\u2019art depuis pr\u00e8s de quarante ans. Utilisant son corps comme m\u00e9dium, d\u00e9passant ses propres limites, elle cr\u00e9e des performances qui choquent, provoquent et \u00e9meuvent. En 2010, le MoMA de New York lui consacre une r\u00e9trospective.<\/p>\n\n\n\n<p><strong>Tarif sp\u00e9cial VdR on Tour&nbsp;aux Cin\u00e9mas Capitole, CHF 12<\/strong><\/p>\n","protected":false},"excerpt":{"rendered":"<p>Marina Abramovi\u0107 red\u00e9finit l\u2019art depuis pr\u00e8s de quarante ans. Utilisant son corps comme m\u00e9dium, d\u00e9passant ses propres limites, elle cr\u00e9e des performances qui choquent, provoquent et \u00e9meuvent. <\/p>\n","protected":false},"featured_media":159166,"menu_order":0,"template":"","meta":{"_acf_changed":false},"class_list":["post-159165","vdr-on-tour","type-vdr-on-tour","status-publish","has-post-thumbnail","hentry"],"acf":[],"_links":{"self":[{"href":"https:\/\/www.visionsdureel.ch\/en\/wp-json\/wp\/v2\/vdr-on-tour\/159165","targetHints":{"allow":["GET"]}}],"collection":[{"href":"https:\/\/www.visionsdureel.ch\/en\/wp-json\/wp\/v2\/vdr-on-tour"}],"about":[{"href":"https:\/\/www.visionsdureel.ch\/en\/wp-json\/wp\/v2\/types\/vdr-on-tour"}],"wp:featuredmedia":[{"embeddable":true,"href":"https:\/\/www.visionsdureel.ch\/en\/wp-json\/wp\/v2\/media\/159166"}],"wp:attachment":[{"href":"https:\/\/www.visionsdureel.ch\/en\/wp-json\/wp\/v2\/media?parent=159165"}],"curies":[{"name":"wp","href":"https:\/\/api.w.org\/{rel}","templated":true}]}}