{"id":157779,"date":"2020-10-23T00:00:00","date_gmt":"2020-10-22T22:00:00","guid":{"rendered":"https:\/\/vdr.daisybell.ch\/vdr-on-tour\/visions-du-reel-on-tour-lescale\/"},"modified":"2021-05-21T13:01:30","modified_gmt":"2021-05-21T11:01:30","slug":"visions-du-reel-on-tour-lescale","status":"publish","type":"vdr-on-tour","link":"https:\/\/www.visionsdureel.ch\/en\/vdr-on-tour\/visions-du-reel-on-tour-lescale\/","title":{"rendered":"Visions du R\u00e9el On Tour | L&#8217;Escale"},"content":{"rendered":"<h2>L&#8217;Escale de Kaveh Bakhtiari, laur\u00e9at du Prix de Soleure 2014, sera projet\u00e9 \u00e0 Yverdon le 18 f\u00e9vrier 2014. O\u00f9 que vous soyez, tentez votre chance pour gagner des places!<\/h2>\n<div>\n<p>L&#8217;Escale, qui a \u00e9galement \u00e9t\u00e9 s\u00e9lectionn\u00e9 au Festival de Cannes en 2013, commence sa tourn\u00e9e dans les cin\u00e9mas\u00a0suisses. Visions du R\u00e9el On Tour vous propose\u00a0trois projections sp\u00e9ciales <b>en pr\u00e9sence du r\u00e9alisateur<\/b>:\n<\/p>\n<p class=\"frame\" style=\"font-size: 13px;\">Au cin\u00e9ma Od\u00e9on de <b>Morges<\/b> le jeudi 6 f\u00e9vrier 2014 \u00e0\u00a020h30<br \/><span style=\"line-height: 1.45;\">Aux Cin\u00e9mas Capitole <b>Nyon<\/b> le\u00a0lundi 10 f\u00e9vrier 2014\u00a0\u00e0 20h30<br \/><\/span><span style=\"line-height: 1.45;\">Au cin\u00e9ma Bel-Air d&#8217;<b>Yverdon<\/b> le\u00a0<\/span>mardi 18 f\u00e9vrier\u00a0<span style=\"line-height: 1.45;\">2014 \u00e0 18h45<br \/><\/span><span style=\"line-height: 1.45;\"><br \/>Tarif unique \u00e0 12.-.\u00a0<\/span><\/p>\n<\/div>\n<blockquote>\n<p><b>L&#8217;Escale, de Kaveh Bakhtiari<\/b><\/p>\n<p><i>A Ath\u00e8nes, le modeste appartement d\u2019Amir, un immigr\u00e9 iranien, est devenu un lieu de transit pour des migrants qui, comme lui, ont fait le choix de quitter leur pays. Mais la Gr\u00e8ce n\u2019est qu\u2019une escale, tous esp\u00e8rent rejoindre d\u2019autres pays occidentaux. Ils se retrouvent donc coinc\u00e9s l\u00e0, chez Amir, dans l\u2019attente de papiers, de contacts et du passeur \u00e0 qui ils confieront peut-\u00eatre leur destin&#8230;.<\/i><\/p>\n<div><\/div>\n<p>L&#8217;Escale &#8211; Suisse, France\u00a0, 2013, 100&#8242;, VO persan,\u00a0s.t. fran\u00e7ais.\n<\/p>\n<p><b>6 f\u00e9vrier 2014<br \/><\/b><b>20h30<br \/><\/b><b><a href=\"http:\/\/www.cinemaodeon.ch\/\" target=\"_blank\" class=\"external-link-new-window\" rel=\"noopener\">Cin\u00e9ma Od\u00e9on<\/a> \u00e0 Morges <\/b><span style=\"font-size: 0.9em; line-height: 1.45;\">(Place Dufour 4, 1110 Morges)<\/span><\/p>\n<p><b>10 f\u00e9vrier 2014<\/b><b><br \/><\/b><b>20h30<br \/><\/b><b><a href=\"http:\/\/www.capitole-nyon.ch\/\" target=\"_blank\" class=\"external-link-new-window\" rel=\"noopener\">Cin\u00e9mas Capitole<\/a>\u00a0<\/b><span style=\"font-size: 0.9em; line-height: 1.45;\">(5 rue Neuve, 1260 Nyon)<\/span><\/p>\n<p><b>18 f\u00e9vrier 2014<\/b><b><br \/><\/b><b>18h45<br \/><\/b><b><a href=\"http:\/\/www.cinemabelair.ch\/\" target=\"_blank\" class=\"external-link-new-window\" rel=\"noopener\">Cin\u00e9ma Bel-Air <\/a>\u00e0 Yverdon <\/b><span style=\"font-size: 0.9em; line-height: 1.45;\">(6 place Bel-Air, 1400 Yverdon-les-Bains)<\/span><\/p>\n<p><span style=\"font-size: 0.9em; line-height: 1.45;\"><a href=\"http:\/\/www.youtube.com\/watch?v=5rXom-U1wFY\" target=\"_blank\" class=\"external-link-new-window\" rel=\"noopener\">Voir\u00a0la bande annonce\u00a0<\/a><\/span><\/p>\n<p class=\"frame\" style=\"font-size: 13px;\"><b>Concours<\/b>:\u00a0gagnez vos places\u00a0pour la projection du 6,\u00a0du\u00a010 ou du 18 f\u00e9vrier 2014 dans l&#8217;un des cin\u00e9mas susmentionn\u00e9s.\u00a0Envoyez vos coordonn\u00e9es, le titre du film L&#8217;Escale et\u00a0la ville o\u00f9 vous souhaitez aller le voir\u00a0<span style=\"line-height: 1.45;\">\u00e0\u00a0<\/span><span style=\"line-height: 1.45;\"><a href=\"mailto:concours@visionsdureel.ch\" class=\"mail\">concours[at]visionsdureel[dot]ch<\/a><\/span><span style=\"line-height: 1.45;\">\u00a0<br \/><\/span><span style=\"line-height: 1.45;\"><br \/>D\u00e9lai de participation: lundi\u00a017 f\u00e9vrier 2014<br \/>Les gagnants seront avertis par email.\u00a0<\/span><\/p>\n<\/blockquote>\n","protected":false},"excerpt":{"rendered":"<p>L&#8217;Escale de Kaveh Bakhtiari, laur\u00e9at du Prix de Soleure 2014, sera projet\u00e9 \u00e0 Yverdon le 18 f\u00e9vrier 2014. O\u00f9 que<\/p>\n","protected":false},"featured_media":0,"menu_order":0,"template":"","meta":{"_acf_changed":false},"class_list":["post-157779","vdr-on-tour","type-vdr-on-tour","status-publish","hentry"],"acf":[],"_links":{"self":[{"href":"https:\/\/www.visionsdureel.ch\/en\/wp-json\/wp\/v2\/vdr-on-tour\/157779","targetHints":{"allow":["GET"]}}],"collection":[{"href":"https:\/\/www.visionsdureel.ch\/en\/wp-json\/wp\/v2\/vdr-on-tour"}],"about":[{"href":"https:\/\/www.visionsdureel.ch\/en\/wp-json\/wp\/v2\/types\/vdr-on-tour"}],"wp:attachment":[{"href":"https:\/\/www.visionsdureel.ch\/en\/wp-json\/wp\/v2\/media?parent=157779"}],"curies":[{"name":"wp","href":"https:\/\/api.w.org\/{rel}","templated":true}]}}