{"id":157546,"date":"2021-04-27T00:00:00","date_gmt":"2021-04-26T22:00:00","guid":{"rendered":"https:\/\/vdr.daisybell.ch\/vdr-on-tour\/cinema-open-air-au-chateau-de-prangins\/"},"modified":"2021-11-25T09:33:35","modified_gmt":"2021-11-25T08:33:35","slug":"cinema-open-air-au-chateau-de-prangins","status":"publish","type":"vdr-on-tour","link":"https:\/\/www.visionsdureel.ch\/en\/vdr-on-tour\/cinema-open-air-au-chateau-de-prangins\/","title":{"rendered":"Cin\u00e9ma Open air au Ch\u00e2teau de Prangins"},"content":{"rendered":"\n<h2 class=\"wp-block-heading\" id=\"h-27-28-29-ao-t-3-soir-es-de-projections-au-ch-teau-de-prangins\">27, 28, 29 ao\u00fbt: 3 soir\u00e9es de projections au Ch\u00e2teau de Prangins<\/h2>\n\n\n\n<p>En partenariat avec le Festival Visions du R\u00e9el, le mus\u00e9e du Ch\u00e2teau de Prangins pr\u00e9sente une s\u00e9lection de trois films en lien avec l\u2019exposition temporaire &#8220;Et plus si affinit\u00e9s&#8230; Amour et sexualit\u00e9 au 18e si\u00e8cle&#8221;.<\/p>\n\n\n\n<p><b>Chaque soir<\/b><br>17:00-20:30<br>Ouverture du mus\u00e9e et petite restauration au Caf\u00e9 du Ch\u00e2teau<br>19:00<br>Visite guid\u00e9e de l\u2019exposition temporaire (45\u2019)<br>20:45<br>Projection dans la cour du ch\u00e2teau pr\u00e9c\u00e9d\u00e9e d\u2019une introduction sur le film<\/p>\n\n\n\n<p><b>Jeudi 27.08<\/b><\/p>\n\n\n\n<p><b><a href=\"https:\/\/www.chateaudeprangins.ch\/fr\/evenement\/cinema-open-air-madame-18273\" target=\"_blank\" rel=\"noopener\">Madame<\/a><\/b><\/p>\n\n\n\n<ul class=\"wp-block-list\"><li>93\u2019 | fran\u00e7ais<\/li><li>Documentaire, 2019<\/li><li>St\u00e9phane Riethauser<\/li><li>Visions du R\u00e9el 2019<\/li><li>\u00c2ge l\u00e9ga: 12 ans l Sugg\u00e9r\u00e9:\u00a016 ans<\/li><\/ul>\n\n\n\n<p>Double autoportrait d&#8217;une femme au destin hors du commun et de son petit-fils,&nbsp;<i>Madame<\/i>&nbsp;parvient \u00e0 cr\u00e9er, \u00e0 partir d&#8217;archives familiales d&#8217;une incroyable richesse, un dialogue intime, \u00e0 la fois r\u00e9el et fictif. Un film&nbsp;qui d\u00e9construit avec humour, profondeur et sensibilit\u00e9 les clich\u00e9s de genre.<\/p>\n\n\n\n<p><b>Vendredi 28.08<\/b><\/p>\n\n\n\n<p><b><a href=\"https:\/\/www.chateaudeprangins.ch\/fr\/evenement\/cinema-open-air-fiancees-18274\" target=\"_blank\" rel=\"noopener\">Fianc\u00e9es<\/a><\/b><\/p>\n\n\n\n<ul class=\"wp-block-list\"><li>80\u2019 | v.o. sous-titr\u00e9e<\/li><li>Documentaire, 2019<\/li><li>Julia B\u00fcnter<\/li><li>Visions du R\u00e9el 2019<\/li><li>\u00c2ge l\u00e9gal: 8 ans\u00a0| Sugg\u00e9r\u00e9:\u00a014 ans<\/li><\/ul>\n\n\n\n<p>Fianc\u00e9es suit le parcours vers&nbsp;le mariage de trois femmes \u00e9gyptiennes. Tout en saisissant ce moment charni\u00e8re, le film esquisse un portrait de la soci\u00e9t\u00e9 contemporaine du Caire et sa jeunesse, aborde le rapport entre les hommes et les femmes et les pressions sociales qu\u2019affrontent ces jeunes couples aujourd\u2019hui.<\/p>\n\n\n\n<p><b>Samedi 29.08<\/b><\/p>\n\n\n\n<p><b><a href=\"https:\/\/www.chateaudeprangins.ch\/fr\/evenement\/cinema-open-air-les-liaisons-dangereuses-18275\" target=\"_blank\" rel=\"noopener\">Les liaisons\u00a0dangereuses<\/a><\/b><\/p>\n\n\n\n<ul class=\"wp-block-list\"><li>119\u2019 | v.o. sous-titr\u00e9e<\/li><li>Fiction, 1989<\/li><li>Stephen Frears<\/li><li>\u00c2ge l\u00e9gal:\u00a014 ans<\/li><\/ul>\n\n\n\n<p>Adapt\u00e9 du fameux roman \u00e9pistolaire de Choderlos&nbsp;de Laclos, le film avec John Malkovich et Glenn Close a remport\u00e9 trois oscars. Un film aux dialogues gla\u00e7ants r\u00e9v\u00e9lant l\u2019art de la s\u00e9duction et de la manipulation dans le d\u00e9cor somptueux des \u00e9lites fran\u00e7aises au 18e si\u00e8cle.<\/p>\n\n\n\n<p><b>Billets<\/b><br>Tarif unique CHF 10.\u2013, entr\u00e9e et visite guid\u00e9e du mus\u00e9e comprises.<br>En vente sur <a href=\"http:\/\/www.chateaudeprangins.ch\" target=\"_blank\" rel=\"noopener\">www.chateaudeprangins.ch<\/a> ou sur place le soir m\u00eame. Nombre de places limit\u00e9.<\/p>\n\n\n\n<p>Les projections auront lieu par tous les temps.<\/p>\n\n\n\n<p><b>Acc\u00e8s et transport<\/b><br>Train CFF jusqu\u2019\u00e0 la gare de Nyon Bus TPN 805 ou 811 depuis&nbsp;la gare CFF de Nyon. Deux arr\u00eats, \u00abPrangins, Mus\u00e9e national\u00bb&nbsp;ou \u00abLes Ab\u00e9riaux\u00bb<br>Bateau CGN d\u00e9barcad\u00e8re de Nyon<br>\u00c0 pied environ 25 min depuis&nbsp;la gare de Nyon<br>\u00c0 v\u00e9lo www.publibike.ch<br>En voiture Autoroute A1 Gen\u00e8ve- Lausanne, sortie Nyon ou Gland Parking gratuit au bord du lac.<\/p>\n","protected":false},"excerpt":{"rendered":"<p>En partenariat avec le Festival Visions du R\u00e9el, le mus\u00e9e du Ch\u00e2teau de Prangins pr\u00e9sente une s\u00e9lection de trois films en lien avec l\u2019exposition temporaire.<\/p>\n","protected":false},"featured_media":157547,"menu_order":0,"template":"","meta":{"_acf_changed":false},"class_list":["post-157546","vdr-on-tour","type-vdr-on-tour","status-publish","has-post-thumbnail","hentry"],"acf":[],"_links":{"self":[{"href":"https:\/\/www.visionsdureel.ch\/en\/wp-json\/wp\/v2\/vdr-on-tour\/157546","targetHints":{"allow":["GET"]}}],"collection":[{"href":"https:\/\/www.visionsdureel.ch\/en\/wp-json\/wp\/v2\/vdr-on-tour"}],"about":[{"href":"https:\/\/www.visionsdureel.ch\/en\/wp-json\/wp\/v2\/types\/vdr-on-tour"}],"wp:featuredmedia":[{"embeddable":true,"href":"https:\/\/www.visionsdureel.ch\/en\/wp-json\/wp\/v2\/media\/157547"}],"wp:attachment":[{"href":"https:\/\/www.visionsdureel.ch\/en\/wp-json\/wp\/v2\/media?parent=157546"}],"curies":[{"name":"wp","href":"https:\/\/api.w.org\/{rel}","templated":true}]}}