{"id":16600,"date":"2021-01-28T14:40:56","date_gmt":"2021-01-28T13:40:56","guid":{"rendered":"https:\/\/vdr.daisybell.ch\/?p=16600"},"modified":"2026-03-31T17:03:29","modified_gmt":"2026-03-31T15:03:29","slug":"international-medium-length-short-film-competition","status":"publish","type":"section","link":"https:\/\/www.visionsdureel.ch\/en\/program\/section\/international-medium-length-short-film-competition\/","title":{"rendered":"International Medium Length &#038; Short Film Competition"},"content":{"rendered":"\n<p>The International Medium and Short Film Competition features shorter-format works selected for their artistic quality, formal originality, and cinematic uniqueness. Carried by emerging or established voices, these films reflect a diversity of strong perspectives within contemporary creative documentary. The Jury will select the winners among 33 films including 28 world premieres, four international premieres and two European premieres.<\/p>\n\n\n\n<div class=\"wp-block-columns is-layout-flex wp-container-core-columns-is-layout-9d6595d7 wp-block-columns-is-layout-flex\">\n<div class=\"wp-block-column is-layout-flow wp-block-column-is-layout-flow\" style=\"flex-basis:50%\">\n<figure class=\"wp-block-embed is-type-video is-provider-youtube wp-block-embed-youtube wp-embed-aspect-16-9 wp-has-aspect-ratio\"><div class=\"wp-block-embed__wrapper\">\n<iframe loading=\"lazy\" title=\"VdR2026 | Mashup Medium Length &amp; Short Film Competition #1\" width=\"580\" height=\"326\" src=\"https:\/\/www.youtube.com\/embed\/zkBS12g0fvY?list=PLA7I6rE6KhHM4sK-mczxnu38SV0dZdRgm\" frameborder=\"0\" allow=\"accelerometer; autoplay; clipboard-write; encrypted-media; gyroscope; picture-in-picture; web-share\" referrerpolicy=\"strict-origin-when-cross-origin\" allowfullscreen><\/iframe>\n<\/div><\/figure>\n<\/div>\n\n\n\n<div class=\"wp-block-column is-layout-flow wp-block-column-is-layout-flow\" style=\"flex-basis:50%\">\n<figure class=\"wp-block-embed is-type-video is-provider-youtube wp-block-embed-youtube wp-embed-aspect-16-9 wp-has-aspect-ratio\"><div class=\"wp-block-embed__wrapper\">\n<iframe loading=\"lazy\" title=\"VdR2026 | Mashup Medium Length &amp; Short Film Competition #2\" width=\"580\" height=\"326\" src=\"https:\/\/www.youtube.com\/embed\/3XfnwzHS9Hc?list=PLA7I6rE6KhHM4sK-mczxnu38SV0dZdRgm\" frameborder=\"0\" allow=\"accelerometer; autoplay; clipboard-write; encrypted-media; gyroscope; picture-in-picture; web-share\" referrerpolicy=\"strict-origin-when-cross-origin\" allowfullscreen><\/iframe>\n<\/div><\/figure>\n<\/div>\n<\/div>\n\n\n\n<h2 class=\"wp-block-heading\" id=\"h-selection-2021\">Selection 2026<\/h2>\n\n\n      <\/div>\n    <\/div>\n    <div class=\"row mt-3 px-1 justify-content-center\">\n          <div class=\"col-6 col-md-4 col-xl-3 film_thumb px-1\">\n        <a href=\"https:\/\/www.visionsdureel.ch\/en\/film\/2026\/last-may-in-theaters\/\" class=\"thumbnail-16-9 \">\n\t\t<img loading=\"lazy\" decoding=\"async\" width=\"240\" height=\"180\" src=\"https:\/\/www.visionsdureel.ch\/wp-content\/uploads\/dbc_images\/1951126-240x180.webp\" class=\"attachment-thumbnail size-thumbnail wp-post-image\" alt=\"\" sizes=\"auto, (max-width: 575px) 100vw, (max-width: 991px) calc((100vw - 6.5rem) \/ 3), (-webkit-min-device-pixel-ratio: 1.5) calc((100vw - 7.5rem) \/ 4 \/ 1.5), calc((100vw - 7.5rem) \/ 4)\" srcset=\"https:\/\/www.visionsdureel.ch\/wp-content\/uploads\/dbc_images\/1951126-240x180.webp 240w, https:\/\/www.visionsdureel.ch\/wp-content\/uploads\/dbc_images\/1951126-640x480.webp 640w, https:\/\/www.visionsdureel.ch\/wp-content\/uploads\/dbc_images\/1951126-959x720.webp 959w, https:\/\/www.visionsdureel.ch\/wp-content\/uploads\/dbc_images\/1951126-320x240.webp 320w, https:\/\/www.visionsdureel.ch\/wp-content\/uploads\/dbc_images\/1951126-480x360.webp 480w, https:\/\/www.visionsdureel.ch\/wp-content\/uploads\/dbc_images\/1951126.webp 1439w\" \/>\t    \n    <\/a>\t\t\n<a href=\"https:\/\/www.visionsdureel.ch\/en\/film\/2026\/last-may-in-theaters\/\" class=\"link-reverse film-caption \">\n\t<span class=\"film_title\">Last May in Theaters<\/span>\n\t<span class=\"font-weight-normal\">Arief&nbsp;Budiman<\/span>\n<\/a>\n\n      <\/div>\n          <div class=\"col-6 col-md-4 col-xl-3 film_thumb px-1\">\n        <a href=\"https:\/\/www.visionsdureel.ch\/en\/film\/2026\/a-chronicle-of-the-lost\/\" class=\"thumbnail-16-9 \">\n\t\t<img loading=\"lazy\" decoding=\"async\" width=\"320\" height=\"180\" src=\"https:\/\/www.visionsdureel.ch\/wp-content\/uploads\/dbc_images\/1954546-320x180.webp\" class=\"attachment-thumbnail size-thumbnail wp-post-image\" alt=\"\" sizes=\"auto, (max-width: 575px) 100vw, (max-width: 991px) calc((100vw - 6.5rem) \/ 3), (-webkit-min-device-pixel-ratio: 1.5) calc((100vw - 7.5rem) \/ 4 \/ 1.5), calc((100vw - 7.5rem) \/ 4)\" srcset=\"https:\/\/www.visionsdureel.ch\/wp-content\/uploads\/dbc_images\/1954546-320x180.webp 320w, https:\/\/www.visionsdureel.ch\/wp-content\/uploads\/dbc_images\/1954546-854x480.webp 854w, https:\/\/www.visionsdureel.ch\/wp-content\/uploads\/dbc_images\/1954546-1280x720.webp 1280w, https:\/\/www.visionsdureel.ch\/wp-content\/uploads\/dbc_images\/1954546-426x240.webp 426w, https:\/\/www.visionsdureel.ch\/wp-content\/uploads\/dbc_images\/1954546-640x360.webp 640w, https:\/\/www.visionsdureel.ch\/wp-content\/uploads\/dbc_images\/1954546.webp 1920w\" \/>\t    \n    <\/a>\t\t\n<a href=\"https:\/\/www.visionsdureel.ch\/en\/film\/2026\/a-chronicle-of-the-lost\/\" class=\"link-reverse film-caption \">\n\t<span class=\"film_title\">A Chronicle of the Lost<\/span>\n\t<span class=\"font-weight-normal\">Soumya&nbsp;Mukhopadhyay<\/span>\n<\/a>\n\n      <\/div>\n          <div class=\"col-6 col-md-4 col-xl-3 film_thumb px-1\">\n        <a href=\"https:\/\/www.visionsdureel.ch\/en\/film\/2026\/singing-of-the-evening-stars\/\" class=\"thumbnail-16-9 \">\n\t\t<img loading=\"lazy\" decoding=\"async\" width=\"320\" height=\"169\" src=\"https:\/\/www.visionsdureel.ch\/wp-content\/uploads\/dbc_images\/1955462-320x169.webp\" class=\"attachment-thumbnail size-thumbnail wp-post-image\" alt=\"\" sizes=\"auto, (max-width: 575px) 100vw, (max-width: 991px) calc((100vw - 6.5rem) \/ 3), (-webkit-min-device-pixel-ratio: 1.5) calc((100vw - 7.5rem) \/ 4 \/ 1.5), calc((100vw - 7.5rem) \/ 4)\" srcset=\"https:\/\/www.visionsdureel.ch\/wp-content\/uploads\/dbc_images\/1955462-320x169.webp 320w, https:\/\/www.visionsdureel.ch\/wp-content\/uploads\/dbc_images\/1955462-854x450.webp 854w, https:\/\/www.visionsdureel.ch\/wp-content\/uploads\/dbc_images\/1955462-1280x675.webp 1280w, https:\/\/www.visionsdureel.ch\/wp-content\/uploads\/dbc_images\/1955462-426x225.webp 426w, https:\/\/www.visionsdureel.ch\/wp-content\/uploads\/dbc_images\/1955462-640x338.webp 640w, https:\/\/www.visionsdureel.ch\/wp-content\/uploads\/dbc_images\/1955462-1920x1013.webp 1920w\" \/>\t    \n    <\/a>\t\t\n<a href=\"https:\/\/www.visionsdureel.ch\/en\/film\/2026\/singing-of-the-evening-stars\/\" class=\"link-reverse film-caption \">\n\t<span class=\"film_title\">Singing of the Evening Stars<\/span>\n\t<span class=\"font-weight-normal\">Iris&nbsp;Sang<\/span>\n<\/a>\n\n      <\/div>\n          <div class=\"col-6 col-md-4 col-xl-3 film_thumb px-1\">\n        <a href=\"https:\/\/www.visionsdureel.ch\/en\/film\/2026\/muddy-currents\/\" class=\"thumbnail-16-9 \">\n\t\t<img loading=\"lazy\" decoding=\"async\" width=\"320\" height=\"180\" src=\"https:\/\/www.visionsdureel.ch\/wp-content\/uploads\/dbc_images\/1955449-320x180.webp\" class=\"attachment-thumbnail size-thumbnail wp-post-image\" alt=\"\" sizes=\"auto, (max-width: 575px) 100vw, (max-width: 991px) calc((100vw - 6.5rem) \/ 3), (-webkit-min-device-pixel-ratio: 1.5) calc((100vw - 7.5rem) \/ 4 \/ 1.5), calc((100vw - 7.5rem) \/ 4)\" srcset=\"https:\/\/www.visionsdureel.ch\/wp-content\/uploads\/dbc_images\/1955449-320x180.webp 320w, https:\/\/www.visionsdureel.ch\/wp-content\/uploads\/dbc_images\/1955449-854x480.webp 854w, https:\/\/www.visionsdureel.ch\/wp-content\/uploads\/dbc_images\/1955449-1280x720.webp 1280w, https:\/\/www.visionsdureel.ch\/wp-content\/uploads\/dbc_images\/1955449-426x240.webp 426w, https:\/\/www.visionsdureel.ch\/wp-content\/uploads\/dbc_images\/1955449-640x360.webp 640w, https:\/\/www.visionsdureel.ch\/wp-content\/uploads\/dbc_images\/1955449-1920x1080.webp 1920w\" \/>\t    \n    <\/a>\t\t\n<a href=\"https:\/\/www.visionsdureel.ch\/en\/film\/2026\/muddy-currents\/\" class=\"link-reverse film-caption \">\n\t<span class=\"film_title\">Muddy Currents<\/span>\n\t<span class=\"font-weight-normal\">Shadi&nbsp;Habib Allah<\/span>\n<\/a>\n\n      <\/div>\n          <div class=\"col-6 col-md-4 col-xl-3 film_thumb px-1\">\n        <a href=\"https:\/\/www.visionsdureel.ch\/en\/film\/2026\/the-making-of-the-lure\/\" class=\"thumbnail-16-9 \">\n\t\t<img loading=\"lazy\" decoding=\"async\" width=\"320\" height=\"180\" src=\"https:\/\/www.visionsdureel.ch\/wp-content\/uploads\/dbc_images\/1955171-320x180.webp\" class=\"attachment-thumbnail size-thumbnail wp-post-image\" alt=\"\" sizes=\"auto, (max-width: 575px) 100vw, (max-width: 991px) calc((100vw - 6.5rem) \/ 3), (-webkit-min-device-pixel-ratio: 1.5) calc((100vw - 7.5rem) \/ 4 \/ 1.5), calc((100vw - 7.5rem) \/ 4)\" srcset=\"https:\/\/www.visionsdureel.ch\/wp-content\/uploads\/dbc_images\/1955171-320x180.webp 320w, https:\/\/www.visionsdureel.ch\/wp-content\/uploads\/dbc_images\/1955171-854x480.webp 854w, https:\/\/www.visionsdureel.ch\/wp-content\/uploads\/dbc_images\/1955171-1280x720.webp 1280w, https:\/\/www.visionsdureel.ch\/wp-content\/uploads\/dbc_images\/1955171-426x240.webp 426w, https:\/\/www.visionsdureel.ch\/wp-content\/uploads\/dbc_images\/1955171-640x360.webp 640w, https:\/\/www.visionsdureel.ch\/wp-content\/uploads\/dbc_images\/1955171-1920x1080.webp 1920w\" \/>\t    \n    <\/a>\t\t\n<a href=\"https:\/\/www.visionsdureel.ch\/en\/film\/2026\/the-making-of-the-lure\/\" class=\"link-reverse film-caption \">\n\t<span class=\"film_title\">The Making of the Lure<\/span>\n\t<span class=\"font-weight-normal\">Eva&nbsp;Barto<\/span>\n<\/a>\n\n      <\/div>\n          <div class=\"col-6 col-md-4 col-xl-3 film_thumb px-1\">\n        <a href=\"https:\/\/www.visionsdureel.ch\/en\/film\/2026\/torneranno-i-lupi\/\" class=\"thumbnail-16-9 \">\n\t\t<img loading=\"lazy\" decoding=\"async\" width=\"320\" height=\"180\" src=\"https:\/\/www.visionsdureel.ch\/wp-content\/uploads\/dbc_images\/1949746-320x180.webp\" class=\"attachment-thumbnail size-thumbnail wp-post-image\" alt=\"\" sizes=\"auto, (max-width: 575px) 100vw, (max-width: 991px) calc((100vw - 6.5rem) \/ 3), (-webkit-min-device-pixel-ratio: 1.5) calc((100vw - 7.5rem) \/ 4 \/ 1.5), calc((100vw - 7.5rem) \/ 4)\" srcset=\"https:\/\/www.visionsdureel.ch\/wp-content\/uploads\/dbc_images\/1949746-320x180.webp 320w, https:\/\/www.visionsdureel.ch\/wp-content\/uploads\/dbc_images\/1949746-854x480.webp 854w, https:\/\/www.visionsdureel.ch\/wp-content\/uploads\/dbc_images\/1949746-1280x720.webp 1280w, https:\/\/www.visionsdureel.ch\/wp-content\/uploads\/dbc_images\/1949746-426x240.webp 426w, https:\/\/www.visionsdureel.ch\/wp-content\/uploads\/dbc_images\/1949746-640x360.webp 640w, https:\/\/www.visionsdureel.ch\/wp-content\/uploads\/dbc_images\/1949746-1920x1080.webp 1920w\" \/>\t    \n    <\/a>\t\t\n<a href=\"https:\/\/www.visionsdureel.ch\/en\/film\/2026\/torneranno-i-lupi\/\" class=\"link-reverse film-caption \">\n\t<span class=\"film_title\">Torneranno i lupi<\/span>\n\t<span class=\"font-weight-normal\">Bianca&nbsp;Vallino<\/span>\n<\/a>\n\n      <\/div>\n          <div class=\"col-6 col-md-4 col-xl-3 film_thumb px-1\">\n        <a href=\"https:\/\/www.visionsdureel.ch\/en\/film\/2026\/memories-of-a-window\/\" class=\"thumbnail-16-9 \">\n\t\t<img loading=\"lazy\" decoding=\"async\" width=\"320\" height=\"180\" src=\"https:\/\/www.visionsdureel.ch\/wp-content\/uploads\/dbc_images\/1959171-320x180.webp\" class=\"attachment-thumbnail size-thumbnail wp-post-image\" alt=\"\" sizes=\"auto, (max-width: 575px) 100vw, (max-width: 991px) calc((100vw - 6.5rem) \/ 3), (-webkit-min-device-pixel-ratio: 1.5) calc((100vw - 7.5rem) \/ 4 \/ 1.5), calc((100vw - 7.5rem) \/ 4)\" srcset=\"https:\/\/www.visionsdureel.ch\/wp-content\/uploads\/dbc_images\/1959171-320x180.webp 320w, https:\/\/www.visionsdureel.ch\/wp-content\/uploads\/dbc_images\/1959171-854x480.webp 854w, https:\/\/www.visionsdureel.ch\/wp-content\/uploads\/dbc_images\/1959171-1280x720.webp 1280w, https:\/\/www.visionsdureel.ch\/wp-content\/uploads\/dbc_images\/1959171-426x240.webp 426w, https:\/\/www.visionsdureel.ch\/wp-content\/uploads\/dbc_images\/1959171-640x360.webp 640w, https:\/\/www.visionsdureel.ch\/wp-content\/uploads\/dbc_images\/1959171.webp 1920w\" \/>\t    \n        <div class=\"palmares-thumb d-none\">\n        <img loading=\"lazy\" decoding=\"async\" src=\"https:\/\/www.visionsdureel.ch\/wp-content\/themes\/visionsdureel\/medias\/images\/laurier-triangle.svg\" alt=\"\" width=\"61\" height=\"51\">\n    <\/div>\n    <\/a>\t\t\n<a href=\"https:\/\/www.visionsdureel.ch\/en\/film\/2026\/memories-of-a-window\/\" class=\"link-reverse film-caption \">\n\t<span class=\"film_title\">Memories of a Window<\/span>\n\t<span class=\"font-weight-normal\">Amin&nbsp;Pakparvar &#038; Mehraneh&nbsp;Salimian<\/span>\n<\/a>\n\n      <\/div>\n          <div class=\"col-6 col-md-4 col-xl-3 film_thumb px-1\">\n        <a href=\"https:\/\/www.visionsdureel.ch\/en\/film\/2026\/ghost-town\/\" class=\"thumbnail-16-9 \">\n\t\t<img loading=\"lazy\" decoding=\"async\" width=\"320\" height=\"180\" src=\"https:\/\/www.visionsdureel.ch\/wp-content\/uploads\/dbc_images\/1992003-320x180.webp\" class=\"attachment-thumbnail size-thumbnail wp-post-image\" alt=\"\" sizes=\"auto, (max-width: 575px) 100vw, (max-width: 991px) calc((100vw - 6.5rem) \/ 3), (-webkit-min-device-pixel-ratio: 1.5) calc((100vw - 7.5rem) \/ 4 \/ 1.5), calc((100vw - 7.5rem) \/ 4)\" srcset=\"https:\/\/www.visionsdureel.ch\/wp-content\/uploads\/dbc_images\/1992003-320x180.webp 320w, https:\/\/www.visionsdureel.ch\/wp-content\/uploads\/dbc_images\/1992003-854x480.webp 854w, https:\/\/www.visionsdureel.ch\/wp-content\/uploads\/dbc_images\/1992003-1280x720.webp 1280w, https:\/\/www.visionsdureel.ch\/wp-content\/uploads\/dbc_images\/1992003-426x240.webp 426w, https:\/\/www.visionsdureel.ch\/wp-content\/uploads\/dbc_images\/1992003-640x360.webp 640w, https:\/\/www.visionsdureel.ch\/wp-content\/uploads\/dbc_images\/1992003.webp 1920w\" \/>\t    \n    <\/a>\t\t\n<a href=\"https:\/\/www.visionsdureel.ch\/en\/film\/2026\/ghost-town\/\" class=\"link-reverse film-caption \">\n\t<span class=\"film_title\">Ghost Town<\/span>\n\t<span class=\"font-weight-normal\">Katharine&nbsp;Round<\/span>\n<\/a>\n\n      <\/div>\n          <div class=\"col-6 col-md-4 col-xl-3 film_thumb px-1\">\n        <a href=\"https:\/\/www.visionsdureel.ch\/en\/film\/2026\/111\/\" class=\"thumbnail-16-9 \">\n\t\t<img loading=\"lazy\" decoding=\"async\" width=\"240\" height=\"180\" src=\"https:\/\/www.visionsdureel.ch\/wp-content\/uploads\/dbc_images\/1971302-240x180.webp\" class=\"attachment-thumbnail size-thumbnail wp-post-image\" alt=\"\" sizes=\"auto, (max-width: 575px) 100vw, (max-width: 991px) calc((100vw - 6.5rem) \/ 3), (-webkit-min-device-pixel-ratio: 1.5) calc((100vw - 7.5rem) \/ 4 \/ 1.5), calc((100vw - 7.5rem) \/ 4)\" srcset=\"https:\/\/www.visionsdureel.ch\/wp-content\/uploads\/dbc_images\/1971302-240x180.webp 240w, https:\/\/www.visionsdureel.ch\/wp-content\/uploads\/dbc_images\/1971302-640x480.webp 640w, https:\/\/www.visionsdureel.ch\/wp-content\/uploads\/dbc_images\/1971302-960x720.webp 960w, https:\/\/www.visionsdureel.ch\/wp-content\/uploads\/dbc_images\/1971302-320x240.webp 320w, https:\/\/www.visionsdureel.ch\/wp-content\/uploads\/dbc_images\/1971302-480x360.webp 480w, https:\/\/www.visionsdureel.ch\/wp-content\/uploads\/dbc_images\/1971302.webp 1440w\" \/>\t    \n    <\/a>\t\t\n<a href=\"https:\/\/www.visionsdureel.ch\/en\/film\/2026\/111\/\" class=\"link-reverse film-caption \">\n\t<span class=\"film_title\">1+1+1<\/span>\n\t<span class=\"font-weight-normal\">Ond\u0159ej&nbsp;Vavre\u010dka<\/span>\n<\/a>\n\n      <\/div>\n          <div class=\"col-6 col-md-4 col-xl-3 film_thumb px-1\">\n        <a href=\"https:\/\/www.visionsdureel.ch\/en\/film\/2026\/facing-south\/\" class=\"thumbnail-16-9 \">\n\t\t<img loading=\"lazy\" decoding=\"async\" width=\"239\" height=\"180\" src=\"https:\/\/www.visionsdureel.ch\/wp-content\/uploads\/dbc_images\/1953146-239x180.webp\" class=\"attachment-thumbnail size-thumbnail wp-post-image\" alt=\"\" sizes=\"auto, (max-width: 575px) 100vw, (max-width: 991px) calc((100vw - 6.5rem) \/ 3), (-webkit-min-device-pixel-ratio: 1.5) calc((100vw - 7.5rem) \/ 4 \/ 1.5), calc((100vw - 7.5rem) \/ 4)\" srcset=\"https:\/\/www.visionsdureel.ch\/wp-content\/uploads\/dbc_images\/1953146-239x180.webp 239w, https:\/\/www.visionsdureel.ch\/wp-content\/uploads\/dbc_images\/1953146-637x480.webp 637w, https:\/\/www.visionsdureel.ch\/wp-content\/uploads\/dbc_images\/1953146-955x720.webp 955w, https:\/\/www.visionsdureel.ch\/wp-content\/uploads\/dbc_images\/1953146-318x240.webp 318w, https:\/\/www.visionsdureel.ch\/wp-content\/uploads\/dbc_images\/1953146-477x360.webp 477w, https:\/\/www.visionsdureel.ch\/wp-content\/uploads\/dbc_images\/1953146-1432x1080.webp 1432w, https:\/\/www.visionsdureel.ch\/wp-content\/uploads\/dbc_images\/1953146.webp 1700w\" \/>\t    \n    <\/a>\t\t\n<a href=\"https:\/\/www.visionsdureel.ch\/en\/film\/2026\/facing-south\/\" class=\"link-reverse film-caption \">\n\t<span class=\"film_title\">Facing South<\/span>\n\t<span class=\"font-weight-normal\">Felipe&nbsp;L\u00f3pez G\u00f3mez<\/span>\n<\/a>\n\n      <\/div>\n          <div class=\"col-6 col-md-4 col-xl-3 film_thumb px-1\">\n        <a href=\"https:\/\/www.visionsdureel.ch\/en\/film\/2026\/no-mother-tongue-for-everyone\/\" class=\"thumbnail-16-9 \">\n\t\t<img loading=\"lazy\" decoding=\"async\" width=\"320\" height=\"175\" src=\"https:\/\/www.visionsdureel.ch\/wp-content\/uploads\/dbc_images\/1953015-320x175.webp\" class=\"attachment-thumbnail size-thumbnail wp-post-image\" alt=\"\" sizes=\"auto, (max-width: 575px) 100vw, (max-width: 991px) calc((100vw - 6.5rem) \/ 3), (-webkit-min-device-pixel-ratio: 1.5) calc((100vw - 7.5rem) \/ 4 \/ 1.5), calc((100vw - 7.5rem) \/ 4)\" srcset=\"https:\/\/www.visionsdureel.ch\/wp-content\/uploads\/dbc_images\/1953015-320x175.webp 320w, https:\/\/www.visionsdureel.ch\/wp-content\/uploads\/dbc_images\/1953015-854x466.webp 854w, https:\/\/www.visionsdureel.ch\/wp-content\/uploads\/dbc_images\/1953015-1280x698.webp 1280w, https:\/\/www.visionsdureel.ch\/wp-content\/uploads\/dbc_images\/1953015-426x232.webp 426w, https:\/\/www.visionsdureel.ch\/wp-content\/uploads\/dbc_images\/1953015-640x349.webp 640w, https:\/\/www.visionsdureel.ch\/wp-content\/uploads\/dbc_images\/1953015.webp 1300w\" \/>\t    \n    <\/a>\t\t\n<a href=\"https:\/\/www.visionsdureel.ch\/en\/film\/2026\/no-mother-tongue-for-everyone\/\" class=\"link-reverse film-caption \">\n\t<span class=\"film_title\">No Mother Tongue for Everyone<\/span>\n\t<span class=\"font-weight-normal\">Jinhyun&nbsp;Kim<\/span>\n<\/a>\n\n      <\/div>\n          <div class=\"col-6 col-md-4 col-xl-3 film_thumb px-1\">\n        <a href=\"https:\/\/www.visionsdureel.ch\/en\/film\/2026\/normal-planet\/\" class=\"thumbnail-16-9 \">\n\t\t<img loading=\"lazy\" decoding=\"async\" width=\"320\" height=\"180\" src=\"https:\/\/www.visionsdureel.ch\/wp-content\/uploads\/dbc_images\/1957561-320x180.webp\" class=\"attachment-thumbnail size-thumbnail wp-post-image\" alt=\"\" sizes=\"auto, (max-width: 575px) 100vw, (max-width: 991px) calc((100vw - 6.5rem) \/ 3), (-webkit-min-device-pixel-ratio: 1.5) calc((100vw - 7.5rem) \/ 4 \/ 1.5), calc((100vw - 7.5rem) \/ 4)\" srcset=\"https:\/\/www.visionsdureel.ch\/wp-content\/uploads\/dbc_images\/1957561-320x180.webp 320w, https:\/\/www.visionsdureel.ch\/wp-content\/uploads\/dbc_images\/1957561-854x480.webp 854w, https:\/\/www.visionsdureel.ch\/wp-content\/uploads\/dbc_images\/1957561-1280x720.webp 1280w, https:\/\/www.visionsdureel.ch\/wp-content\/uploads\/dbc_images\/1957561-426x240.webp 426w, https:\/\/www.visionsdureel.ch\/wp-content\/uploads\/dbc_images\/1957561-640x360.webp 640w, https:\/\/www.visionsdureel.ch\/wp-content\/uploads\/dbc_images\/1957561-1920x1080.webp 1920w\" \/>\t    \n    <\/a>\t\t\n<a href=\"https:\/\/www.visionsdureel.ch\/en\/film\/2026\/normal-planet\/\" class=\"link-reverse film-caption \">\n\t<span class=\"film_title\">Normal Planet<\/span>\n\t<span class=\"font-weight-normal\">Ekiem&nbsp;Barbier, Guilhem&nbsp;Causse &#038; Quentin&nbsp;L&#8217;helgoualc&#8217;h<\/span>\n<\/a>\n\n      <\/div>\n          <div class=\"col-6 col-md-4 col-xl-3 film_thumb px-1\">\n        <a href=\"https:\/\/www.visionsdureel.ch\/en\/film\/2026\/visite-guidee\/\" class=\"thumbnail-16-9 \">\n\t\t<img loading=\"lazy\" decoding=\"async\" width=\"320\" height=\"173\" src=\"https:\/\/www.visionsdureel.ch\/wp-content\/uploads\/dbc_images\/1950436-320x173.webp\" class=\"attachment-thumbnail size-thumbnail wp-post-image\" alt=\"\" sizes=\"auto, (max-width: 575px) 100vw, (max-width: 991px) calc((100vw - 6.5rem) \/ 3), (-webkit-min-device-pixel-ratio: 1.5) calc((100vw - 7.5rem) \/ 4 \/ 1.5), calc((100vw - 7.5rem) \/ 4)\" srcset=\"https:\/\/www.visionsdureel.ch\/wp-content\/uploads\/dbc_images\/1950436-320x173.webp 320w, https:\/\/www.visionsdureel.ch\/wp-content\/uploads\/dbc_images\/1950436-854x462.webp 854w, https:\/\/www.visionsdureel.ch\/wp-content\/uploads\/dbc_images\/1950436-1280x692.webp 1280w, https:\/\/www.visionsdureel.ch\/wp-content\/uploads\/dbc_images\/1950436-426x230.webp 426w, https:\/\/www.visionsdureel.ch\/wp-content\/uploads\/dbc_images\/1950436-640x346.webp 640w, https:\/\/www.visionsdureel.ch\/wp-content\/uploads\/dbc_images\/1950436-1920x1038.webp 1920w, https:\/\/www.visionsdureel.ch\/wp-content\/uploads\/dbc_images\/1950436.webp 1998w\" \/>\t    \n        <div class=\"palmares-thumb d-none\">\n        <img loading=\"lazy\" decoding=\"async\" src=\"https:\/\/www.visionsdureel.ch\/wp-content\/themes\/visionsdureel\/medias\/images\/laurier-triangle.svg\" alt=\"\" width=\"61\" height=\"51\">\n    <\/div>\n    <\/a>\t\t\n<a href=\"https:\/\/www.visionsdureel.ch\/en\/film\/2026\/visite-guidee\/\" class=\"link-reverse film-caption \">\n\t<span class=\"film_title\">Visite guid\u00e9e<\/span>\n\t<span class=\"font-weight-normal\">Alba&nbsp;Jaramillo<\/span>\n<\/a>\n\n      <\/div>\n          <div class=\"col-6 col-md-4 col-xl-3 film_thumb px-1\">\n        <a href=\"https:\/\/www.visionsdureel.ch\/en\/film\/2026\/spectral-geography\/\" class=\"thumbnail-16-9 \">\n\t\t<img loading=\"lazy\" decoding=\"async\" width=\"320\" height=\"178\" src=\"https:\/\/www.visionsdureel.ch\/wp-content\/uploads\/dbc_images\/1955871-320x178.webp\" class=\"attachment-thumbnail size-thumbnail wp-post-image\" alt=\"\" sizes=\"auto, (max-width: 575px) 100vw, (max-width: 991px) calc((100vw - 6.5rem) \/ 3), (-webkit-min-device-pixel-ratio: 1.5) calc((100vw - 7.5rem) \/ 4 \/ 1.5), calc((100vw - 7.5rem) \/ 4)\" srcset=\"https:\/\/www.visionsdureel.ch\/wp-content\/uploads\/dbc_images\/1955871-320x178.webp 320w, https:\/\/www.visionsdureel.ch\/wp-content\/uploads\/dbc_images\/1955871-854x476.webp 854w, https:\/\/www.visionsdureel.ch\/wp-content\/uploads\/dbc_images\/1955871-1280x714.webp 1280w, https:\/\/www.visionsdureel.ch\/wp-content\/uploads\/dbc_images\/1955871-426x238.webp 426w, https:\/\/www.visionsdureel.ch\/wp-content\/uploads\/dbc_images\/1955871-640x357.webp 640w, https:\/\/www.visionsdureel.ch\/wp-content\/uploads\/dbc_images\/1955871-1920x1071.webp 1920w\" \/>\t    \n    <\/a>\t\t\n<a href=\"https:\/\/www.visionsdureel.ch\/en\/film\/2026\/spectral-geography\/\" class=\"link-reverse film-caption \">\n\t<span class=\"film_title\">Spectral Geography<\/span>\n\t<span class=\"font-weight-normal\">Manuel&nbsp;Mateo<\/span>\n<\/a>\n\n      <\/div>\n          <div class=\"col-6 col-md-4 col-xl-3 film_thumb px-1\">\n        <a href=\"https:\/\/www.visionsdureel.ch\/en\/film\/2026\/une-chambre-a-elles\/\" class=\"thumbnail-16-9 \">\n\t\t<img loading=\"lazy\" decoding=\"async\" width=\"320\" height=\"180\" src=\"https:\/\/www.visionsdureel.ch\/wp-content\/uploads\/dbc_images\/1952241-320x180.webp\" class=\"attachment-thumbnail size-thumbnail wp-post-image\" alt=\"\" sizes=\"auto, (max-width: 575px) 100vw, (max-width: 991px) calc((100vw - 6.5rem) \/ 3), (-webkit-min-device-pixel-ratio: 1.5) calc((100vw - 7.5rem) \/ 4 \/ 1.5), calc((100vw - 7.5rem) \/ 4)\" srcset=\"https:\/\/www.visionsdureel.ch\/wp-content\/uploads\/dbc_images\/1952241-320x180.webp 320w, https:\/\/www.visionsdureel.ch\/wp-content\/uploads\/dbc_images\/1952241-854x480.webp 854w, https:\/\/www.visionsdureel.ch\/wp-content\/uploads\/dbc_images\/1952241-1280x720.webp 1280w, https:\/\/www.visionsdureel.ch\/wp-content\/uploads\/dbc_images\/1952241-426x240.webp 426w, https:\/\/www.visionsdureel.ch\/wp-content\/uploads\/dbc_images\/1952241-640x360.webp 640w, https:\/\/www.visionsdureel.ch\/wp-content\/uploads\/dbc_images\/1952241.webp 1920w\" \/>\t    \n    <\/a>\t\t\n<a href=\"https:\/\/www.visionsdureel.ch\/en\/film\/2026\/une-chambre-a-elles\/\" class=\"link-reverse film-caption \">\n\t<span class=\"film_title\">Une chambre \u00e0 elles<\/span>\n\t<span class=\"font-weight-normal\">Lucia&nbsp;Martinez<\/span>\n<\/a>\n\n      <\/div>\n          <div class=\"col-6 col-md-4 col-xl-3 film_thumb px-1\">\n        <a href=\"https:\/\/www.visionsdureel.ch\/en\/film\/2026\/qui-a-tue-laerotrain\/\" class=\"thumbnail-16-9 \">\n\t\t<img loading=\"lazy\" decoding=\"async\" width=\"320\" height=\"180\" src=\"https:\/\/www.visionsdureel.ch\/wp-content\/uploads\/dbc_images\/1950656-320x180.webp\" class=\"attachment-thumbnail size-thumbnail wp-post-image\" alt=\"\" sizes=\"auto, (max-width: 575px) 100vw, (max-width: 991px) calc((100vw - 6.5rem) \/ 3), (-webkit-min-device-pixel-ratio: 1.5) calc((100vw - 7.5rem) \/ 4 \/ 1.5), calc((100vw - 7.5rem) \/ 4)\" srcset=\"https:\/\/www.visionsdureel.ch\/wp-content\/uploads\/dbc_images\/1950656-320x180.webp 320w, https:\/\/www.visionsdureel.ch\/wp-content\/uploads\/dbc_images\/1950656-854x480.webp 854w, https:\/\/www.visionsdureel.ch\/wp-content\/uploads\/dbc_images\/1950656-1280x720.webp 1280w, https:\/\/www.visionsdureel.ch\/wp-content\/uploads\/dbc_images\/1950656-426x240.webp 426w, https:\/\/www.visionsdureel.ch\/wp-content\/uploads\/dbc_images\/1950656-640x360.webp 640w, https:\/\/www.visionsdureel.ch\/wp-content\/uploads\/dbc_images\/1950656.webp 1920w\" \/>\t    \n    <\/a>\t\t\n<a href=\"https:\/\/www.visionsdureel.ch\/en\/film\/2026\/qui-a-tue-laerotrain\/\" class=\"link-reverse film-caption \">\n\t<span class=\"film_title\">Qui a tu\u00e9 l&#8217;A\u00e9rotrain ?<\/span>\n\t<span class=\"font-weight-normal\">Th\u00e9o&nbsp;Audoire<\/span>\n<\/a>\n\n      <\/div>\n          <div class=\"col-6 col-md-4 col-xl-3 film_thumb px-1\">\n        <a href=\"https:\/\/www.visionsdureel.ch\/en\/film\/2026\/spray-and-pray\/\" class=\"thumbnail-16-9 \">\n\t\t<img loading=\"lazy\" decoding=\"async\" width=\"320\" height=\"180\" src=\"https:\/\/www.visionsdureel.ch\/wp-content\/uploads\/dbc_images\/1953709-320x180.webp\" class=\"attachment-thumbnail size-thumbnail wp-post-image\" alt=\"\" sizes=\"auto, (max-width: 575px) 100vw, (max-width: 991px) calc((100vw - 6.5rem) \/ 3), (-webkit-min-device-pixel-ratio: 1.5) calc((100vw - 7.5rem) \/ 4 \/ 1.5), calc((100vw - 7.5rem) \/ 4)\" srcset=\"https:\/\/www.visionsdureel.ch\/wp-content\/uploads\/dbc_images\/1953709-320x180.webp 320w, https:\/\/www.visionsdureel.ch\/wp-content\/uploads\/dbc_images\/1953709-854x480.webp 854w, https:\/\/www.visionsdureel.ch\/wp-content\/uploads\/dbc_images\/1953709-1280x720.webp 1280w, https:\/\/www.visionsdureel.ch\/wp-content\/uploads\/dbc_images\/1953709-426x240.webp 426w, https:\/\/www.visionsdureel.ch\/wp-content\/uploads\/dbc_images\/1953709-640x360.webp 640w, https:\/\/www.visionsdureel.ch\/wp-content\/uploads\/dbc_images\/1953709-1920x1080.webp 1920w\" \/>\t    \n    <\/a>\t\t\n<a href=\"https:\/\/www.visionsdureel.ch\/en\/film\/2026\/spray-and-pray\/\" class=\"link-reverse film-caption \">\n\t<span class=\"film_title\">Spray and Pray<\/span>\n\t<span class=\"font-weight-normal\">Veneta&nbsp;Androva<\/span>\n<\/a>\n\n      <\/div>\n          <div class=\"col-6 col-md-4 col-xl-3 film_thumb px-1\">\n        <a href=\"https:\/\/www.visionsdureel.ch\/en\/film\/2026\/the-deceptively-simple-need-for-a-home-on-other-peoples-land\/\" class=\"thumbnail-16-9 \">\n\t\t<img loading=\"lazy\" decoding=\"async\" width=\"240\" height=\"180\" src=\"https:\/\/www.visionsdureel.ch\/wp-content\/uploads\/dbc_images\/1951024-240x180.webp\" class=\"attachment-thumbnail size-thumbnail wp-post-image\" alt=\"\" sizes=\"auto, (max-width: 575px) 100vw, (max-width: 991px) calc((100vw - 6.5rem) \/ 3), (-webkit-min-device-pixel-ratio: 1.5) calc((100vw - 7.5rem) \/ 4 \/ 1.5), calc((100vw - 7.5rem) \/ 4)\" srcset=\"https:\/\/www.visionsdureel.ch\/wp-content\/uploads\/dbc_images\/1951024-240x180.webp 240w, https:\/\/www.visionsdureel.ch\/wp-content\/uploads\/dbc_images\/1951024-640x480.webp 640w, https:\/\/www.visionsdureel.ch\/wp-content\/uploads\/dbc_images\/1951024-960x720.webp 960w, https:\/\/www.visionsdureel.ch\/wp-content\/uploads\/dbc_images\/1951024-320x240.webp 320w, https:\/\/www.visionsdureel.ch\/wp-content\/uploads\/dbc_images\/1951024-480x360.webp 480w, https:\/\/www.visionsdureel.ch\/wp-content\/uploads\/dbc_images\/1951024-1440x1080.webp 1440w, https:\/\/www.visionsdureel.ch\/wp-content\/uploads\/dbc_images\/1951024-1920x1440.webp 1920w\" \/>\t    \n    <\/a>\t\t\n<a href=\"https:\/\/www.visionsdureel.ch\/en\/film\/2026\/the-deceptively-simple-need-for-a-home-on-other-peoples-land\/\" class=\"link-reverse film-caption \">\n\t<span class=\"film_title\">The Deceptively Simple Need for a Home (on Other People&#8217;s Land)<\/span>\n\t<span class=\"font-weight-normal\">Alana&nbsp;Hunt<\/span>\n<\/a>\n\n      <\/div>\n          <div class=\"col-6 col-md-4 col-xl-3 film_thumb px-1\">\n        <a href=\"https:\/\/www.visionsdureel.ch\/en\/film\/2026\/the-building-site\/\" class=\"thumbnail-16-9 \">\n\t\t<img loading=\"lazy\" decoding=\"async\" width=\"320\" height=\"180\" src=\"https:\/\/www.visionsdureel.ch\/wp-content\/uploads\/dbc_images\/1955786-320x180.webp\" class=\"attachment-thumbnail size-thumbnail wp-post-image\" alt=\"\" sizes=\"auto, (max-width: 575px) 100vw, (max-width: 991px) calc((100vw - 6.5rem) \/ 3), (-webkit-min-device-pixel-ratio: 1.5) calc((100vw - 7.5rem) \/ 4 \/ 1.5), calc((100vw - 7.5rem) \/ 4)\" srcset=\"https:\/\/www.visionsdureel.ch\/wp-content\/uploads\/dbc_images\/1955786-320x180.webp 320w, https:\/\/www.visionsdureel.ch\/wp-content\/uploads\/dbc_images\/1955786-854x480.webp 854w, https:\/\/www.visionsdureel.ch\/wp-content\/uploads\/dbc_images\/1955786-1280x720.webp 1280w, https:\/\/www.visionsdureel.ch\/wp-content\/uploads\/dbc_images\/1955786-426x240.webp 426w, https:\/\/www.visionsdureel.ch\/wp-content\/uploads\/dbc_images\/1955786-640x360.webp 640w, https:\/\/www.visionsdureel.ch\/wp-content\/uploads\/dbc_images\/1955786.webp 1920w\" \/>\t    \n        <div class=\"palmares-thumb d-none\">\n        <img loading=\"lazy\" decoding=\"async\" src=\"https:\/\/www.visionsdureel.ch\/wp-content\/themes\/visionsdureel\/medias\/images\/laurier-triangle.svg\" alt=\"\" width=\"61\" height=\"51\">\n    <\/div>\n    <\/a>\t\t\n<a href=\"https:\/\/www.visionsdureel.ch\/en\/film\/2026\/the-building-site\/\" class=\"link-reverse film-caption \">\n\t<span class=\"film_title\">The Building Site<\/span>\n\t<span class=\"font-weight-normal\">Tiziano&nbsp;Locci &#038; Tito&nbsp;Puglielli<\/span>\n<\/a>\n\n      <\/div>\n          <div class=\"col-6 col-md-4 col-xl-3 film_thumb px-1\">\n        <a href=\"https:\/\/www.visionsdureel.ch\/en\/film\/2026\/the-interpreter\/\" class=\"thumbnail-16-9 \">\n\t\t<img loading=\"lazy\" decoding=\"async\" width=\"320\" height=\"175\" src=\"https:\/\/www.visionsdureel.ch\/wp-content\/uploads\/dbc_images\/1992135-320x175.webp\" class=\"attachment-thumbnail size-thumbnail wp-post-image\" alt=\"\" sizes=\"auto, (max-width: 575px) 100vw, (max-width: 991px) calc((100vw - 6.5rem) \/ 3), (-webkit-min-device-pixel-ratio: 1.5) calc((100vw - 7.5rem) \/ 4 \/ 1.5), calc((100vw - 7.5rem) \/ 4)\" srcset=\"https:\/\/www.visionsdureel.ch\/wp-content\/uploads\/dbc_images\/1992135-320x175.webp 320w, https:\/\/www.visionsdureel.ch\/wp-content\/uploads\/dbc_images\/1992135-854x466.webp 854w, https:\/\/www.visionsdureel.ch\/wp-content\/uploads\/dbc_images\/1992135-1280x699.webp 1280w, https:\/\/www.visionsdureel.ch\/wp-content\/uploads\/dbc_images\/1992135-426x233.webp 426w, https:\/\/www.visionsdureel.ch\/wp-content\/uploads\/dbc_images\/1992135-640x349.webp 640w, https:\/\/www.visionsdureel.ch\/wp-content\/uploads\/dbc_images\/1992135.webp 1299w\" \/>\t    \n    <\/a>\t\t\n<a href=\"https:\/\/www.visionsdureel.ch\/en\/film\/2026\/the-interpreter\/\" class=\"link-reverse film-caption \">\n\t<span class=\"film_title\">The Interpreter<\/span>\n\t<span class=\"font-weight-normal\">Mohamad&nbsp;Hafeda<\/span>\n<\/a>\n\n      <\/div>\n          <div class=\"col-6 col-md-4 col-xl-3 film_thumb px-1\">\n        <a href=\"https:\/\/www.visionsdureel.ch\/en\/film\/2026\/piercing-water\/\" class=\"thumbnail-16-9 \">\n\t\t<img loading=\"lazy\" decoding=\"async\" width=\"320\" height=\"180\" src=\"https:\/\/www.visionsdureel.ch\/wp-content\/uploads\/dbc_images\/1954157-320x180.webp\" class=\"attachment-thumbnail size-thumbnail wp-post-image\" alt=\"\" sizes=\"auto, (max-width: 575px) 100vw, (max-width: 991px) calc((100vw - 6.5rem) \/ 3), (-webkit-min-device-pixel-ratio: 1.5) calc((100vw - 7.5rem) \/ 4 \/ 1.5), calc((100vw - 7.5rem) \/ 4)\" srcset=\"https:\/\/www.visionsdureel.ch\/wp-content\/uploads\/dbc_images\/1954157-320x180.webp 320w, https:\/\/www.visionsdureel.ch\/wp-content\/uploads\/dbc_images\/1954157-854x480.webp 854w, https:\/\/www.visionsdureel.ch\/wp-content\/uploads\/dbc_images\/1954157-1280x720.webp 1280w, https:\/\/www.visionsdureel.ch\/wp-content\/uploads\/dbc_images\/1954157-426x240.webp 426w, https:\/\/www.visionsdureel.ch\/wp-content\/uploads\/dbc_images\/1954157-640x360.webp 640w, https:\/\/www.visionsdureel.ch\/wp-content\/uploads\/dbc_images\/1954157.webp 1920w\" \/>\t    \n    <\/a>\t\t\n<a href=\"https:\/\/www.visionsdureel.ch\/en\/film\/2026\/piercing-water\/\" class=\"link-reverse film-caption \">\n\t<span class=\"film_title\">Piercing Water<\/span>\n\t<span class=\"font-weight-normal\">Fan&nbsp;Wu<\/span>\n<\/a>\n\n      <\/div>\n          <div class=\"col-6 col-md-4 col-xl-3 film_thumb px-1\">\n        <a href=\"https:\/\/www.visionsdureel.ch\/en\/film\/2026\/ici-ailleurs\/\" class=\"thumbnail-16-9 \">\n\t\t<img loading=\"lazy\" decoding=\"async\" width=\"320\" height=\"180\" src=\"https:\/\/www.visionsdureel.ch\/wp-content\/uploads\/dbc_images\/1954280-320x180.webp\" class=\"attachment-thumbnail size-thumbnail wp-post-image\" alt=\"\" sizes=\"auto, (max-width: 575px) 100vw, (max-width: 991px) calc((100vw - 6.5rem) \/ 3), (-webkit-min-device-pixel-ratio: 1.5) calc((100vw - 7.5rem) \/ 4 \/ 1.5), calc((100vw - 7.5rem) \/ 4)\" srcset=\"https:\/\/www.visionsdureel.ch\/wp-content\/uploads\/dbc_images\/1954280-320x180.webp 320w, https:\/\/www.visionsdureel.ch\/wp-content\/uploads\/dbc_images\/1954280-854x480.webp 854w, https:\/\/www.visionsdureel.ch\/wp-content\/uploads\/dbc_images\/1954280-1280x720.webp 1280w, https:\/\/www.visionsdureel.ch\/wp-content\/uploads\/dbc_images\/1954280-426x240.webp 426w, https:\/\/www.visionsdureel.ch\/wp-content\/uploads\/dbc_images\/1954280-640x360.webp 640w, https:\/\/www.visionsdureel.ch\/wp-content\/uploads\/dbc_images\/1954280-1920x1080.webp 1920w\" \/>\t    \n        <div class=\"palmares-thumb d-none\">\n        <img loading=\"lazy\" decoding=\"async\" src=\"https:\/\/www.visionsdureel.ch\/wp-content\/themes\/visionsdureel\/medias\/images\/laurier-triangle.svg\" alt=\"\" width=\"61\" height=\"51\">\n    <\/div>\n    <\/a>\t\t\n<a href=\"https:\/\/www.visionsdureel.ch\/en\/film\/2026\/ici-ailleurs\/\" class=\"link-reverse film-caption \">\n\t<span class=\"film_title\">Ici, ailleurs<\/span>\n\t<span class=\"font-weight-normal\">Comes&nbsp;Chahbazian<\/span>\n<\/a>\n\n      <\/div>\n          <div class=\"col-6 col-md-4 col-xl-3 film_thumb px-1\">\n        <a href=\"https:\/\/www.visionsdureel.ch\/en\/film\/2026\/the-recce\/\" class=\"thumbnail-16-9 \">\n\t\t<img loading=\"lazy\" decoding=\"async\" width=\"320\" height=\"167\" src=\"https:\/\/www.visionsdureel.ch\/wp-content\/uploads\/dbc_images\/1955997-320x167.webp\" class=\"attachment-thumbnail size-thumbnail wp-post-image\" alt=\"\" sizes=\"auto, (max-width: 575px) 100vw, (max-width: 991px) calc((100vw - 6.5rem) \/ 3), (-webkit-min-device-pixel-ratio: 1.5) calc((100vw - 7.5rem) \/ 4 \/ 1.5), calc((100vw - 7.5rem) \/ 4)\" srcset=\"https:\/\/www.visionsdureel.ch\/wp-content\/uploads\/dbc_images\/1955997-320x167.webp 320w, https:\/\/www.visionsdureel.ch\/wp-content\/uploads\/dbc_images\/1955997-854x447.webp 854w, https:\/\/www.visionsdureel.ch\/wp-content\/uploads\/dbc_images\/1955997-1280x669.webp 1280w, https:\/\/www.visionsdureel.ch\/wp-content\/uploads\/dbc_images\/1955997-426x223.webp 426w, https:\/\/www.visionsdureel.ch\/wp-content\/uploads\/dbc_images\/1955997-640x335.webp 640w, https:\/\/www.visionsdureel.ch\/wp-content\/uploads\/dbc_images\/1955997-1920x1004.webp 1920w\" \/>\t    \n    <\/a>\t\t\n<a href=\"https:\/\/www.visionsdureel.ch\/en\/film\/2026\/the-recce\/\" class=\"link-reverse film-caption \">\n\t<span class=\"film_title\">The Recce<\/span>\n\t<span class=\"font-weight-normal\">Daniel&nbsp;Mann<\/span>\n<\/a>\n\n      <\/div>\n          <div class=\"col-6 col-md-4 col-xl-3 film_thumb px-1\">\n        <a href=\"https:\/\/www.visionsdureel.ch\/en\/film\/2026\/the-right-to-forget\/\" class=\"thumbnail-16-9 \">\n\t\t<img loading=\"lazy\" decoding=\"async\" width=\"320\" height=\"175\" src=\"https:\/\/www.visionsdureel.ch\/wp-content\/uploads\/dbc_images\/1956103-320x175.webp\" class=\"attachment-thumbnail size-thumbnail wp-post-image\" alt=\"\" sizes=\"auto, (max-width: 575px) 100vw, (max-width: 991px) calc((100vw - 6.5rem) \/ 3), (-webkit-min-device-pixel-ratio: 1.5) calc((100vw - 7.5rem) \/ 4 \/ 1.5), calc((100vw - 7.5rem) \/ 4)\" srcset=\"https:\/\/www.visionsdureel.ch\/wp-content\/uploads\/dbc_images\/1956103-320x175.webp 320w, https:\/\/www.visionsdureel.ch\/wp-content\/uploads\/dbc_images\/1956103-854x466.webp 854w, https:\/\/www.visionsdureel.ch\/wp-content\/uploads\/dbc_images\/1956103-1280x699.webp 1280w, https:\/\/www.visionsdureel.ch\/wp-content\/uploads\/dbc_images\/1956103-426x233.webp 426w, https:\/\/www.visionsdureel.ch\/wp-content\/uploads\/dbc_images\/1956103-640x349.webp 640w, https:\/\/www.visionsdureel.ch\/wp-content\/uploads\/dbc_images\/1956103.webp 1299w\" \/>\t    \n    <\/a>\t\t\n<a href=\"https:\/\/www.visionsdureel.ch\/en\/film\/2026\/the-right-to-forget\/\" class=\"link-reverse film-caption \">\n\t<span class=\"film_title\">The Right to Forget<\/span>\n\t<span class=\"font-weight-normal\">Lisa&nbsp;Mazenauer<\/span>\n<\/a>\n\n      <\/div>\n          <div class=\"col-6 col-md-4 col-xl-3 film_thumb px-1\">\n        <a href=\"https:\/\/www.visionsdureel.ch\/en\/film\/2026\/your-city\/\" class=\"thumbnail-16-9 \">\n\t\t<img loading=\"lazy\" decoding=\"async\" width=\"240\" height=\"180\" src=\"https:\/\/www.visionsdureel.ch\/wp-content\/uploads\/dbc_images\/1957305-240x180.webp\" class=\"attachment-thumbnail size-thumbnail wp-post-image\" alt=\"\" sizes=\"auto, (max-width: 575px) 100vw, (max-width: 991px) calc((100vw - 6.5rem) \/ 3), (-webkit-min-device-pixel-ratio: 1.5) calc((100vw - 7.5rem) \/ 4 \/ 1.5), calc((100vw - 7.5rem) \/ 4)\" srcset=\"https:\/\/www.visionsdureel.ch\/wp-content\/uploads\/dbc_images\/1957305-240x180.webp 240w, https:\/\/www.visionsdureel.ch\/wp-content\/uploads\/dbc_images\/1957305-640x480.webp 640w, https:\/\/www.visionsdureel.ch\/wp-content\/uploads\/dbc_images\/1957305-960x720.webp 960w, https:\/\/www.visionsdureel.ch\/wp-content\/uploads\/dbc_images\/1957305-320x240.webp 320w, https:\/\/www.visionsdureel.ch\/wp-content\/uploads\/dbc_images\/1957305-480x360.webp 480w, https:\/\/www.visionsdureel.ch\/wp-content\/uploads\/dbc_images\/1957305-1440x1080.webp 1440w, https:\/\/www.visionsdureel.ch\/wp-content\/uploads\/dbc_images\/1957305.webp 1600w\" \/>\t    \n    <\/a>\t\t\n<a href=\"https:\/\/www.visionsdureel.ch\/en\/film\/2026\/your-city\/\" class=\"link-reverse film-caption \">\n\t<span class=\"film_title\">Your City<\/span>\n\t<span class=\"font-weight-normal\">Ting&nbsp;Su<\/span>\n<\/a>\n\n      <\/div>\n          <div class=\"col-6 col-md-4 col-xl-3 film_thumb px-1\">\n        <a href=\"https:\/\/www.visionsdureel.ch\/en\/film\/2026\/seuls-les-anges\/\" class=\"thumbnail-16-9 \">\n\t\t<img loading=\"lazy\" decoding=\"async\" width=\"300\" height=\"180\" src=\"https:\/\/www.visionsdureel.ch\/wp-content\/uploads\/dbc_images\/1956521-300x180.webp\" class=\"attachment-thumbnail size-thumbnail wp-post-image\" alt=\"\" sizes=\"auto, (max-width: 575px) 100vw, (max-width: 991px) calc((100vw - 6.5rem) \/ 3), (-webkit-min-device-pixel-ratio: 1.5) calc((100vw - 7.5rem) \/ 4 \/ 1.5), calc((100vw - 7.5rem) \/ 4)\" srcset=\"https:\/\/www.visionsdureel.ch\/wp-content\/uploads\/dbc_images\/1956521-300x180.webp 300w, https:\/\/www.visionsdureel.ch\/wp-content\/uploads\/dbc_images\/1956521-801x480.webp 801w, https:\/\/www.visionsdureel.ch\/wp-content\/uploads\/dbc_images\/1956521-1202x720.webp 1202w, https:\/\/www.visionsdureel.ch\/wp-content\/uploads\/dbc_images\/1956521-401x240.webp 401w, https:\/\/www.visionsdureel.ch\/wp-content\/uploads\/dbc_images\/1956521-601x360.webp 601w, https:\/\/www.visionsdureel.ch\/wp-content\/uploads\/dbc_images\/1956521.webp 1801w\" \/>\t    \n    <\/a>\t\t\n<a href=\"https:\/\/www.visionsdureel.ch\/en\/film\/2026\/seuls-les-anges\/\" class=\"link-reverse film-caption \">\n\t<span class=\"film_title\">Seuls les anges<\/span>\n\t<span class=\"font-weight-normal\">Cl\u00e9ment&nbsp;Pinteaux<\/span>\n<\/a>\n\n      <\/div>\n          <div class=\"col-6 col-md-4 col-xl-3 film_thumb px-1\">\n        <a href=\"https:\/\/www.visionsdureel.ch\/en\/film\/2026\/the-veil-of-senses\/\" class=\"thumbnail-16-9 \">\n\t\t<img loading=\"lazy\" decoding=\"async\" width=\"320\" height=\"169\" src=\"https:\/\/www.visionsdureel.ch\/wp-content\/uploads\/dbc_images\/1954429-320x169.webp\" class=\"attachment-thumbnail size-thumbnail wp-post-image\" alt=\"\" sizes=\"auto, (max-width: 575px) 100vw, (max-width: 991px) calc((100vw - 6.5rem) \/ 3), (-webkit-min-device-pixel-ratio: 1.5) calc((100vw - 7.5rem) \/ 4 \/ 1.5), calc((100vw - 7.5rem) \/ 4)\" srcset=\"https:\/\/www.visionsdureel.ch\/wp-content\/uploads\/dbc_images\/1954429-320x169.webp 320w, https:\/\/www.visionsdureel.ch\/wp-content\/uploads\/dbc_images\/1954429-854x450.webp 854w, https:\/\/www.visionsdureel.ch\/wp-content\/uploads\/dbc_images\/1954429-1280x675.webp 1280w, https:\/\/www.visionsdureel.ch\/wp-content\/uploads\/dbc_images\/1954429-426x225.webp 426w, https:\/\/www.visionsdureel.ch\/wp-content\/uploads\/dbc_images\/1954429-640x338.webp 640w, https:\/\/www.visionsdureel.ch\/wp-content\/uploads\/dbc_images\/1954429-1920x1013.webp 1920w\" \/>\t    \n    <\/a>\t\t\n<a href=\"https:\/\/www.visionsdureel.ch\/en\/film\/2026\/the-veil-of-senses\/\" class=\"link-reverse film-caption \">\n\t<span class=\"film_title\">The Veil of Senses<\/span>\n\t<span class=\"font-weight-normal\">Elisa&nbsp;Baccolo<\/span>\n<\/a>\n\n      <\/div>\n          <div class=\"col-6 col-md-4 col-xl-3 film_thumb px-1\">\n        <a href=\"https:\/\/www.visionsdureel.ch\/en\/film\/2026\/opera-of-horror-and-salvation\/\" class=\"thumbnail-16-9 \">\n\t\t<img loading=\"lazy\" decoding=\"async\" width=\"320\" height=\"180\" src=\"https:\/\/www.visionsdureel.ch\/wp-content\/uploads\/dbc_images\/1994296-320x180.webp\" class=\"attachment-thumbnail size-thumbnail wp-post-image\" alt=\"\" sizes=\"auto, (max-width: 575px) 100vw, (max-width: 991px) calc((100vw - 6.5rem) \/ 3), (-webkit-min-device-pixel-ratio: 1.5) calc((100vw - 7.5rem) \/ 4 \/ 1.5), calc((100vw - 7.5rem) \/ 4)\" srcset=\"https:\/\/www.visionsdureel.ch\/wp-content\/uploads\/dbc_images\/1994296-320x180.webp 320w, https:\/\/www.visionsdureel.ch\/wp-content\/uploads\/dbc_images\/1994296-854x480.webp 854w, https:\/\/www.visionsdureel.ch\/wp-content\/uploads\/dbc_images\/1994296-1280x720.webp 1280w, https:\/\/www.visionsdureel.ch\/wp-content\/uploads\/dbc_images\/1994296-426x240.webp 426w, https:\/\/www.visionsdureel.ch\/wp-content\/uploads\/dbc_images\/1994296-640x360.webp 640w, https:\/\/www.visionsdureel.ch\/wp-content\/uploads\/dbc_images\/1994296.webp 1920w\" \/>\t    \n    <\/a>\t\t\n<a href=\"https:\/\/www.visionsdureel.ch\/en\/film\/2026\/opera-of-horror-and-salvation\/\" class=\"link-reverse film-caption \">\n\t<span class=\"film_title\">Opera of Horror and Salvation<\/span>\n\t<span class=\"font-weight-normal\">Anastasia&nbsp;Veber<\/span>\n<\/a>\n\n      <\/div>\n          <div class=\"col-6 col-md-4 col-xl-3 film_thumb px-1\">\n        <a href=\"https:\/\/www.visionsdureel.ch\/en\/film\/2026\/river-of-spirits\/\" class=\"thumbnail-16-9 \">\n\t\t<img loading=\"lazy\" decoding=\"async\" width=\"300\" height=\"180\" src=\"https:\/\/www.visionsdureel.ch\/wp-content\/uploads\/dbc_images\/1959900-300x180.webp\" class=\"attachment-thumbnail size-thumbnail wp-post-image\" alt=\"\" sizes=\"auto, (max-width: 575px) 100vw, (max-width: 991px) calc((100vw - 6.5rem) \/ 3), (-webkit-min-device-pixel-ratio: 1.5) calc((100vw - 7.5rem) \/ 4 \/ 1.5), calc((100vw - 7.5rem) \/ 4)\" srcset=\"https:\/\/www.visionsdureel.ch\/wp-content\/uploads\/dbc_images\/1959900-300x180.webp 300w, https:\/\/www.visionsdureel.ch\/wp-content\/uploads\/dbc_images\/1959900-800x480.webp 800w, https:\/\/www.visionsdureel.ch\/wp-content\/uploads\/dbc_images\/1959900-1200x720.webp 1200w, https:\/\/www.visionsdureel.ch\/wp-content\/uploads\/dbc_images\/1959900-400x240.webp 400w, https:\/\/www.visionsdureel.ch\/wp-content\/uploads\/dbc_images\/1959900-600x360.webp 600w, https:\/\/www.visionsdureel.ch\/wp-content\/uploads\/dbc_images\/1959900-1800x1080.webp 1800w\" \/>\t    \n    <\/a>\t\t\n<a href=\"https:\/\/www.visionsdureel.ch\/en\/film\/2026\/river-of-spirits\/\" class=\"link-reverse film-caption \">\n\t<span class=\"film_title\">River of Spirits<\/span>\n\t<span class=\"font-weight-normal\">Colectivo Tawna &#038; Nase Lino&nbsp;Sumpinanch<\/span>\n<\/a>\n\n      <\/div>\n          <div class=\"col-6 col-md-4 col-xl-3 film_thumb px-1\">\n        <a href=\"https:\/\/www.visionsdureel.ch\/en\/film\/2026\/the-colloquium-of-the-birds\/\" class=\"thumbnail-16-9 \">\n\t\t<img loading=\"lazy\" decoding=\"async\" width=\"320\" height=\"180\" src=\"https:\/\/www.visionsdureel.ch\/wp-content\/uploads\/dbc_images\/1992118-320x180.webp\" class=\"attachment-thumbnail size-thumbnail wp-post-image\" alt=\"\" sizes=\"auto, (max-width: 575px) 100vw, (max-width: 991px) calc((100vw - 6.5rem) \/ 3), (-webkit-min-device-pixel-ratio: 1.5) calc((100vw - 7.5rem) \/ 4 \/ 1.5), calc((100vw - 7.5rem) \/ 4)\" srcset=\"https:\/\/www.visionsdureel.ch\/wp-content\/uploads\/dbc_images\/1992118-320x180.webp 320w, https:\/\/www.visionsdureel.ch\/wp-content\/uploads\/dbc_images\/1992118-854x480.webp 854w, https:\/\/www.visionsdureel.ch\/wp-content\/uploads\/dbc_images\/1992118-1280x720.webp 1280w, https:\/\/www.visionsdureel.ch\/wp-content\/uploads\/dbc_images\/1992118-426x240.webp 426w, https:\/\/www.visionsdureel.ch\/wp-content\/uploads\/dbc_images\/1992118-640x360.webp 640w, https:\/\/www.visionsdureel.ch\/wp-content\/uploads\/dbc_images\/1992118.webp 1920w\" \/>\t    \n    <\/a>\t\t\n<a href=\"https:\/\/www.visionsdureel.ch\/en\/film\/2026\/the-colloquium-of-the-birds\/\" class=\"link-reverse film-caption \">\n\t<span class=\"film_title\">The Colloquium of the Birds<\/span>\n\t<span class=\"font-weight-normal\">Sof\u00eda&nbsp;Vel\u00e1zquez N\u00fa\u00f1ez<\/span>\n<\/a>\n\n      <\/div>\n          <div class=\"col-6 col-md-4 col-xl-3 film_thumb px-1\">\n        <a href=\"https:\/\/www.visionsdureel.ch\/en\/film\/2026\/i-remember\/\" class=\"thumbnail-16-9 \">\n\t\t<img loading=\"lazy\" decoding=\"async\" width=\"320\" height=\"169\" src=\"https:\/\/www.visionsdureel.ch\/wp-content\/uploads\/dbc_images\/1953618-320x169.webp\" class=\"attachment-thumbnail size-thumbnail wp-post-image\" alt=\"\" sizes=\"auto, (max-width: 575px) 100vw, (max-width: 991px) calc((100vw - 6.5rem) \/ 3), (-webkit-min-device-pixel-ratio: 1.5) calc((100vw - 7.5rem) \/ 4 \/ 1.5), calc((100vw - 7.5rem) \/ 4)\" srcset=\"https:\/\/www.visionsdureel.ch\/wp-content\/uploads\/dbc_images\/1953618-320x169.webp 320w, https:\/\/www.visionsdureel.ch\/wp-content\/uploads\/dbc_images\/1953618-854x451.webp 854w, https:\/\/www.visionsdureel.ch\/wp-content\/uploads\/dbc_images\/1953618-1280x676.webp 1280w, https:\/\/www.visionsdureel.ch\/wp-content\/uploads\/dbc_images\/1953618-426x225.webp 426w, https:\/\/www.visionsdureel.ch\/wp-content\/uploads\/dbc_images\/1953618-640x338.webp 640w, https:\/\/www.visionsdureel.ch\/wp-content\/uploads\/dbc_images\/1953618.webp 1299w\" \/>\t    \n    <\/a>\t\t\n<a href=\"https:\/\/www.visionsdureel.ch\/en\/film\/2026\/i-remember\/\" class=\"link-reverse film-caption \">\n\t<span class=\"film_title\">I Remember<\/span>\n\t<span class=\"font-weight-normal\">Manuel&nbsp;Bayo Gisbert<\/span>\n<\/a>\n\n      <\/div>\n          <div class=\"col-6 col-md-4 col-xl-3 film_thumb px-1\">\n        <a href=\"https:\/\/www.visionsdureel.ch\/en\/film\/2026\/a-planet-painted-by-hand\/\" class=\"thumbnail-16-9 \">\n\t\t<img loading=\"lazy\" decoding=\"async\" width=\"320\" height=\"175\" src=\"https:\/\/www.visionsdureel.ch\/wp-content\/uploads\/dbc_images\/1959593-320x175.webp\" class=\"attachment-thumbnail size-thumbnail wp-post-image\" alt=\"\" sizes=\"auto, (max-width: 575px) 100vw, (max-width: 991px) calc((100vw - 6.5rem) \/ 3), (-webkit-min-device-pixel-ratio: 1.5) calc((100vw - 7.5rem) \/ 4 \/ 1.5), calc((100vw - 7.5rem) \/ 4)\" srcset=\"https:\/\/www.visionsdureel.ch\/wp-content\/uploads\/dbc_images\/1959593-320x175.webp 320w, https:\/\/www.visionsdureel.ch\/wp-content\/uploads\/dbc_images\/1959593-854x466.webp 854w, https:\/\/www.visionsdureel.ch\/wp-content\/uploads\/dbc_images\/1959593-1280x699.webp 1280w, https:\/\/www.visionsdureel.ch\/wp-content\/uploads\/dbc_images\/1959593-426x233.webp 426w, https:\/\/www.visionsdureel.ch\/wp-content\/uploads\/dbc_images\/1959593-640x349.webp 640w, https:\/\/www.visionsdureel.ch\/wp-content\/uploads\/dbc_images\/1959593.webp 1299w\" \/>\t    \n    <\/a>\t\t\n<a href=\"https:\/\/www.visionsdureel.ch\/en\/film\/2026\/a-planet-painted-by-hand\/\" class=\"link-reverse film-caption \">\n\t<span class=\"film_title\">A Planet Painted by Hand<\/span>\n\t<span class=\"font-weight-normal\">Mart\u00ed&nbsp;Madaula<\/span>\n<\/a>\n\n      <\/div>\n          <div class=\"col-6 col-md-4 col-xl-3 film_thumb px-1\">\n        <a href=\"https:\/\/www.visionsdureel.ch\/en\/film\/2026\/sawyer-avenue-sunday-afternoon\/\" class=\"thumbnail-16-9 \">\n\t\t<img loading=\"lazy\" decoding=\"async\" width=\"320\" height=\"180\" src=\"https:\/\/www.visionsdureel.ch\/wp-content\/uploads\/dbc_images\/1990121-320x180.webp\" class=\"attachment-thumbnail size-thumbnail wp-post-image\" alt=\"\" sizes=\"auto, (max-width: 575px) 100vw, (max-width: 991px) calc((100vw - 6.5rem) \/ 3), (-webkit-min-device-pixel-ratio: 1.5) calc((100vw - 7.5rem) \/ 4 \/ 1.5), calc((100vw - 7.5rem) \/ 4)\" srcset=\"https:\/\/www.visionsdureel.ch\/wp-content\/uploads\/dbc_images\/1990121-320x180.webp 320w, https:\/\/www.visionsdureel.ch\/wp-content\/uploads\/dbc_images\/1990121-854x480.webp 854w, https:\/\/www.visionsdureel.ch\/wp-content\/uploads\/dbc_images\/1990121-1280x720.webp 1280w, https:\/\/www.visionsdureel.ch\/wp-content\/uploads\/dbc_images\/1990121-426x240.webp 426w, https:\/\/www.visionsdureel.ch\/wp-content\/uploads\/dbc_images\/1990121-640x360.webp 640w, https:\/\/www.visionsdureel.ch\/wp-content\/uploads\/dbc_images\/1990121.webp 1920w\" \/>\t    \n        <div class=\"palmares-thumb d-none\">\n        <img loading=\"lazy\" decoding=\"async\" src=\"https:\/\/www.visionsdureel.ch\/wp-content\/themes\/visionsdureel\/medias\/images\/laurier-triangle.svg\" alt=\"\" width=\"61\" height=\"51\">\n    <\/div>\n    <\/a>\t\t\n<a href=\"https:\/\/www.visionsdureel.ch\/en\/film\/2026\/sawyer-avenue-sunday-afternoon\/\" class=\"link-reverse film-caption \">\n\t<span class=\"film_title\">Sawyer Avenue, Sunday Afternoon<\/span>\n\t<span class=\"font-weight-normal\">Bill&nbsp;Morrison<\/span>\n<\/a>\n\n      <\/div>\n      <\/div>\n      <div class=\"row mt-4\">\n      <div class=\"col-12 col-sm-10 col-md-9 col-lg-7 col-xl-6 mx-auto\">\n          ","protected":false},"excerpt":{"rendered":"<p>The International Medium and Short Film Competition features shorter-format works selected for their artistic quality, formal originality, and cinematic uniqueness. Carried by emerging or established voices, these films reflect a diversity of strong perspectives within contemporary creative documentary.<\/p>\n","protected":false},"featured_media":271726,"parent":0,"menu_order":0,"template":"","meta":{"_acf_changed":true},"class_list":["post-16600","section","type-section","status-publish","has-post-thumbnail","hentry"],"acf":[],"_links":{"self":[{"href":"https:\/\/www.visionsdureel.ch\/en\/wp-json\/wp\/v2\/section\/16600","targetHints":{"allow":["GET"]}}],"collection":[{"href":"https:\/\/www.visionsdureel.ch\/en\/wp-json\/wp\/v2\/section"}],"about":[{"href":"https:\/\/www.visionsdureel.ch\/en\/wp-json\/wp\/v2\/types\/section"}],"wp:featuredmedia":[{"embeddable":true,"href":"https:\/\/www.visionsdureel.ch\/en\/wp-json\/wp\/v2\/media\/271726"}],"wp:attachment":[{"href":"https:\/\/www.visionsdureel.ch\/en\/wp-json\/wp\/v2\/media?parent=16600"}],"curies":[{"name":"wp","href":"https:\/\/api.w.org\/{rel}","templated":true}]}}