{"id":284209,"date":"2026-09-03T13:45:36","date_gmt":"2026-09-03T11:45:36","guid":{"rendered":"https:\/\/www.visionsdureel.ch\/?post_type=info&#038;p=284209"},"modified":"2026-09-03T14:49:10","modified_gmt":"2026-09-03T12:49:10","slug":"stage-programmation","status":"publish","type":"info","link":"https:\/\/www.visionsdureel.ch\/en\/info\/emplois-stages\/stage-programmation\/","title":{"rendered":"Stage au bureau de programmation (100%)"},"content":{"rendered":"\n<p>Visions du R\u00e9el, Festival international de cin\u00e9ma Nyon recherche :<\/p>\n\n\n\n<h2 class=\"wp-block-heading\">Un\u00b7e stagiaire programme (100%)<\/h2>\n\n\n\n<p>De novembre 2026 \u00e0 avril 2027 (6 mois)<\/p>\n\n\n\n<p>Pour sa 58e \u00e9dition qui se d\u00e9roulera du 9 au 18 avril 2027, Visions du R\u00e9el cherche un\u00b7e stagiaire \u00e0 temps plein pour rejoindre l\u2019\u00e9quipe du programme.<\/p>\n\n\n\n<h2 class=\"wp-block-heading\">Le Festival Visions du R\u00e9el<\/h2>\n\n\n\n<p>Unique Festival d\u00e9di\u00e9 au documentaire de cr\u00e9ation en Suisse, Visions du R\u00e9el jouit d\u2019une renomm\u00e9e internationale. Il est l\u2019un des plus importants festivals au monde dans le domaine du cin\u00e9ma documentaire et r\u00e9unit plus de 50&#8217;000 spectateur\u00b7ice\u00b7s par \u00e9dition et plus de 1&#8217;300 professionnel\u00b7le\u00b7s. La branche VdR\u2013Industry, pan professionnel du Festival, soutient et promeut des projets de films \u00e0 chaque \u00e9tape de leur d\u00e9veloppement et production. VdR\u2013Industry est l\u2019un des march\u00e9s du film les plus importants d\u2019Europe dans ce domaine et offre une plateforme de r\u00e9seautage internationale pour les professionnel\u00b7le\u00b7s du cin\u00e9ma.<\/p>\n\n\n\n<h2 class=\"wp-block-heading\">Encadrement du stage<\/h2>\n\n\n\n<p>Le stage est encadr\u00e9 par le responsable du bureau de programmation et la coordinatrice du programme sous la supervision de la Directrice artistique. Au fil des mois, le\/la stagiaire est en contact avec l\u2019ensemble des secteurs du Festival : Industry (march\u00e9 du film), communication, service de presse, coordination des publications, r\u00e9gie copie, hospitalit\u00e9, \u00e9v\u00e8nements, etc. Le\/la stagiaire a des projets \u00e0 g\u00e9rer de mani\u00e8re ind\u00e9pendante, est sollicit\u00e9\u00b7e pour donner son feedback, est invit\u00e9\u00b7e \u00e0 prendre des initiatives et \u00e0 \u00eatre un\u00b7e membre actif\u00b7ve et investi\u00b7e de l\u2019\u00e9quipe du programme.<\/p>\n\n\n\n<h2 class=\"wp-block-heading\">Activit\u00e9s principales<\/h2>\n\n\n\n<ul class=\"wp-block-list\">\n<li>Gestion des inscriptions&nbsp;: en lien \u00e9troit avec les responsables du bureau de programmation, le\/la stagiaire sera en charge de la gestion des inscriptions de films sur la base de donn\u00e9es Eventival et du suivi avec les ayants droit des films inscrits<\/li>\n\n\n\n<li>Recherche de copies de projection : prise de contact avec les ayants droit des films des sections parall\u00e8les et d\u2019autres projets (VdR on Tour, VdR at School)<\/li>\n\n\n\n<li>Documentation&nbsp;: assistance dans les t\u00e2ches r\u00e9guli\u00e8res du programme&nbsp;; i.e. gestion de la base de donn\u00e9es, r\u00e9colte de mat\u00e9riel aupr\u00e8s des cin\u00e9astes\/producteur\u00b7rice\u00b7s des films s\u00e9lectionn\u00e9s, v\u00e9rification et validation des informations des publications imprim\u00e9es, relecture de la grille horaire, du programme en ligne (site internet) et des publications imprim\u00e9es<\/li>\n\n\n\n<li>Digitalisation&nbsp;: r\u00e9colte des fichiers des films s\u00e9lectionn\u00e9s et t\u00e9l\u00e9chargement sur la plateforme en ligne interne du Festival pour l\u2019archivage<\/li>\n\n\n\n<li>Pendant le Festival&nbsp;: participation \u00e0 l\u2019accueil des invit\u00e9\u00b7e\u00b7s, v\u00e9rification du bon d\u00e9roulement des s\u00e9ances, coordination de la pose des affiches dans les lieux du Festival<\/li>\n<\/ul>\n\n\n\n<h2 class=\"wp-block-heading\">Profil recherch\u00e9<\/h2>\n\n\n\n<p>Venant de terminer ou sur le point de clore une formation universitaire (ou jug\u00e9e \u00e9quivalente), vous souhaitez rejoindre une structure culturelle dynamique et enrichir vos exp\u00e9riences dans le milieu de l\u2019\u00e9v\u00e9nementiel culturel. Vous faites preuve des qualit\u00e9s\/comp\u00e9tences suivantes&nbsp;:<\/p>\n\n\n\n<ul class=\"wp-block-list\">\n<li>Int\u00e9r\u00eat prononc\u00e9 pour le cin\u00e9ma<\/li>\n\n\n\n<li>Pr\u00e9cision, rigueur, autonomie, polyvalence, r\u00e9sistance au stress et flexibilit\u00e9<\/li>\n\n\n\n<li>Grandes qualit\u00e9s organisationnelles et sens de l\u2019initiative<\/li>\n\n\n\n<li>Bonne ma\u00eetrise de Word et Excel<\/li>\n\n\n\n<li>Bonne ma\u00eetrise des outils informatiques en g\u00e9n\u00e9ral<\/li>\n\n\n\n<li>Anglais courant, l\u2019allemand est un plus<\/li>\n<\/ul>\n\n\n\n<p><strong>Taux de travail&nbsp;:<\/strong> 100% de novembre 2026 \u00e0 avril 2027 avec une p\u00e9riode de r\u00e9sidence \u00e0 Nyon pendant la dur\u00e9e du Festival (logement fourni par le Festival)<br><strong>Lieu de travail&nbsp;:<\/strong> Nyon<br><strong>R\u00e9mun\u00e9ration&nbsp;:<\/strong> CHF 1200 brut\/mois \u00e0 100%, d\u00e9fraiement d\u00e9placements 100chf\/mois travaill\u00e9<br><strong>D\u00e9lai de candidature&nbsp;:<\/strong> 24 septembre 2026<br><strong>Entr\u00e9e en fonction&nbsp;:<\/strong> d\u00e9but novembre, date \u00e0 convenir<\/p>\n\n\n\n<p>Merci d\u2019adresser votre dossier de candidature (CV + lettre de motivation) \u00e0 James Berclaz-Lewis et de l\u2019envoyer par email en pr\u00e9cisant dans l\u2019objet \u00ab&nbsp;Stage programme \u00bb \u00e0 l\u2019adresse suivante : <a href=\"mailto:rh@visionsdureel.ch\">rh@visionsdureel.ch<\/a><\/p>\n\n\n\n<p>Pour de plus amples informations, n\u2019h\u00e9sitez pas \u00e0 contacter le bureau de programmation&nbsp;: <a href=\"mailto:programme@visionsdureel.ch\">programme@visionsdureel.ch<\/a> ou au 022 365 44 56.<\/p>\n\n\n\n<div class=\"wp-block-buttons is-layout-flex wp-block-buttons-is-layout-flex\">\n<div class=\"wp-block-button has-custom-width wp-block-button__width-75 is-style-outline is-style-outline--1\"><a class=\"wp-block-button__link has-accent-color has-subtle-background-background-color has-text-color has-background has-link-color wp-element-button\" href=\"https:\/\/www.visionsdureel.ch\/wp-content\/uploads\/2026\/09\/VdR26_Stage_programme-1.pdf\" style=\"border-radius:0px\" target=\"_blank\" rel=\"noreferrer noopener\">T\u00e9l\u00e9charger le PDF<\/a><\/div>\n<\/div>\n\n\n\n<p><\/p>\n","protected":false},"excerpt":{"rendered":"<p>Visions du R\u00e9el cherche un\u00b7e stagiaire au bureau de programmation pour compl\u00e9ter son \u00e9quipe de communication. D\u00e9lai de postulation: 24 septembre 2026.<\/p>\n","protected":false},"featured_media":284220,"parent":157947,"menu_order":0,"template":"","meta":{"_acf_changed":false},"class_list":["post-284209","info","type-info","status-publish","has-post-thumbnail","hentry"],"acf":[],"_links":{"self":[{"href":"https:\/\/www.visionsdureel.ch\/en\/wp-json\/wp\/v2\/info\/284209","targetHints":{"allow":["GET"]}}],"collection":[{"href":"https:\/\/www.visionsdureel.ch\/en\/wp-json\/wp\/v2\/info"}],"about":[{"href":"https:\/\/www.visionsdureel.ch\/en\/wp-json\/wp\/v2\/types\/info"}],"up":[{"embeddable":true,"href":"https:\/\/www.visionsdureel.ch\/en\/wp-json\/wp\/v2\/info\/157947"}],"wp:featuredmedia":[{"embeddable":true,"href":"https:\/\/www.visionsdureel.ch\/en\/wp-json\/wp\/v2\/media\/284220"}],"wp:attachment":[{"href":"https:\/\/www.visionsdureel.ch\/en\/wp-json\/wp\/v2\/media?parent=284209"}],"curies":[{"name":"wp","href":"https:\/\/api.w.org\/{rel}","templated":true}]}}