{"id":282596,"date":"2026-04-30T10:01:50","date_gmt":"2026-04-30T08:01:50","guid":{"rendered":"https:\/\/www.visionsdureel.ch\/?post_type=vdr-on-tour&#038;p=282596"},"modified":"2026-04-30T10:01:51","modified_gmt":"2026-04-30T08:01:51","slug":"vdr-on-tour-bouchra","status":"publish","type":"vdr-on-tour","link":"https:\/\/www.visionsdureel.ch\/de\/vdr-on-tour\/vdr-on-tour-bouchra\/","title":{"rendered":"VdR on Tour: Bouchra"},"content":{"rendered":"\n<p>En collaboration avec le cin\u00e9ma <a href=\"https:\/\/spoutnik.info\/\" target=\"_blank\" rel=\"noreferrer noopener\">Spoutnik<\/a>, assistez au film\u00a0<em><a href=\"https:\/\/www.visionsdureel.ch\/film\/2026\/bouchra\/\" target=\"_blank\" rel=\"noreferrer noopener\">Bouchra<\/a><\/em>, r\u00e9alis\u00e9 par Meriem Bennani et Orian Barki et pr\u00e9sent\u00e9 dans notre nouvelle cat\u00e9gorie <a href=\"https:\/\/www.visionsdureel.ch\/programme\/grille-horaire\/?sections=borderlight\">Borderlight<\/a> durant cette \u00e9dition du Festival. Plusieurs projections auront lieu du 7 au 22 mai \u00e0 Gen\u00e8ve. <\/p>\n\n\n\n<p><a href=\"https:\/\/www.visionsdureel.ch\/film\/2026\/bouchra\/\" target=\"_blank\" rel=\"noreferrer noopener\">Bouchra<\/a><br>Meriem Bennani &amp; Orian Barki<br>Italie, Maroc, \u00c9tats-Unis | 2025 | 82 min<br>Premi\u00e8re suisse<\/p>\n\n\n\n<h2 class=\"wp-block-heading\">Projections <\/h2>\n\n\n\n<ul class=\"wp-block-list\">\n<li>Jeudi 7 mai \u2013 20:30, en pr\u00e9sence d&#8217;Alice Fuchs (Programmatrice Visions du R\u00e9el) <\/li>\n\n\n\n<li>Dimanche 10 mai \u2013\u00a020:30 <\/li>\n\n\n\n<li>Mercredi 13 mai \u2013 20:30<\/li>\n\n\n\n<li>Vendredi 22 mai \u2013\u00a020:30 <\/li>\n<\/ul>\n\n\n\n<h2 class=\"wp-block-heading\">Synopsis <\/h2>\n\n\n\n<p>Bouchra est une jeune coyote r\u00e9alisatrice et lesbienne. Elle souhaite raconter dans son prochain film son coming-out aupr\u00e8s de sa m\u00e8re entour\u00e9e de ses ami\u00b7e\u00b7s. Un ovni visuel sophistiqu\u00e9 d\u2019une troublante vuln\u00e9rabilit\u00e9, sur l\u2019ali\u00e9nation dans le silence et le poids du tabou. Une lumineuse d\u00e9claration d\u2019amour \u00e0 toutes les mamans.<\/p>\n\n\n\n<h2 class=\"wp-block-heading\">Trailer<\/h2>\n\n\n\n<figure class=\"wp-block-embed is-type-video is-provider-youtube wp-block-embed-youtube wp-embed-aspect-16-9 wp-has-aspect-ratio\"><div class=\"wp-block-embed__wrapper\">\n<iframe loading=\"lazy\" title=\"BOUCHRA | Meriem BENNANI &amp; Orian BARKI | Anima 2026 \u2022 Trailer\" width=\"580\" height=\"326\" src=\"https:\/\/www.youtube.com\/embed\/mWuaMWWNlZc?feature=oembed&#038;modestbranding=1&#038;showinfo=0&#038;rel=0\" frameborder=\"0\" allow=\"accelerometer; autoplay; clipboard-write; encrypted-media; gyroscope; picture-in-picture; web-share\" referrerpolicy=\"strict-origin-when-cross-origin\" allowfullscreen><\/iframe>\n<\/div><\/figure>\n","protected":false},"excerpt":{"rendered":"<p>En collaboration avec le cin\u00e9ma Spoutnik, assistez au film\u00a0Bouchra, r\u00e9alis\u00e9 par Meriem Bennani et Orian Barki et pr\u00e9sent\u00e9 dans notre nouvelle cat\u00e9gorie Borderlight durant cette \u00e9dition du Festival. Plusieurs projections auront lieu du 7 au 22 mai \u00e0 Gen\u00e8ve. <\/p>\n","protected":false},"featured_media":273692,"menu_order":0,"template":"","meta":{"_acf_changed":true},"class_list":["post-282596","vdr-on-tour","type-vdr-on-tour","status-publish","has-post-thumbnail","hentry","venue-vdrontour-geneve"],"acf":[],"_links":{"self":[{"href":"https:\/\/www.visionsdureel.ch\/de\/wp-json\/wp\/v2\/vdr-on-tour\/282596","targetHints":{"allow":["GET"]}}],"collection":[{"href":"https:\/\/www.visionsdureel.ch\/de\/wp-json\/wp\/v2\/vdr-on-tour"}],"about":[{"href":"https:\/\/www.visionsdureel.ch\/de\/wp-json\/wp\/v2\/types\/vdr-on-tour"}],"wp:featuredmedia":[{"embeddable":true,"href":"https:\/\/www.visionsdureel.ch\/de\/wp-json\/wp\/v2\/media\/273692"}],"wp:attachment":[{"href":"https:\/\/www.visionsdureel.ch\/de\/wp-json\/wp\/v2\/media?parent=282596"}],"curies":[{"name":"wp","href":"https:\/\/api.w.org\/{rel}","templated":true}]}}