{"id":68564,"date":"2021-04-06T08:17:53","date_gmt":"2021-04-06T06:17:53","guid":{"rendered":"https:\/\/vdr.daisybell.ch\/accueil-14-avril-2021\/"},"modified":"2021-04-28T09:19:28","modified_gmt":"2021-04-28T07:19:28","slug":"accueil-14-avril-2021","status":"publish","type":"page","link":"https:\/\/www.visionsdureel.ch\/de\/accueil-14-avril-2021\/","title":{"rendered":"Visions du R\u00e9el"},"content":{"rendered":"<\/div>\n<\/div>\n<div class=\"wide\">\n  \n\n<p class=\"px-2 h2 m-0 d-flex\">The 52nd edition of Visions du R\u00e9el finished last Sunday!<a class=\"small ml-auto\" href=\"https:\/\/www.visionsdureel.ch\/programmation-2021\/\">\u2192 Discover the full programme<\/a><\/p>\n\n<\/div>\n<div class=\"row\">\n<div class=\"col-12 col-sm-10 col-md-9 col-lg-7 col-xl-6 mx-auto\">\n\n\n<div class=\"row mt-3 px-1\">\n    <div class=\"col-6 col-md-4 col-xl-3 film_thumb px-1 \">\n    <a href=\"https:\/\/www.visionsdureel.ch\/de\/film\/2021\/philly-d-a\/\" class=\"thumbnail-16-9 \">\n\t\t<img loading=\"lazy\" decoding=\"async\" width=\"320\" height=\"169\" src=\"https:\/\/www.visionsdureel.ch\/wp-content\/uploads\/2021\/03\/879960-320x169.jpg\" class=\"attachment-thumbnail size-thumbnail wp-post-image\" alt=\"\" sizes=\"auto, (max-width: 575px) 100vw, (max-width: 991px) calc((100vw - 6.5rem) \/ 3), (-webkit-min-device-pixel-ratio: 1.5) calc((100vw - 7.5rem) \/ 4 \/ 1.5), calc((100vw - 7.5rem) \/ 4)\" srcset=\"https:\/\/www.visionsdureel.ch\/wp-content\/uploads\/2021\/03\/879960-320x169.jpg 320w, https:\/\/www.visionsdureel.ch\/wp-content\/uploads\/2021\/03\/879960-854x450.jpg 854w, https:\/\/www.visionsdureel.ch\/wp-content\/uploads\/2021\/03\/879960-1280x675.jpg 1280w, https:\/\/www.visionsdureel.ch\/wp-content\/uploads\/2021\/03\/879960-426x225.jpg 426w, https:\/\/www.visionsdureel.ch\/wp-content\/uploads\/2021\/03\/879960-640x338.jpg 640w, https:\/\/www.visionsdureel.ch\/wp-content\/uploads\/2021\/03\/879960-1920x1013.jpg 1920w, https:\/\/www.visionsdureel.ch\/wp-content\/uploads\/2021\/03\/879960.jpg 2048w\" \/>\t    \n    <\/a>\t\t\n<a href=\"https:\/\/www.visionsdureel.ch\/de\/film\/2021\/philly-d-a\/\" class=\"link-reverse film-caption \">\n\t<span class=\"film_title\">Philly D.A.<\/span>\n\t<span class=\"font-weight-normal\">Ted&nbsp;Passon &#038; Yoni&nbsp;Brook<\/span>\n<\/a>\n\n    <div class=\"film_foot_note mt-n1\">\n          <\/div>\n  <\/div>\n    <div class=\"col-6 col-md-4 col-xl-3 film_thumb px-1 \">\n    <a href=\"https:\/\/www.visionsdureel.ch\/de\/film\/2021\/my-place-is-here\/\" class=\"thumbnail-16-9 \">\n\t\t<img loading=\"lazy\" decoding=\"async\" width=\"320\" height=\"160\" src=\"https:\/\/www.visionsdureel.ch\/wp-content\/uploads\/2021\/03\/875864-320x160.jpg\" class=\"attachment-thumbnail size-thumbnail wp-post-image\" alt=\"\" sizes=\"auto, (max-width: 575px) 100vw, (max-width: 991px) calc((100vw - 6.5rem) \/ 3), (-webkit-min-device-pixel-ratio: 1.5) calc((100vw - 7.5rem) \/ 4 \/ 1.5), calc((100vw - 7.5rem) \/ 4)\" srcset=\"https:\/\/www.visionsdureel.ch\/wp-content\/uploads\/2021\/03\/875864-320x160.jpg 320w, https:\/\/www.visionsdureel.ch\/wp-content\/uploads\/2021\/03\/875864-854x428.jpg 854w, https:\/\/www.visionsdureel.ch\/wp-content\/uploads\/2021\/03\/875864-1280x641.jpg 1280w, https:\/\/www.visionsdureel.ch\/wp-content\/uploads\/2021\/03\/875864-426x213.jpg 426w, https:\/\/www.visionsdureel.ch\/wp-content\/uploads\/2021\/03\/875864-640x320.jpg 640w, https:\/\/www.visionsdureel.ch\/wp-content\/uploads\/2021\/03\/875864-1920x961.jpg 1920w\" \/>\t    \n    <\/a>\t\t\n<a href=\"https:\/\/www.visionsdureel.ch\/de\/film\/2021\/my-place-is-here\/\" class=\"link-reverse film-caption \">\n\t<span class=\"film_title\">My Place Is Here<\/span>\n\t<span class=\"font-weight-normal\">Michele&nbsp;Aiello<\/span>\n<\/a>\n\n    <div class=\"film_foot_note mt-n1\">\n          <\/div>\n  <\/div>\n    <div class=\"col-6 col-md-4 col-xl-3 film_thumb px-1 \">\n    <a href=\"https:\/\/www.visionsdureel.ch\/de\/film\/2021\/splinters\/\" class=\"thumbnail-16-9 \">\n\t\t<img loading=\"lazy\" decoding=\"async\" width=\"320\" height=\"180\" src=\"https:\/\/www.visionsdureel.ch\/wp-content\/uploads\/2021\/03\/865375-320x180.jpg\" class=\"attachment-thumbnail size-thumbnail wp-post-image\" alt=\"\" sizes=\"auto, (max-width: 575px) 100vw, (max-width: 991px) calc((100vw - 6.5rem) \/ 3), (-webkit-min-device-pixel-ratio: 1.5) calc((100vw - 7.5rem) \/ 4 \/ 1.5), calc((100vw - 7.5rem) \/ 4)\" srcset=\"https:\/\/www.visionsdureel.ch\/wp-content\/uploads\/2021\/03\/865375-320x180.jpg 320w, https:\/\/www.visionsdureel.ch\/wp-content\/uploads\/2021\/03\/865375-854x480.jpg 854w, https:\/\/www.visionsdureel.ch\/wp-content\/uploads\/2021\/03\/865375-1280x720.jpg 1280w, https:\/\/www.visionsdureel.ch\/wp-content\/uploads\/2021\/03\/865375-426x240.jpg 426w, https:\/\/www.visionsdureel.ch\/wp-content\/uploads\/2021\/03\/865375-640x360.jpg 640w, https:\/\/www.visionsdureel.ch\/wp-content\/uploads\/2021\/03\/865375.jpg 1772w\" \/>\t    \n        <div class=\"palmares-thumb d-none\">\n        <img loading=\"lazy\" decoding=\"async\" src=\"https:\/\/www.visionsdureel.ch\/wp-content\/themes\/visionsdureel\/medias\/images\/laurier-triangle.svg\" alt=\"\" width=\"61\" height=\"51\">\n    <\/div>\n    <\/a>\t\t\n<a href=\"https:\/\/www.visionsdureel.ch\/de\/film\/2021\/splinters\/\" class=\"link-reverse film-caption \">\n\t<span class=\"film_title\">Splinters<\/span>\n\t<span class=\"font-weight-normal\">Natalia&nbsp;Garayalde<\/span>\n<\/a>\n\n    <div class=\"film_foot_note mt-n1\">\n          <\/div>\n  <\/div>\n    <div class=\"col-6 col-md-4 col-xl-3 film_thumb px-1 \">\n    <a href=\"https:\/\/www.visionsdureel.ch\/de\/film\/2021\/contraindre\/\" class=\"thumbnail-16-9 \">\n\t\t<img loading=\"lazy\" decoding=\"async\" width=\"320\" height=\"175\" src=\"https:\/\/www.visionsdureel.ch\/wp-content\/uploads\/2021\/03\/863006-320x175.jpg\" class=\"attachment-thumbnail size-thumbnail wp-post-image\" alt=\"\" sizes=\"auto, (max-width: 575px) 100vw, (max-width: 991px) calc((100vw - 6.5rem) \/ 3), (-webkit-min-device-pixel-ratio: 1.5) calc((100vw - 7.5rem) \/ 4 \/ 1.5), calc((100vw - 7.5rem) \/ 4)\" srcset=\"https:\/\/www.visionsdureel.ch\/wp-content\/uploads\/2021\/03\/863006-320x175.jpg 320w, https:\/\/www.visionsdureel.ch\/wp-content\/uploads\/2021\/03\/863006-854x466.jpg 854w, https:\/\/www.visionsdureel.ch\/wp-content\/uploads\/2021\/03\/863006-1280x699.jpg 1280w, https:\/\/www.visionsdureel.ch\/wp-content\/uploads\/2021\/03\/863006-426x233.jpg 426w, https:\/\/www.visionsdureel.ch\/wp-content\/uploads\/2021\/03\/863006-640x349.jpg 640w, https:\/\/www.visionsdureel.ch\/wp-content\/uploads\/2021\/03\/863006.jpg 1299w\" \/>\t    \n    <\/a>\t\t\n<a href=\"https:\/\/www.visionsdureel.ch\/de\/film\/2021\/contraindre\/\" class=\"link-reverse film-caption \">\n\t<span class=\"film_title\">Contraindre<\/span>\n\t<span class=\"font-weight-normal\">Antoine&nbsp;Fontaine &#038; Galdric&nbsp;Fleury<\/span>\n<\/a>\n\n    <div class=\"film_foot_note mt-n1\">\n          <\/div>\n  <\/div>\n    <div class=\"col-6 col-md-4 col-xl-3 film_thumb px-1 \">\n    <a href=\"https:\/\/www.visionsdureel.ch\/de\/film\/2021\/kalsubai\/\" class=\"thumbnail-16-9 \">\n\t\t<img loading=\"lazy\" decoding=\"async\" width=\"183\" height=\"180\" src=\"https:\/\/www.visionsdureel.ch\/wp-content\/uploads\/2021\/03\/875802-183x180.jpg\" class=\"attachment-thumbnail size-thumbnail wp-post-image\" alt=\"\" sizes=\"auto, (max-width: 575px) 100vw, (max-width: 991px) calc((100vw - 6.5rem) \/ 3), (-webkit-min-device-pixel-ratio: 1.5) calc((100vw - 7.5rem) \/ 4 \/ 1.5), calc((100vw - 7.5rem) \/ 4)\" srcset=\"https:\/\/www.visionsdureel.ch\/wp-content\/uploads\/2021\/03\/875802-183x180.jpg 183w, https:\/\/www.visionsdureel.ch\/wp-content\/uploads\/2021\/03\/875802-489x480.jpg 489w, https:\/\/www.visionsdureel.ch\/wp-content\/uploads\/2021\/03\/875802-733x720.jpg 733w, https:\/\/www.visionsdureel.ch\/wp-content\/uploads\/2021\/03\/875802-244x240.jpg 244w, https:\/\/www.visionsdureel.ch\/wp-content\/uploads\/2021\/03\/875802-367x360.jpg 367w, https:\/\/www.visionsdureel.ch\/wp-content\/uploads\/2021\/03\/875802.jpg 782w\" \/>\t    \n    <\/a>\t\t\n<a href=\"https:\/\/www.visionsdureel.ch\/de\/film\/2021\/kalsubai\/\" class=\"link-reverse film-caption \">\n\t<span class=\"film_title\">Kalsubai<\/span>\n\t<span class=\"font-weight-normal\">Yudhajit&nbsp;Basu<\/span>\n<\/a>\n\n    <div class=\"film_foot_note mt-n1\">\n          <\/div>\n  <\/div>\n    <div class=\"col-6 col-md-4 col-xl-3 film_thumb px-1 \">\n    <a href=\"https:\/\/www.visionsdureel.ch\/de\/film\/2021\/la-cabane-en-pierre\/\" class=\"thumbnail-16-9 \">\n\t\t<img loading=\"lazy\" decoding=\"async\" width=\"320\" height=\"180\" src=\"https:\/\/www.visionsdureel.ch\/wp-content\/uploads\/2021\/03\/872500-320x180.jpg\" class=\"attachment-thumbnail size-thumbnail wp-post-image\" alt=\"\" sizes=\"auto, (max-width: 575px) 100vw, (max-width: 991px) calc((100vw - 6.5rem) \/ 3), (-webkit-min-device-pixel-ratio: 1.5) calc((100vw - 7.5rem) \/ 4 \/ 1.5), calc((100vw - 7.5rem) \/ 4)\" srcset=\"https:\/\/www.visionsdureel.ch\/wp-content\/uploads\/2021\/03\/872500-320x180.jpg 320w, https:\/\/www.visionsdureel.ch\/wp-content\/uploads\/2021\/03\/872500-854x480.jpg 854w, https:\/\/www.visionsdureel.ch\/wp-content\/uploads\/2021\/03\/872500-1280x720.jpg 1280w, https:\/\/www.visionsdureel.ch\/wp-content\/uploads\/2021\/03\/872500-426x240.jpg 426w, https:\/\/www.visionsdureel.ch\/wp-content\/uploads\/2021\/03\/872500-640x360.jpg 640w, https:\/\/www.visionsdureel.ch\/wp-content\/uploads\/2021\/03\/872500.jpg 1920w\" \/>\t    \n    <\/a>\t\t\n<a href=\"https:\/\/www.visionsdureel.ch\/de\/film\/2021\/la-cabane-en-pierre\/\" class=\"link-reverse film-caption \">\n\t<span class=\"film_title\">La Cabane en pierre<\/span>\n\t<span class=\"font-weight-normal\">Myriam&nbsp;Guyenard<\/span>\n<\/a>\n\n    <div class=\"film_foot_note mt-n1\">\n          <\/div>\n  <\/div>\n    <div class=\"col-6 col-md-4 col-xl-3 film_thumb px-1 \">\n    <a href=\"https:\/\/www.visionsdureel.ch\/de\/film\/2021\/lillian-finds-the-zombies\/\" class=\"thumbnail-16-9 \">\n\t\t<img loading=\"lazy\" decoding=\"async\" width=\"320\" height=\"180\" src=\"https:\/\/www.visionsdureel.ch\/wp-content\/uploads\/2021\/03\/868659-320x180.jpg\" class=\"attachment-thumbnail size-thumbnail wp-post-image\" alt=\"\" sizes=\"auto, (max-width: 575px) 100vw, (max-width: 991px) calc((100vw - 6.5rem) \/ 3), (-webkit-min-device-pixel-ratio: 1.5) calc((100vw - 7.5rem) \/ 4 \/ 1.5), calc((100vw - 7.5rem) \/ 4)\" srcset=\"https:\/\/www.visionsdureel.ch\/wp-content\/uploads\/2021\/03\/868659-320x180.jpg 320w, https:\/\/www.visionsdureel.ch\/wp-content\/uploads\/2021\/03\/868659-854x480.jpg 854w, https:\/\/www.visionsdureel.ch\/wp-content\/uploads\/2021\/03\/868659-1280x720.jpg 1280w, https:\/\/www.visionsdureel.ch\/wp-content\/uploads\/2021\/03\/868659-426x240.jpg 426w, https:\/\/www.visionsdureel.ch\/wp-content\/uploads\/2021\/03\/868659-640x360.jpg 640w, https:\/\/www.visionsdureel.ch\/wp-content\/uploads\/2021\/03\/868659.jpg 1920w\" \/>\t    \n    <\/a>\t\t\n<a href=\"https:\/\/www.visionsdureel.ch\/de\/film\/2021\/lillian-finds-the-zombies\/\" class=\"link-reverse film-caption \">\n\t<span class=\"film_title\">Lillian Finds the Zombies<\/span>\n\t<span class=\"font-weight-normal\">Stephen&nbsp;Wardell<\/span>\n<\/a>\n\n    <div class=\"film_foot_note mt-n1\">\n          <\/div>\n  <\/div>\n    <div class=\"col-6 col-md-4 col-xl-3 film_thumb px-1 \">\n    <a href=\"https:\/\/www.visionsdureel.ch\/de\/film\/2021\/les-enfants-terribles\/\" class=\"thumbnail-16-9 \">\n\t\t<img loading=\"lazy\" decoding=\"async\" width=\"320\" height=\"180\" src=\"https:\/\/www.visionsdureel.ch\/wp-content\/uploads\/2021\/03\/867833-320x180.jpg\" class=\"attachment-thumbnail size-thumbnail wp-post-image\" alt=\"\" sizes=\"auto, (max-width: 575px) 100vw, (max-width: 991px) calc((100vw - 6.5rem) \/ 3), (-webkit-min-device-pixel-ratio: 1.5) calc((100vw - 7.5rem) \/ 4 \/ 1.5), calc((100vw - 7.5rem) \/ 4)\" srcset=\"https:\/\/www.visionsdureel.ch\/wp-content\/uploads\/2021\/03\/867833-320x180.jpg 320w, https:\/\/www.visionsdureel.ch\/wp-content\/uploads\/2021\/03\/867833-854x480.jpg 854w, https:\/\/www.visionsdureel.ch\/wp-content\/uploads\/2021\/03\/867833-1280x720.jpg 1280w, https:\/\/www.visionsdureel.ch\/wp-content\/uploads\/2021\/03\/867833-426x240.jpg 426w, https:\/\/www.visionsdureel.ch\/wp-content\/uploads\/2021\/03\/867833-640x360.jpg 640w, https:\/\/www.visionsdureel.ch\/wp-content\/uploads\/2021\/03\/867833-1920x1080.jpg 1920w\" \/>\t    \n        <div class=\"palmares-thumb d-none\">\n        <img loading=\"lazy\" decoding=\"async\" src=\"https:\/\/www.visionsdureel.ch\/wp-content\/themes\/visionsdureel\/medias\/images\/laurier-triangle.svg\" alt=\"\" width=\"61\" height=\"51\">\n    <\/div>\n    <\/a>\t\t\n<a href=\"https:\/\/www.visionsdureel.ch\/de\/film\/2021\/les-enfants-terribles\/\" class=\"link-reverse film-caption \">\n\t<span class=\"film_title\">Les Enfants terribles<\/span>\n\t<span class=\"font-weight-normal\">Ahmet&nbsp;Necdet Cupur<\/span>\n<\/a>\n\n    <div class=\"film_foot_note mt-n1\">\n          <\/div>\n  <\/div>\n    <\/div>\n\n\n\n<div style=\"height:19px\" aria-hidden=\"true\" class=\"wp-block-spacer\"><\/div>\n\n\n<\/div>\n<\/div>\n<div class=\"wide\">\n  \n\n<div class=\"wp-block-columns is-layout-flex wp-container-core-columns-is-layout-9d6595d7 wp-block-columns-is-layout-flex\">\n<div class=\"wp-block-column is-layout-flow wp-block-column-is-layout-flow\">\n<h2 class=\"wp-block-heading\" id=\"h-experience-visions-du-r-el-in-cinemas-from-thursday-22-to-sunday-25-april\"><strong>Experience Visions du R\u00e9el in cinemas from Thursday 22 to Sunday 25 April!<\/strong><\/h2>\n\n\n\n<figure class=\"wp-block-image size-large\"><img loading=\"lazy\" decoding=\"async\" width=\"1280\" height=\"720\" src=\"https:\/\/www.visionsdureel.ch\/wp-content\/uploads\/2021\/04\/Billetterie-salle-ENG-1280x720.jpg\" alt=\"\" class=\"wp-image-96884\" srcset=\"https:\/\/www.visionsdureel.ch\/wp-content\/uploads\/2021\/04\/Billetterie-salle-ENG-1280x720.jpg 1280w, https:\/\/www.visionsdureel.ch\/wp-content\/uploads\/2021\/04\/Billetterie-salle-ENG-854x480.jpg 854w, https:\/\/www.visionsdureel.ch\/wp-content\/uploads\/2021\/04\/Billetterie-salle-ENG-320x180.jpg 320w, https:\/\/www.visionsdureel.ch\/wp-content\/uploads\/2021\/04\/Billetterie-salle-ENG-426x240.jpg 426w, https:\/\/www.visionsdureel.ch\/wp-content\/uploads\/2021\/04\/Billetterie-salle-ENG-640x360.jpg 640w, https:\/\/www.visionsdureel.ch\/wp-content\/uploads\/2021\/04\/Billetterie-salle-ENG-1920x1080.jpg 1920w\" sizes=\"auto, (max-width: 1280px) 100vw, 1280px\" \/><\/figure>\n\n\n\n<p>Visions du R\u00e9el will open advance ticket sales on Monday, April 19 for the 57 public screenings to be held in four cinemas starting Thursday, April 22, in addition to the existing online offer.&nbsp;<\/p>\n\n\n\n<p><a href=\"https:\/\/www.visionsdureel.ch\/en\/news\/vivez-visions-du-reel-en-salle-du-jeudi-22-au-dimanche-25-avril\/\" target=\"_blank\" rel=\"noreferrer noopener nofollow\">Know more<\/a><br><a href=\"https:\/\/www.visionsdureel.ch\/wp-content\/uploads\/2021\/04\/VdR21_Prog_Grille_Public_digital_NEW.pdf\" target=\"_blank\" rel=\"noreferrer noopener nofollow\">Screenings schedule<\/a><br><a href=\"https:\/\/www.visionsdureel.ch\/de\/news\/vivez-visions-du-reel-en-salle-du-jeudi-22-au-dimanche-25-avril\/\" target=\"_blank\" rel=\"noreferrer noopener nofollow\">Ticket office: click here<\/a><\/p>\n<\/div>\n\n\n\n<div class=\"wp-block-column is-layout-flow wp-block-column-is-layout-flow\">\n<h2 class=\"mt-n1 wp-block-heading\" id=\"h-watch-the-films-online\"><strong>Watch the films online!<\/strong><\/h2>\n\n\n\n<figure class=\"wp-block-image size-large\"><a href=\"https:\/\/online.visionsdureel.ch\/\"><img loading=\"lazy\" decoding=\"async\" width=\"1200\" height=\"676\" src=\"https:\/\/www.visionsdureel.ch\/wp-content\/uploads\/2021\/04\/Capture-de\u0301cran-2021-04-13-a\u0300-18.50.51.jpg\" alt=\"\" class=\"wp-image-65373\" srcset=\"https:\/\/www.visionsdureel.ch\/wp-content\/uploads\/2021\/04\/Capture-de\u0301cran-2021-04-13-a\u0300-18.50.51.jpg 1200w, https:\/\/www.visionsdureel.ch\/wp-content\/uploads\/2021\/04\/Capture-de\u0301cran-2021-04-13-a\u0300-18.50.51-852x480.jpg 852w, https:\/\/www.visionsdureel.ch\/wp-content\/uploads\/2021\/04\/Capture-de\u0301cran-2021-04-13-a\u0300-18.50.51-320x180.jpg 320w, https:\/\/www.visionsdureel.ch\/wp-content\/uploads\/2021\/04\/Capture-de\u0301cran-2021-04-13-a\u0300-18.50.51-426x240.jpg 426w, https:\/\/www.visionsdureel.ch\/wp-content\/uploads\/2021\/04\/Capture-de\u0301cran-2021-04-13-a\u0300-18.50.51-640x360.jpg 640w\" sizes=\"auto, (max-width: 1200px) 100vw, 1200px\" \/><\/a><\/figure>\n\n\n\n<p>Discover the 142 films selected at Visions du R\u00e9el. Every day, new films are made available online for 72 hours.<\/p>\n\n\n\n<p><a href=\"https:\/\/online.visionsdureel.ch\/\" target=\"_blank\" rel=\"noreferrer noopener nofollow\">Watch the films now<\/a><\/p>\n<\/div>\n<\/div>\n\n<\/div>\n<div class=\"row\">\n<div class=\"col-12 col-sm-10 col-md-9 col-lg-7 col-xl-6 mx-auto\">\n\n\n<\/div>\n<\/div>\n<div class=\"wide\">\n  \n\n<p class=\"small forum-band mb-3\">FORUM FORUM FORUM FORUM FORUM FORUM FORUM FORUM FORUM FORUM FORUMFORUM FORUM FORUM FORUM FORUM FORUM FORUM FORUM FORUM FORUM FORUM FORUM<\/p>\n\n\n\n<div class=\"wp-block-columns is-layout-flex wp-container-core-columns-is-layout-9d6595d7 wp-block-columns-is-layout-flex\">\n<div class=\"wp-block-column mb-0 is-layout-flow wp-block-column-is-layout-flow\" style=\"flex-basis:60%\">\n<figure class=\"wp-block-embed is-type-video is-provider-youtube wp-block-embed-youtube wp-embed-aspect-16-9 wp-has-aspect-ratio\"><div class=\"wp-block-embed__wrapper\">\n<iframe loading=\"lazy\" title=\"VdR 2021 | C\u00e9r\u00e9monie de cl\u00f4ture\" width=\"580\" height=\"326\" src=\"https:\/\/www.youtube.com\/embed\/FJUFCjDhuUw?feature=oembed&#038;modestbranding=1&#038;showinfo=0&#038;rel=0\" frameborder=\"0\" allow=\"accelerometer; autoplay; clipboard-write; encrypted-media; gyroscope; picture-in-picture; web-share\" referrerpolicy=\"strict-origin-when-cross-origin\" allowfullscreen><\/iframe>\n<\/div><\/figure>\n<\/div>\n\n\n\n<div class=\"wp-block-column mb-0 is-layout-flow wp-block-column-is-layout-flow\" style=\"flex-basis:40%\">\n<p class=\"small mb-0 mt-1\">Watch again<\/p>\n\n\n\n<p>C\u00e9r\u00e9monie de Cl\u00f4ture<\/p>\n\n\n<a href=\"https:\/\/www.visionsdureel.ch\/forum\/\" \n   class=\"btn btn-outline-primary\"\n   target=\"\">\n\t\t<span>FORUM 2021<\/span>\n<\/a>\n\n\n\n<p>&nbsp;<br>The Forum is the place to experience Visions du R\u00e9el digitally. Every day, discover new live events, such as Masterclasses, discussions with the filmmakers or podcasts. All of these moments will also be available to watch or listen on demand!<\/p>\n\n\n\n<p class=\"font-size-sm\">&nbsp;<\/p>\n<\/div>\n<\/div>\n\n\n\n<p class=\"small forum-band\">FORUM FORUM FORUM FORUM FORUM FORUM FORUM FORUM FORUM FORUM FORUMFORUM FORUM FORUM FORUM FORUM FORUM FORUM FORUM FORUM FORUM FORUM FORUM<\/p>\n\n<\/div>\n<div class=\"row\">\n<div class=\"col-12 col-sm-10 col-md-9 col-lg-7 col-xl-6 mx-auto\">\n\n\n\n<div style=\"height:30px\" aria-hidden=\"true\" class=\"wp-block-spacer\"><\/div>\n\n\n      <\/div>\n    <\/div>\n  \n    <div class=\"w-100 container-fluid carousel-block-container\">\n    <div class=\"row mx-n3\">\n\n      \n                      <div class=\"col-12 col-sm-6 col-lg-4 \">\n            <article class=\"article-selection mb-5 mb-sm-4 mb-md-3 post-276213\">\n    <a class=\"link-image thumbnail-16-9\" data-href=\"https:\/\/www.visionsdureel.ch\/de\/doc-alliance-awards-2026-nominees\/\" href=\"https:\/\/www.visionsdureel.ch\/de\/doc-alliance-awards-2026-nominees\/\">\n      <img loading=\"lazy\" decoding=\"async\" width=\"320\" height=\"180\" src=\"https:\/\/www.visionsdureel.ch\/wp-content\/uploads\/2026\/04\/the-case-against-space_BL_2859617-320x180.jpeg\" class=\"attachment-thumbnail size-thumbnail wp-post-image\" alt=\"\" sizes=\"auto, (max-width: 575px) 100vw, (max-width: 991px) calc(100vw \/ 2), (-webkit-min-device-pixel-ratio: 1.5) calc(100vw \/ 3), calc(100vw \/ 3)\" srcset=\"https:\/\/www.visionsdureel.ch\/wp-content\/uploads\/2026\/04\/the-case-against-space_BL_2859617-320x180.jpeg 320w, https:\/\/www.visionsdureel.ch\/wp-content\/uploads\/2026\/04\/the-case-against-space_BL_2859617-854x480.jpeg 854w, https:\/\/www.visionsdureel.ch\/wp-content\/uploads\/2026\/04\/the-case-against-space_BL_2859617-1280x720.jpeg 1280w, https:\/\/www.visionsdureel.ch\/wp-content\/uploads\/2026\/04\/the-case-against-space_BL_2859617-426x240.jpeg 426w, https:\/\/www.visionsdureel.ch\/wp-content\/uploads\/2026\/04\/the-case-against-space_BL_2859617-640x360.jpeg 640w, https:\/\/www.visionsdureel.ch\/wp-content\/uploads\/2026\/04\/the-case-against-space_BL_2859617.jpeg 1920w\" \/>          <\/a>\n        <h4 class=\"mt-2 mb-1 font-size-sm\">\n      Doc Alliance\u00a0Awards: the 2026 Nominees are out!    <\/h4>\n              <div class=\"thumb_text font-size-sm \"> The 16 films competing for this year&#8217;s\u00a0Doc Alliance Award\u00a0are out! 8 feature-length and 8 short films are chosen by the 8 film festivals, from the\u00a0Doc Alliance\u00a0as well as this year\u2019s guest festival.\u00a0 <\/div>\n              <div class=\"mt-2\"> <a href=\"https:\/\/www.visionsdureel.ch\/de\/doc-alliance-awards-2026-nominees\/\" class=\"font-size-sm \">\n          Mehr        <\/a> <\/div>\n      <\/article>\n        <\/div>\n                      <div class=\"col-12 col-sm-6 col-lg-4 \">\n            <article class=\"article-selection mb-5 mb-sm-4 mb-md-3 post-275978\">\n    <a class=\"link-image thumbnail-16-9\" data-href=\"https:\/\/www.visionsdureel.ch\/de\/new-mobile-app-de-2026\/\" href=\"https:\/\/www.visionsdureel.ch\/de\/new-mobile-app-de-2026\/\">\n      <img loading=\"lazy\" decoding=\"async\" width=\"320\" height=\"180\" src=\"https:\/\/www.visionsdureel.ch\/wp-content\/uploads\/2026\/04\/VdR26_App_bannersite_ENF-320x180.jpg\" class=\"attachment-thumbnail size-thumbnail wp-post-image\" alt=\"\" sizes=\"auto, (max-width: 575px) 100vw, (max-width: 991px) calc(100vw \/ 2), (-webkit-min-device-pixel-ratio: 1.5) calc(100vw \/ 3), calc(100vw \/ 3)\" srcset=\"https:\/\/www.visionsdureel.ch\/wp-content\/uploads\/2026\/04\/VdR26_App_bannersite_ENF-320x180.jpg 320w, https:\/\/www.visionsdureel.ch\/wp-content\/uploads\/2026\/04\/VdR26_App_bannersite_ENF-854x480.jpg 854w, https:\/\/www.visionsdureel.ch\/wp-content\/uploads\/2026\/04\/VdR26_App_bannersite_ENF-1280x720.jpg 1280w, https:\/\/www.visionsdureel.ch\/wp-content\/uploads\/2026\/04\/VdR26_App_bannersite_ENF-426x240.jpg 426w, https:\/\/www.visionsdureel.ch\/wp-content\/uploads\/2026\/04\/VdR26_App_bannersite_ENF-640x360.jpg 640w, https:\/\/www.visionsdureel.ch\/wp-content\/uploads\/2026\/04\/VdR26_App_bannersite_ENF.jpg 1920w\" \/>          <\/a>\n        <h4 class=\"mt-2 mb-1 font-size-sm\">\n      A new mobile app for the 57th edition of Visions du R\u00e9el!    <\/h4>\n              <div class=\"thumb_text font-size-sm \"> This 57th edition of the Festival sees the launch of a new mobile app designed to make it easier to access the programme, favourite films, as well as season tickets and individual tickets. <\/div>\n              <div class=\"mt-2\"> <a href=\"https:\/\/www.visionsdureel.ch\/de\/new-mobile-app-de-2026\/\" class=\"font-size-sm \">\n          Mehr        <\/a> <\/div>\n      <\/article>\n        <\/div>\n                      <div class=\"col-12 col-sm-6 col-lg-4 \">\n            <article class=\"article-selection mb-5 mb-sm-4 mb-md-3 post-275902\">\n    <a class=\"link-image thumbnail-16-9\" data-href=\"https:\/\/www.visionsdureel.ch\/de\/emilie-bujes-wird-visions-du-reel-nach-der-naechsten-ausgabe-verlassen\/\" href=\"https:\/\/www.visionsdureel.ch\/de\/emilie-bujes-wird-visions-du-reel-nach-der-naechsten-ausgabe-verlassen\/\">\n      <img loading=\"lazy\" decoding=\"async\" width=\"320\" height=\"180\" src=\"https:\/\/www.visionsdureel.ch\/wp-content\/uploads\/2026\/04\/Portrait-Emilie-Bujes_\u00a9Nikita-Thevoz-e1775640427468-320x180.jpg\" class=\"attachment-thumbnail size-thumbnail wp-post-image\" alt=\"\" sizes=\"auto, (max-width: 575px) 100vw, (max-width: 991px) calc(100vw \/ 2), (-webkit-min-device-pixel-ratio: 1.5) calc(100vw \/ 3), calc(100vw \/ 3)\" srcset=\"https:\/\/www.visionsdureel.ch\/wp-content\/uploads\/2026\/04\/Portrait-Emilie-Bujes_\u00a9Nikita-Thevoz-e1775640427468-320x180.jpg 320w, https:\/\/www.visionsdureel.ch\/wp-content\/uploads\/2026\/04\/Portrait-Emilie-Bujes_\u00a9Nikita-Thevoz-e1775640427468-850x480.jpg 850w, https:\/\/www.visionsdureel.ch\/wp-content\/uploads\/2026\/04\/Portrait-Emilie-Bujes_\u00a9Nikita-Thevoz-e1775640427468-1276x720.jpg 1276w, https:\/\/www.visionsdureel.ch\/wp-content\/uploads\/2026\/04\/Portrait-Emilie-Bujes_\u00a9Nikita-Thevoz-e1775640427468-426x240.jpg 426w, https:\/\/www.visionsdureel.ch\/wp-content\/uploads\/2026\/04\/Portrait-Emilie-Bujes_\u00a9Nikita-Thevoz-e1775640427468-638x360.jpg 638w, https:\/\/www.visionsdureel.ch\/wp-content\/uploads\/2026\/04\/Portrait-Emilie-Bujes_\u00a9Nikita-Thevoz-e1775640427468.jpg 1536w\" \/>          <\/a>\n        <h4 class=\"mt-2 mb-1 font-size-sm\">\n      Emilie Buj\u00e8s wird Visions du R\u00e9el nach der n\u00e4chsten Ausgabe verlassen    <\/h4>\n              <div class=\"thumb_text font-size-sm \"> Die Stiftung Visions du R\u00e9el gibt bekannt, dass ihre k\u00fcnstlerische Leiterin Emilie Buj\u00e8s per Ende Juli 2026 das Festival verlassen wird. <\/div>\n              <div class=\"mt-2\"> <a href=\"https:\/\/www.visionsdureel.ch\/de\/emilie-bujes-wird-visions-du-reel-nach-der-naechsten-ausgabe-verlassen\/\" class=\"font-size-sm \">\n          Mehr        <\/a> <\/div>\n      <\/article>\n        <\/div>\n      \n          <\/div>\n  <\/div>\n  \n      <div class=\"row\">\n      <div class=\"col-12 col-sm-10 col-md-9 col-lg-7 col-xl-6 mx-auto\">\n          \n\n\n<div style=\"height:70px\" aria-hidden=\"true\" class=\"wp-block-spacer\"><\/div>\n\n\n<\/div>\n<\/div>\n<div class=\"wide\">\n  \n\n<div class=\"wp-block-columns is-layout-flex wp-container-core-columns-is-layout-9d6595d7 wp-block-columns-is-layout-flex\">\n<div class=\"wp-block-column is-layout-flow wp-block-column-is-layout-flow\">\n<figure class=\"wp-block-image size-large\"><a href=\"https:\/\/www.visionsdureel.ch\/programmation-2021\/\"><img loading=\"lazy\" decoding=\"async\" width=\"853\" height=\"480\" src=\"https:\/\/www.visionsdureel.ch\/wp-content\/uploads\/2021\/03\/programme-1.gif\" alt=\"\" class=\"wp-image-30497\"\/><\/a><\/figure>\n\n\n\n<h3 class=\"wp-block-heading\" id=\"h-the-2021-programme-is-online\">The 2021 programme is online<\/h3>\n\n\n\n<p>2021, a particularly powerful edition, with free and plural forms. Discover the programme of this 52nd edition.<\/p>\n\n\n\n<p><a href=\"https:\/\/www.visionsdureel.ch\/programmation-2021\/\">Discover the programme<\/a><\/p>\n<\/div>\n\n\n\n<div class=\"wp-block-column is-layout-flow wp-block-column-is-layout-flow\">\n<figure class=\"wp-block-image size-large\"><a href=\"https:\/\/www.visionsdureel.ch\/infos\/faq\/\"><img loading=\"lazy\" decoding=\"async\" width=\"1024\" height=\"575\" src=\"https:\/\/www.visionsdureel.ch\/wp-content\/uploads\/2021\/03\/2F789F4B-71C1-4BA7-BEE6-3E3207AD6008_1_105_c-edited.jpeg\" alt=\"\" class=\"wp-image-30506\" srcset=\"https:\/\/www.visionsdureel.ch\/wp-content\/uploads\/2021\/03\/2F789F4B-71C1-4BA7-BEE6-3E3207AD6008_1_105_c-edited.jpeg 1024w, https:\/\/www.visionsdureel.ch\/wp-content\/uploads\/2021\/03\/2F789F4B-71C1-4BA7-BEE6-3E3207AD6008_1_105_c-edited-854x480.jpeg 854w, https:\/\/www.visionsdureel.ch\/wp-content\/uploads\/2021\/03\/2F789F4B-71C1-4BA7-BEE6-3E3207AD6008_1_105_c-edited-320x180.jpeg 320w, https:\/\/www.visionsdureel.ch\/wp-content\/uploads\/2021\/03\/2F789F4B-71C1-4BA7-BEE6-3E3207AD6008_1_105_c-edited-426x240.jpeg 426w, https:\/\/www.visionsdureel.ch\/wp-content\/uploads\/2021\/03\/2F789F4B-71C1-4BA7-BEE6-3E3207AD6008_1_105_c-edited-640x360.jpeg 640w\" sizes=\"auto, (max-width: 1024px) 100vw, 1024px\" \/><\/a><\/figure>\n\n\n\n<h3 class=\"wp-block-heading\" id=\"h-faq-2021\">FAQ 2021<\/h3>\n\n\n\n<p>Here you can find all the information about the 2021 edition.<\/p>\n\n\n\n<p><a href=\"https:\/\/www.visionsdureel.ch\/infos\/faq\/\">Know more<\/a><\/p>\n<\/div>\n<\/div>\n\n<\/div>\n<div class=\"row\">\n<div class=\"col-12 col-sm-10 col-md-9 col-lg-7 col-xl-6 mx-auto\">\n\n\n\n<p><\/p>\n","protected":false},"excerpt":{"rendered":"","protected":false},"author":1,"featured_media":0,"parent":0,"menu_order":0,"comment_status":"closed","ping_status":"closed","template":"template-front.php","meta":{"_acf_changed":false,"footnotes":""},"class_list":["post-68564","page","type-page","status-publish","hentry"],"acf":[],"_links":{"self":[{"href":"https:\/\/www.visionsdureel.ch\/de\/wp-json\/wp\/v2\/pages\/68564","targetHints":{"allow":["GET"]}}],"collection":[{"href":"https:\/\/www.visionsdureel.ch\/de\/wp-json\/wp\/v2\/pages"}],"about":[{"href":"https:\/\/www.visionsdureel.ch\/de\/wp-json\/wp\/v2\/types\/page"}],"author":[{"embeddable":true,"href":"https:\/\/www.visionsdureel.ch\/de\/wp-json\/wp\/v2\/users\/1"}],"replies":[{"embeddable":true,"href":"https:\/\/www.visionsdureel.ch\/de\/wp-json\/wp\/v2\/comments?post=68564"}],"version-history":[{"count":0,"href":"https:\/\/www.visionsdureel.ch\/de\/wp-json\/wp\/v2\/pages\/68564\/revisions"}],"wp:attachment":[{"href":"https:\/\/www.visionsdureel.ch\/de\/wp-json\/wp\/v2\/media?parent=68564"}],"curies":[{"name":"wp","href":"https:\/\/api.w.org\/{rel}","templated":true}]}}