{"id":159287,"date":"2021-08-13T13:23:37","date_gmt":"2021-08-13T11:23:37","guid":{"rendered":"https:\/\/vdr.daisybell.ch\/?p=159287"},"modified":"2026-03-13T17:11:36","modified_gmt":"2026-03-13T16:11:36","slug":"next-gen","status":"publish","type":"p-culturelle","link":"https:\/\/www.visionsdureel.ch\/de\/kulturelle-teilhabe\/next-gen\/","title":{"rendered":"Next Gen &#8211; Die Mobiliar (12\u201326 Jahre)"},"content":{"rendered":"\n<h2 class=\"wp-block-heading\">Visions du R\u00e9el und <a href=\"https:\/\/www.mobiliere.ch\/engagement\">Die Mobiliar <\/a>bekr\u00e4ftigen ihr Engagement mit VdR Next Gen: einem Label, das sich an Jugendliche im Alter von 12 bis 26 Jahren richtet.<\/h2>\n\n\n\n<p>Wir sind \u00fcberzeugt, dass Bildung und Sensibilisierung f\u00fcr hochwertige Bilder bereits im fr\u00fchen Kindesalter angeboten werden k\u00f6nnen, um den Jugendlichen einen Blick auf die Welt zu er\u00f6ffnen und zu ihrer Entwicklung beizutragen. Durch die Entdeckung von Dokumentarfilmen und anderen Medien haben junge Menschen die M\u00f6glichkeit, ihre Kreativit\u00e4t zu entfalten und ihre Resilienz zu st\u00e4rken.<\/p>\n\n\n\n<p>Durch eine Auswahl an Filmen, Begegnungen und Workshops begleiten wir die neue Generation bei ihrer Erkundung des Kinos und des visuellen Schaffens. Es entstehen R\u00e4ume der Begegnung und des Dialogs, die es den Jugendlichen erm\u00f6glichen, ihren Blick zu sch\u00e4rfen, ihre Perspektiven zu erweitern und die Welt um sie herum besser zu verstehen.<\/p>\n\n\n\n<figure class=\"wp-block-image size-large is-resized\"><img loading=\"lazy\" decoding=\"async\" width=\"746\" height=\"720\" src=\"https:\/\/www.visionsdureel.ch\/wp-content\/uploads\/2021\/08\/VdR-NextGen_logo-746x720.png\" alt=\"\" class=\"wp-image-263727\" style=\"width:135px;height:auto\" srcset=\"https:\/\/www.visionsdureel.ch\/wp-content\/uploads\/2021\/08\/VdR-NextGen_logo-746x720.png 746w, https:\/\/www.visionsdureel.ch\/wp-content\/uploads\/2021\/08\/VdR-NextGen_logo-497x480.png 497w, https:\/\/www.visionsdureel.ch\/wp-content\/uploads\/2021\/08\/VdR-NextGen_logo-187x180.png 187w, https:\/\/www.visionsdureel.ch\/wp-content\/uploads\/2021\/08\/VdR-NextGen_logo-249x240.png 249w, https:\/\/www.visionsdureel.ch\/wp-content\/uploads\/2021\/08\/VdR-NextGen_logo-373x360.png 373w, https:\/\/www.visionsdureel.ch\/wp-content\/uploads\/2021\/08\/VdR-NextGen_logo-1119x1080.png 1119w, https:\/\/www.visionsdureel.ch\/wp-content\/uploads\/2021\/08\/VdR-NextGen_logo.png 1166w\" sizes=\"auto, (max-width: 746px) 100vw, 746px\" \/><\/figure>\n\n\n\n<hr class=\"wp-block-separator has-alpha-channel-opacity\"\/>\n\n\n\n<h2 class=\"wp-block-heading\">Aktivit\u00e4ten<\/h2>\n\n\n      <\/div>\n    <\/div>\n  \n    <div class=\"w-100 container-fluid carousel-block-container\">\n    <div class=\"row mx-n3\">\n\n      \n                      <div class=\"col-12 col-sm-6 col-lg-4 \">\n            <article class=\"article-selection mb-5 mb-sm-4 mb-md-3 post-27478\">\n    <a class=\"link-image thumbnail-16-9\" data-href=\"https:\/\/www.visionsdureel.ch\/de\/kulturelle-teilhabe\/next-gen\/jurys-et-comite\/\" href=\"https:\/\/www.visionsdureel.ch\/de\/kulturelle-teilhabe\/next-gen\/jurys-et-comite\/\">\n      <img loading=\"lazy\" decoding=\"async\" width=\"270\" height=\"180\" src=\"https:\/\/www.visionsdureel.ch\/wp-content\/uploads\/2021\/01\/250409-jury-jeune\u00a9NikitaThevoz_01_web-270x180.jpeg\" class=\"attachment-thumbnail size-thumbnail wp-post-image\" alt=\"\" sizes=\"auto, (max-width: 575px) 100vw, (max-width: 991px) calc(100vw \/ 2), (-webkit-min-device-pixel-ratio: 1.5) calc(100vw \/ 3), calc(100vw \/ 3)\" srcset=\"https:\/\/www.visionsdureel.ch\/wp-content\/uploads\/2021\/01\/250409-jury-jeune\u00a9NikitaThevoz_01_web-270x180.jpeg 270w, https:\/\/www.visionsdureel.ch\/wp-content\/uploads\/2021\/01\/250409-jury-jeune\u00a9NikitaThevoz_01_web-720x480.jpeg 720w, https:\/\/www.visionsdureel.ch\/wp-content\/uploads\/2021\/01\/250409-jury-jeune\u00a9NikitaThevoz_01_web-1080x720.jpeg 1080w, https:\/\/www.visionsdureel.ch\/wp-content\/uploads\/2021\/01\/250409-jury-jeune\u00a9NikitaThevoz_01_web-360x240.jpeg 360w, https:\/\/www.visionsdureel.ch\/wp-content\/uploads\/2021\/01\/250409-jury-jeune\u00a9NikitaThevoz_01_web-540x360.jpeg 540w, https:\/\/www.visionsdureel.ch\/wp-content\/uploads\/2021\/01\/250409-jury-jeune\u00a9NikitaThevoz_01_web-1620x1080.jpeg 1620w, https:\/\/www.visionsdureel.ch\/wp-content\/uploads\/2021\/01\/250409-jury-jeune\u00a9NikitaThevoz_01_web.jpeg 1920w\" \/>          <\/a>\n        <h4 class=\"mt-2 mb-1 font-size-sm\">\n      <strong>Jugendjury (16-21 Jahre)<\/strong>    <\/h4>\n              <div class=\"thumb_text font-size-sm \"> Die Jugendjury wirft einen frischen Blick auf die Sektion Kurz- und Langfilme. <\/div>\n              <div class=\"mt-2\"> <a href=\"https:\/\/www.visionsdureel.ch\/de\/kulturelle-teilhabe\/next-gen\/jurys-et-comite\/\" class=\"font-size-sm \">\n          Mehr        <\/a> <\/div>\n      <\/article>\n        <\/div>\n                      <div class=\"col-12 col-sm-6 col-lg-4 \">\n            <article class=\"article-selection mb-5 mb-sm-4 mb-md-3 post-167799\">\n    <a class=\"link-image thumbnail-16-9\" data-href=\"https:\/\/www.visionsdureel.ch\/de\/kulturelle-teilhabe\/next-gen\/concours-reflex\/\" href=\"https:\/\/www.visionsdureel.ch\/de\/kulturelle-teilhabe\/next-gen\/concours-reflex\/\">\n      <img loading=\"lazy\" decoding=\"async\" width=\"270\" height=\"180\" src=\"https:\/\/www.visionsdureel.ch\/wp-content\/uploads\/2025\/04\/VDR25_040725_Reflex\u00a9KWadimoff_WEB-1-270x180.jpg\" class=\"attachment-thumbnail size-thumbnail wp-post-image\" alt=\"\" sizes=\"auto, (max-width: 575px) 100vw, (max-width: 991px) calc(100vw \/ 2), (-webkit-min-device-pixel-ratio: 1.5) calc(100vw \/ 3), calc(100vw \/ 3)\" srcset=\"https:\/\/www.visionsdureel.ch\/wp-content\/uploads\/2025\/04\/VDR25_040725_Reflex\u00a9KWadimoff_WEB-1-270x180.jpg 270w, https:\/\/www.visionsdureel.ch\/wp-content\/uploads\/2025\/04\/VDR25_040725_Reflex\u00a9KWadimoff_WEB-1-720x480.jpg 720w, https:\/\/www.visionsdureel.ch\/wp-content\/uploads\/2025\/04\/VDR25_040725_Reflex\u00a9KWadimoff_WEB-1-1079x720.jpg 1079w, https:\/\/www.visionsdureel.ch\/wp-content\/uploads\/2025\/04\/VDR25_040725_Reflex\u00a9KWadimoff_WEB-1-360x240.jpg 360w, https:\/\/www.visionsdureel.ch\/wp-content\/uploads\/2025\/04\/VDR25_040725_Reflex\u00a9KWadimoff_WEB-1-540x360.jpg 540w, https:\/\/www.visionsdureel.ch\/wp-content\/uploads\/2025\/04\/VDR25_040725_Reflex\u00a9KWadimoff_WEB-1-1619x1080.jpg 1619w\" \/>          <\/a>\n        <h4 class=\"mt-2 mb-1 font-size-sm\">\n      <strong>Concours Reflex (12-26 ans)<\/strong>    <\/h4>\n              <div class=\"thumb_text font-size-sm \"> REFLEX est un concours de films de 3 minutes, destin\u00e9 aux jeunes de 12 \u00e0 26 ans!   <\/div>\n              <div class=\"mt-2\"> <a href=\"https:\/\/www.visionsdureel.ch\/de\/kulturelle-teilhabe\/next-gen\/concours-reflex\/\" class=\"font-size-sm \">\n          Mehr        <\/a> <\/div>\n      <\/article>\n        <\/div>\n                      <div class=\"col-12 col-sm-6 col-lg-4 \">\n            <article class=\"article-selection mb-5 mb-sm-4 mb-md-3 post-193608\">\n    <a class=\"link-image thumbnail-16-9\" data-href=\"https:\/\/www.visionsdureel.ch\/de\/kulturelle-teilhabe\/next-gen\/weekend-de-creation-video\/\" href=\"https:\/\/www.visionsdureel.ch\/de\/kulturelle-teilhabe\/next-gen\/weekend-de-creation-video\/\">\n      <img loading=\"lazy\" decoding=\"async\" width=\"270\" height=\"180\" src=\"https:\/\/www.visionsdureel.ch\/wp-content\/uploads\/2023\/03\/20240413_LisaFrisco_064-270x180.jpg\" class=\"attachment-thumbnail size-thumbnail wp-post-image\" alt=\"\" sizes=\"auto, (max-width: 575px) 100vw, (max-width: 991px) calc(100vw \/ 2), (-webkit-min-device-pixel-ratio: 1.5) calc(100vw \/ 3), calc(100vw \/ 3)\" srcset=\"https:\/\/www.visionsdureel.ch\/wp-content\/uploads\/2023\/03\/20240413_LisaFrisco_064-270x180.jpg 270w, https:\/\/www.visionsdureel.ch\/wp-content\/uploads\/2023\/03\/20240413_LisaFrisco_064-720x480.jpg 720w, https:\/\/www.visionsdureel.ch\/wp-content\/uploads\/2023\/03\/20240413_LisaFrisco_064-1080x720.jpg 1080w, https:\/\/www.visionsdureel.ch\/wp-content\/uploads\/2023\/03\/20240413_LisaFrisco_064-360x240.jpg 360w, https:\/\/www.visionsdureel.ch\/wp-content\/uploads\/2023\/03\/20240413_LisaFrisco_064-540x360.jpg 540w, https:\/\/www.visionsdureel.ch\/wp-content\/uploads\/2023\/03\/20240413_LisaFrisco_064-1620x1080.jpg 1620w, https:\/\/www.visionsdureel.ch\/wp-content\/uploads\/2023\/03\/20240413_LisaFrisco_064.jpg 2048w\" \/>          <\/a>\n        <h4 class=\"mt-2 mb-1 font-size-sm\">\n      <strong>Videokunst-Wochenende (13\u201315 Jahre)<\/strong>    <\/h4>\n              <div class=\"thumb_text font-size-sm \"> Encadr\u00e9\u00b7e\u00b7s par une \u00e9quipe professionnelle, les apprenti\u00b7e\u00b7s cin\u00e9astes imaginent, r\u00e9alisent et pr\u00e9sentent un court m\u00e9trage. <\/div>\n              <div class=\"mt-2\"> <a href=\"https:\/\/www.visionsdureel.ch\/de\/kulturelle-teilhabe\/next-gen\/weekend-de-creation-video\/\" class=\"font-size-sm \">\n          Mehr        <\/a> <\/div>\n      <\/article>\n        <\/div>\n      \n          <\/div>\n  <\/div>\n  \n      <div class=\"row\">\n      <div class=\"col-12 col-sm-10 col-md-9 col-lg-7 col-xl-6 mx-auto\">\n          \n\n      <\/div>\n    <\/div>\n  \n    <div class=\"w-100 container-fluid carousel-block-container\">\n    <div class=\"row mx-n3\">\n\n      <div class=\"col-sm d-none d-lg-block\"><\/div>\n                      <div class=\"col-12 col-sm-6 col-lg-4 \">\n            <article class=\"article-selection mb-5 mb-sm-4 mb-md-3 post-167815\">\n    <a class=\"link-image thumbnail-16-9\" data-href=\"https:\/\/www.visionsdureel.ch\/de\/kulturelle-teilhabe\/next-gen\/new-generation-days-de\/\" href=\"https:\/\/www.visionsdureel.ch\/de\/kulturelle-teilhabe\/next-gen\/new-generation-days-de\/\">\n      <img loading=\"lazy\" decoding=\"async\" width=\"270\" height=\"180\" src=\"https:\/\/www.visionsdureel.ch\/wp-content\/uploads\/2025\/04\/250404-NewGenerationDay\u00a9NikitaThevoz_11_web-270x180.jpeg\" class=\"attachment-thumbnail size-thumbnail wp-post-image\" alt=\"\" sizes=\"auto, (max-width: 575px) 100vw, (max-width: 991px) calc(100vw \/ 2), (-webkit-min-device-pixel-ratio: 1.5) calc(100vw \/ 3), calc(100vw \/ 3)\" srcset=\"https:\/\/www.visionsdureel.ch\/wp-content\/uploads\/2025\/04\/250404-NewGenerationDay\u00a9NikitaThevoz_11_web-270x180.jpeg 270w, https:\/\/www.visionsdureel.ch\/wp-content\/uploads\/2025\/04\/250404-NewGenerationDay\u00a9NikitaThevoz_11_web-720x480.jpeg 720w, https:\/\/www.visionsdureel.ch\/wp-content\/uploads\/2025\/04\/250404-NewGenerationDay\u00a9NikitaThevoz_11_web-1080x720.jpeg 1080w, https:\/\/www.visionsdureel.ch\/wp-content\/uploads\/2025\/04\/250404-NewGenerationDay\u00a9NikitaThevoz_11_web-360x240.jpeg 360w, https:\/\/www.visionsdureel.ch\/wp-content\/uploads\/2025\/04\/250404-NewGenerationDay\u00a9NikitaThevoz_11_web-540x360.jpeg 540w, https:\/\/www.visionsdureel.ch\/wp-content\/uploads\/2025\/04\/250404-NewGenerationDay\u00a9NikitaThevoz_11_web-1620x1080.jpeg 1620w, https:\/\/www.visionsdureel.ch\/wp-content\/uploads\/2025\/04\/250404-NewGenerationDay\u00a9NikitaThevoz_11_web.jpeg 1920w\" \/>          <\/a>\n        <h4 class=\"mt-2 mb-1 font-size-sm\">\n      <strong>New Generation Days (18-22 Jahre)<\/strong>    <\/h4>\n              <div class=\"thumb_text font-size-sm \"> F\u00fcr filmbegeisterte Jugendliche, die Filme entdecken wollen, die oft nicht im Kino zu sehen sind, und die Fachleute aus der Branche treffen wollen. <\/div>\n              <div class=\"mt-2\"> <a href=\"https:\/\/www.visionsdureel.ch\/de\/kulturelle-teilhabe\/next-gen\/new-generation-days-de\/\" class=\"font-size-sm \">\n          Mehr        <\/a> <\/div>\n      <\/article>\n        <\/div>\n                      <div class=\"col-12 col-sm-6 col-lg-4 \">\n            <article class=\"article-selection mb-5 mb-sm-4 mb-md-3 post-229637\">\n    <a class=\"link-image thumbnail-16-9\" data-href=\"https:\/\/www.visionsdureel.ch\/de\/kulturelle-teilhabe\/next-gen\/ab-14-jahren\/\" href=\"https:\/\/www.visionsdureel.ch\/de\/kulturelle-teilhabe\/next-gen\/ab-14-jahren\/\">\n      <img loading=\"lazy\" decoding=\"async\" width=\"270\" height=\"180\" src=\"https:\/\/www.visionsdureel.ch\/wp-content\/uploads\/2024\/03\/VDR23_0425_SoireeReflex_\u00a9KenzaWadimoff_WEB-11-270x180.jpg\" class=\"attachment-thumbnail size-thumbnail wp-post-image\" alt=\"\" sizes=\"auto, (max-width: 575px) 100vw, (max-width: 991px) calc(100vw \/ 2), (-webkit-min-device-pixel-ratio: 1.5) calc(100vw \/ 3), calc(100vw \/ 3)\" srcset=\"https:\/\/www.visionsdureel.ch\/wp-content\/uploads\/2024\/03\/VDR23_0425_SoireeReflex_\u00a9KenzaWadimoff_WEB-11-270x180.jpg 270w, https:\/\/www.visionsdureel.ch\/wp-content\/uploads\/2024\/03\/VDR23_0425_SoireeReflex_\u00a9KenzaWadimoff_WEB-11-720x480.jpg 720w, https:\/\/www.visionsdureel.ch\/wp-content\/uploads\/2024\/03\/VDR23_0425_SoireeReflex_\u00a9KenzaWadimoff_WEB-11-1079x720.jpg 1079w, https:\/\/www.visionsdureel.ch\/wp-content\/uploads\/2024\/03\/VDR23_0425_SoireeReflex_\u00a9KenzaWadimoff_WEB-11-360x240.jpg 360w, https:\/\/www.visionsdureel.ch\/wp-content\/uploads\/2024\/03\/VDR23_0425_SoireeReflex_\u00a9KenzaWadimoff_WEB-11-540x360.jpg 540w, https:\/\/www.visionsdureel.ch\/wp-content\/uploads\/2024\/03\/VDR23_0425_SoireeReflex_\u00a9KenzaWadimoff_WEB-11.jpg 1619w\" \/>          <\/a>\n        <h4 class=\"mt-2 mb-1 font-size-sm\">\n      <strong>Auswahl von Filmen f\u00fcr Personen ab 14 Jahre<\/strong>    <\/h4>\n              <div class=\"thumb_text font-size-sm \"> Entdecken Sie sechs Filme aus dem offiziellen Programm, die von einer Pr\u00fcfungskommission genehmigt wurden und ab 14 Jahren freigegeben sind. <\/div>\n              <div class=\"mt-2\"> <a href=\"https:\/\/www.visionsdureel.ch\/de\/kulturelle-teilhabe\/next-gen\/ab-14-jahren\/\" class=\"font-size-sm \">\n          Mehr        <\/a> <\/div>\n      <\/article>\n        <\/div>\n      \n      <div class=\"col-sm d-none d-lg-block\"><\/div>    <\/div>\n  <\/div>\n  \n      <div class=\"row\">\n      <div class=\"col-12 col-sm-10 col-md-9 col-lg-7 col-xl-6 mx-auto\">\n          ","protected":false},"excerpt":{"rendered":"<p>Visions du R\u00e9el et la Mobili\u00e8re s\u2019associent pour lancer Next Gen : un nouveau label d\u00e9di\u00e9 aux jeunes de 12 \u00e0 26 ans.<\/p>\n","protected":false},"featured_media":243055,"parent":0,"menu_order":0,"template":"","meta":{"_acf_changed":true},"class_list":["post-159287","p-culturelle","type-p-culturelle","status-publish","has-post-thumbnail","hentry"],"acf":[],"_links":{"self":[{"href":"https:\/\/www.visionsdureel.ch\/de\/wp-json\/wp\/v2\/p-culturelle\/159287","targetHints":{"allow":["GET"]}}],"collection":[{"href":"https:\/\/www.visionsdureel.ch\/de\/wp-json\/wp\/v2\/p-culturelle"}],"about":[{"href":"https:\/\/www.visionsdureel.ch\/de\/wp-json\/wp\/v2\/types\/p-culturelle"}],"wp:featuredmedia":[{"embeddable":true,"href":"https:\/\/www.visionsdureel.ch\/de\/wp-json\/wp\/v2\/media\/243055"}],"wp:attachment":[{"href":"https:\/\/www.visionsdureel.ch\/de\/wp-json\/wp\/v2\/media?parent=159287"}],"curies":[{"name":"wp","href":"https:\/\/api.w.org\/{rel}","templated":true}]}}