{"id":30512,"date":"2021-03-24T16:03:06","date_gmt":"2021-03-24T15:03:06","guid":{"rendered":"https:\/\/vdr.daisybell.ch\/news\/faq\/"},"modified":"2026-04-26T19:40:09","modified_gmt":"2026-04-26T17:40:09","slug":"faq","status":"publish","type":"info","link":"https:\/\/www.visionsdureel.ch\/de\/info\/a-propos\/faq\/","title":{"rendered":"H\u00e4ufig gestellte Fragen"},"content":{"rendered":"\n<div class=\"wp-block-columns is-layout-flex wp-container-core-columns-is-layout-9d6595d7 wp-block-columns-is-layout-flex\">\n<div class=\"wp-block-column is-layout-flow wp-block-column-is-layout-flow\"><\/div>\n<\/div>\n\n\n<a href=\"https:\/\/www.visionsdureel.ch\/de\/infos\/faq\/#FAQG\" \n   class=\"btn btn-outline-primary\"\n   target=\"\">\n\t\t<span>H\u00e4ufig gestellte Fragen \u2013 Allgemeines<\/span>\n<\/a>\n\n\n\n<p><\/p>\n\n\n<a href=\"https:\/\/www.visionsdureel.ch\/de\/infos\/faq\/#FAQACC\" \n   class=\"btn btn-outline-primary\"\n   target=\"\">\n\t\t<span>H\u00e4ufig gestellte Fragen \u2013 Barrierefreiheit<\/span>\n<\/a>\n\n\n\n<div style=\"height:33px\" aria-hidden=\"true\" class=\"wp-block-spacer\"><\/div>\n\n\n\n<div class=\"wp-block-buttons is-layout-flex wp-block-buttons-is-layout-flex\">\n<div class=\"wp-block-button has-custom-width wp-block-button__width-100 is-style-outline is-style-outline--1\"><a class=\"wp-block-button__link has-accent-color has-text-color has-link-color wp-element-button\" href=\"https:\/\/www.visionsdureel.ch\/de\/abonnements\/\" style=\"border-radius:0px\">&nbsp;Kaufen Sie eine Fahrkarte\/Abonnement<\/a><\/div>\n<\/div>\n\n\n\n<p><\/p>\n\n\n\n<div class=\"wp-block-buttons is-layout-flex wp-block-buttons-is-layout-flex\">\n<div class=\"wp-block-button has-custom-width wp-block-button__width-100 is-style-outline is-style-outline--2\"><a class=\"wp-block-button__link has-accent-color has-text-color has-link-color wp-element-button\" href=\"https:\/\/www.visionsdureel.ch\/de\/info\/a-propos\/billetterie\/\" style=\"border-radius:0px\">Informationen zum Ticketverkauf<\/a><\/div>\n<\/div>\n\n\n\n<div style=\"height:40px\" aria-hidden=\"true\" class=\"wp-block-spacer\"><\/div>\n\n\n\n<h2 class=\"wp-block-heading\" id=\"FAQG\">H\u00e4ufig gestellte Fragen \u2013 Allgemeines<\/h2>\n\n\n\n<section class=\"accordions\">\n\t\n\t<div class=\"accordion\" id=\"tabs-block_bceaee0a90403659a7d5b986a760a914\">\n\t\t  \t\t<div class=\"card\">\n\t\t\t<div class=\"card-header\" id=\"heading-tabs-block_bceaee0a90403659a7d5b986a760a914\">\n\t\t\t\t<button \n\t\t\t\t\t\tclass=\"btn link-reverse btn-block text-left\" \n\t\t\t\t\t\ttype=\"button\" \n\t\t\t\t\t\tdata-toggle=\"collapse\" \n\t\t\t\t\t\tdata-target=\"#collapse-tabs-block_bceaee0a90403659a7d5b986a760a914-0\" \n\t\t\t\t\t\taria-expanded=\"true\" \n\t\t\t\t\t\taria-controls=\"collapse-tabs-block_bceaee0a90403659a7d5b986a760a914-0\">\n\t\t\t\t\tWo finde ich das Programm der 57. Ausgabe ?\t\t\t\t<\/button>\n\t\t\t<\/div>\n\n    \t\t<div id=\"collapse-tabs-block_bceaee0a90403659a7d5b986a760a914-0\" class=\"collapse show\" aria-labelledby=\"heading-tabs-block_bceaee0a90403659a7d5b986a760a914\" data-parent=\"#tabs-block_bceaee0a90403659a7d5b986a760a914\">\n      \t\t\t<div class=\"card-body px-3\">\n        \t\t\t<p>Das vollst\u00e4ndige Programm finden <a href=\"https:\/\/www.visionsdureel.ch\/de\/programm\/zeitplan\/\">Sie hier online<\/a>.<br \/>\nDas gedruckte Programm finden <a href=\"https:\/\/www.visionsdureel.ch\/wp-content\/uploads\/2026\/04\/VdR26_Programme-web_15.04.pdf\" target=\"_blank\" rel=\"noopener\">Sie hier in der PDF-Version<\/a>.<br \/>\nDas Zeitplan finden <a href=\"https:\/\/www.visionsdureel.ch\/wp-content\/uploads\/2026\/04\/VdR26_Grille-PDF-15.04.pdf\">Sie hier in der PDF-Version<\/a>.<\/p>\n      \t\t\t<\/div>\n    \t\t<\/div>\n  \t\t<\/div>\n  \t\t  \t\t<div class=\"card\">\n\t\t\t<div class=\"card-header\" id=\"heading-tabs-block_bceaee0a90403659a7d5b986a760a914\">\n\t\t\t\t<button \n\t\t\t\t\t\tclass=\"btn link-reverse btn-block text-left\" \n\t\t\t\t\t\ttype=\"button\" \n\t\t\t\t\t\tdata-toggle=\"collapse\" \n\t\t\t\t\t\tdata-target=\"#collapse-tabs-block_bceaee0a90403659a7d5b986a760a914-1\" \n\t\t\t\t\t\taria-expanded=\"false\" \n\t\t\t\t\t\taria-controls=\"collapse-tabs-block_bceaee0a90403659a7d5b986a760a914-1\">\n\t\t\t\t\tWo finde ich das Programm der einzelnen Vorf\u00fchrungss\u00e4le ? \t\t\t\t<\/button>\n\t\t\t<\/div>\n\n    \t\t<div id=\"collapse-tabs-block_bceaee0a90403659a7d5b986a760a914-1\" class=\"collapse \" aria-labelledby=\"heading-tabs-block_bceaee0a90403659a7d5b986a760a914\" data-parent=\"#tabs-block_bceaee0a90403659a7d5b986a760a914\">\n      \t\t\t<div class=\"card-body px-3\">\n        \t\t\t<p>Die Vorstellungszeiten sind in der\u00a0<a href=\"https:\/\/www.visionsdureel.ch\/wp-content\/uploads\/2026\/04\/VdR26_Programme-web_15.04.pdf\" target=\"_blank\" rel=\"noopener\">PDF-Version<\/a> des gedruckten Programms auf Seite 62-65 zu finden.<br \/>\nDas Zeitplan finden <a href=\"https:\/\/www.visionsdureel.ch\/wp-content\/uploads\/2026\/04\/VdR26_Grille-PDF-15.04.pdf\">Sie hier in der PDF-Version<\/a>.<\/p>\n      \t\t\t<\/div>\n    \t\t<\/div>\n  \t\t<\/div>\n  \t\t  \t\t<div class=\"card\">\n\t\t\t<div class=\"card-header\" id=\"heading-tabs-block_bceaee0a90403659a7d5b986a760a914\">\n\t\t\t\t<button \n\t\t\t\t\t\tclass=\"btn link-reverse btn-block text-left\" \n\t\t\t\t\t\ttype=\"button\" \n\t\t\t\t\t\tdata-toggle=\"collapse\" \n\t\t\t\t\t\tdata-target=\"#collapse-tabs-block_bceaee0a90403659a7d5b986a760a914-2\" \n\t\t\t\t\t\taria-expanded=\"false\" \n\t\t\t\t\t\taria-controls=\"collapse-tabs-block_bceaee0a90403659a7d5b986a760a914-2\">\n\t\t\t\t\tWo bekomme ich ein gedrucktes Programm ?\t\t\t\t<\/button>\n\t\t\t<\/div>\n\n    \t\t<div id=\"collapse-tabs-block_bceaee0a90403659a7d5b986a760a914-2\" class=\"collapse \" aria-labelledby=\"heading-tabs-block_bceaee0a90403659a7d5b986a760a914\" data-parent=\"#tabs-block_bceaee0a90403659a7d5b986a760a914\">\n      \t\t\t<div class=\"card-body px-3\">\n        \t\t\t<p>Da gibt es verschiedene M\u00f6glichkeiten:<\/p>\n<p>Im Festivalb\u00fcro, Place du March\u00e9 2, 1260 Nyon (Mo.\u2013Fr., 10 bis 17 Uhr).<br \/>\nAb dem 17. April an allen Veranstaltungsorten des Festivals.<br \/>\n\u00dcber den Postweg: Bitte teilen Sie uns unter <a href=\"mailto:production@visionsdureel.ch\">production@visionsdureel.ch<\/a> Ihre Adresse mit.<\/p>\n      \t\t\t<\/div>\n    \t\t<\/div>\n  \t\t<\/div>\n  \t\t  \t\t<div class=\"card\">\n\t\t\t<div class=\"card-header\" id=\"heading-tabs-block_bceaee0a90403659a7d5b986a760a914\">\n\t\t\t\t<button \n\t\t\t\t\t\tclass=\"btn link-reverse btn-block text-left\" \n\t\t\t\t\t\ttype=\"button\" \n\t\t\t\t\t\tdata-toggle=\"collapse\" \n\t\t\t\t\t\tdata-target=\"#collapse-tabs-block_bceaee0a90403659a7d5b986a760a914-3\" \n\t\t\t\t\t\taria-expanded=\"false\" \n\t\t\t\t\t\taria-controls=\"collapse-tabs-block_bceaee0a90403659a7d5b986a760a914-3\">\n\t\t\t\t\tWie kann ich die App Visions du R\u00e9el herunterladen? \t\t\t\t<\/button>\n\t\t\t<\/div>\n\n    \t\t<div id=\"collapse-tabs-block_bceaee0a90403659a7d5b986a760a914-3\" class=\"collapse \" aria-labelledby=\"heading-tabs-block_bceaee0a90403659a7d5b986a760a914\" data-parent=\"#tabs-block_bceaee0a90403659a7d5b986a760a914\">\n      \t\t\t<div class=\"card-body px-3\">\n        \t\t\t<p>Die App befindet sich noch in der Entwicklung und wird in der ersten Aprilwoche verf\u00fcgbar sein.<\/p>\n      \t\t\t<\/div>\n    \t\t<\/div>\n  \t\t<\/div>\n  \t\t  \t\t<div class=\"card\">\n\t\t\t<div class=\"card-header\" id=\"heading-tabs-block_bceaee0a90403659a7d5b986a760a914\">\n\t\t\t\t<button \n\t\t\t\t\t\tclass=\"btn link-reverse btn-block text-left\" \n\t\t\t\t\t\ttype=\"button\" \n\t\t\t\t\t\tdata-toggle=\"collapse\" \n\t\t\t\t\t\tdata-target=\"#collapse-tabs-block_bceaee0a90403659a7d5b986a760a914-4\" \n\t\t\t\t\t\taria-expanded=\"false\" \n\t\t\t\t\t\taria-controls=\"collapse-tabs-block_bceaee0a90403659a7d5b986a760a914-4\">\n\t\t\t\t\tWo finde ich die neuesten Nachrichten zum Festival?\t\t\t\t<\/button>\n\t\t\t<\/div>\n\n    \t\t<div id=\"collapse-tabs-block_bceaee0a90403659a7d5b986a760a914-4\" class=\"collapse \" aria-labelledby=\"heading-tabs-block_bceaee0a90403659a7d5b986a760a914\" data-parent=\"#tabs-block_bceaee0a90403659a7d5b986a760a914\">\n      \t\t\t<div class=\"card-body px-3\">\n        \t\t\t<p>Auf unserer <a href=\"https:\/\/www.visionsdureel.ch\/de\/news\/\">News<\/a>-Seite finden Sie die neuesten Nachrichten zum Festival. Sie k\u00f6nnen sich auch f\u00fcr unseren <a href=\"https:\/\/www.visionsdureel.ch\/de\/newsletter\/\">Newsletter<\/a> anmelden oder <a href=\"https:\/\/www.instagram.com\/visionsdureel\/\">@visionsdureel<\/a> folgen, um auf dem Laufenden zu bleiben.<\/p>\n      \t\t\t<\/div>\n    \t\t<\/div>\n  \t\t<\/div>\n  \t\t  \t\t<div class=\"card\">\n\t\t\t<div class=\"card-header\" id=\"heading-tabs-block_bceaee0a90403659a7d5b986a760a914\">\n\t\t\t\t<button \n\t\t\t\t\t\tclass=\"btn link-reverse btn-block text-left\" \n\t\t\t\t\t\ttype=\"button\" \n\t\t\t\t\t\tdata-toggle=\"collapse\" \n\t\t\t\t\t\tdata-target=\"#collapse-tabs-block_bceaee0a90403659a7d5b986a760a914-5\" \n\t\t\t\t\t\taria-expanded=\"false\" \n\t\t\t\t\t\taria-controls=\"collapse-tabs-block_bceaee0a90403659a7d5b986a760a914-5\">\n\t\t\t\t\tWie reserviere ich einen Platz f\u00fcr das Pre-Opening ?\t\t\t\t<\/button>\n\t\t\t<\/div>\n\n    \t\t<div id=\"collapse-tabs-block_bceaee0a90403659a7d5b986a760a914-5\" class=\"collapse \" aria-labelledby=\"heading-tabs-block_bceaee0a90403659a7d5b986a760a914\" data-parent=\"#tabs-block_bceaee0a90403659a7d5b986a760a914\">\n      \t\t\t<div class=\"card-body px-3\">\n        \t\t\t<p>&nbsp;<\/p>\n<p>Die Vorstellung wird von der Stadt Nyon kostenlos angeboten \u2013 die Tickets k\u00f6nnen zum Preis von 0 CHF auf der Website reserviert werden. Der Zutritt zur Vorstellung ist nur mit einem QR-Code m\u00f6glich, den Sie bei der Reservierung erhalten.<\/p>\n<p>Alle Informationen hierzu finden Sie unter<span class=\"apple-converted-space\"><span lang=\"DE\">\u00a0<\/span><\/span><span lang=\"DE\"><a href=\"https:\/\/www.visionsdureel.ch\/film\/2026\/saintejulie\/\">diesem Link.<\/a><\/span><\/p>\n      \t\t\t<\/div>\n    \t\t<\/div>\n  \t\t<\/div>\n  \t\t  \t\t<div class=\"card\">\n\t\t\t<div class=\"card-header\" id=\"heading-tabs-block_bceaee0a90403659a7d5b986a760a914\">\n\t\t\t\t<button \n\t\t\t\t\t\tclass=\"btn link-reverse btn-block text-left\" \n\t\t\t\t\t\ttype=\"button\" \n\t\t\t\t\t\tdata-toggle=\"collapse\" \n\t\t\t\t\t\tdata-target=\"#collapse-tabs-block_bceaee0a90403659a7d5b986a760a914-6\" \n\t\t\t\t\t\taria-expanded=\"false\" \n\t\t\t\t\t\taria-controls=\"collapse-tabs-block_bceaee0a90403659a7d5b986a760a914-6\">\n\t\t\t\t\tWie reserviere ich einen Platz f\u00fcr die offiziellen Festakte ?\t\t\t\t<\/button>\n\t\t\t<\/div>\n\n    \t\t<div id=\"collapse-tabs-block_bceaee0a90403659a7d5b986a760a914-6\" class=\"collapse \" aria-labelledby=\"heading-tabs-block_bceaee0a90403659a7d5b986a760a914\" data-parent=\"#tabs-block_bceaee0a90403659a7d5b986a760a914\">\n      \t\t\t<div class=\"card-body px-3\">\n        \t\t\t<p><a href=\"https:\/\/www.visionsdureel.ch\/de\/film\/2025\/blame\/\">Er\u00f6ffnungsfeier im Th\u00e9\u00e2tre de Marens<\/a> ist f\u00fcr die \u00d6ffentlichkeit geschlossen<br \/>\n<a href=\"https:\/\/www.visionsdureel.ch\/de\/film\/2026\/cover-up\/\">Der Film der Er\u00f6ffnungszeremonie, Cover-Up<\/a> im Grande salle auf dem Place du R\u00e9el, Freitag, 17. April, ist f\u00fcr die \u00d6ffentlichkeit zug\u00e4nglich<br \/>\n<a href=\"https:\/\/www.visionsdureel.ch\/de\/film\/2026\/the-mastermind\/\">Die Zeremonie zur Ehrung des Ehrengastes Kelly Reichardt<\/a> im Th\u00e9\u00e2tre de Marens, Montag, 20. April ist, f\u00fcr die \u00d6ffentlichkeit zug\u00e4nglich.<br \/>\n<a href=\"https:\/\/visionsdureel.ch\/de\/event\/2025\/ceremonie-de-remise-des-prix-3\/\">Preisverleihung<\/a> in der Usine \u00e0 Gaz, findet am 24. April um 19 Uhr statt.<\/p>\n<p>Die Anzahl der Pl\u00e4tze ist beschr\u00e4nkt!<\/p>\n      \t\t\t<\/div>\n    \t\t<\/div>\n  \t\t<\/div>\n  \t\t  \t\t<div class=\"card\">\n\t\t\t<div class=\"card-header\" id=\"heading-tabs-block_bceaee0a90403659a7d5b986a760a914\">\n\t\t\t\t<button \n\t\t\t\t\t\tclass=\"btn link-reverse btn-block text-left\" \n\t\t\t\t\t\ttype=\"button\" \n\t\t\t\t\t\tdata-toggle=\"collapse\" \n\t\t\t\t\t\tdata-target=\"#collapse-tabs-block_bceaee0a90403659a7d5b986a760a914-7\" \n\t\t\t\t\t\taria-expanded=\"false\" \n\t\t\t\t\t\taria-controls=\"collapse-tabs-block_bceaee0a90403659a7d5b986a760a914-7\">\n\t\t\t\t\tKann ich mir ein Ticket r\u00fcckerstatten lassen ? \t\t\t\t<\/button>\n\t\t\t<\/div>\n\n    \t\t<div id=\"collapse-tabs-block_bceaee0a90403659a7d5b986a760a914-7\" class=\"collapse \" aria-labelledby=\"heading-tabs-block_bceaee0a90403659a7d5b986a760a914\" data-parent=\"#tabs-block_bceaee0a90403659a7d5b986a760a914\">\n      \t\t\t<div class=\"card-body px-3\">\n        \t\t\t<p>Die gekauften Tickets k\u00f6nnen leider weder umgetauscht noch erstattet werden. Besten Dank f\u00fcr Ihr Verst\u00e4ndnis.<\/p>\n      \t\t\t<\/div>\n    \t\t<\/div>\n  \t\t<\/div>\n  \t\t  \t\t<div class=\"card\">\n\t\t\t<div class=\"card-header\" id=\"heading-tabs-block_bceaee0a90403659a7d5b986a760a914\">\n\t\t\t\t<button \n\t\t\t\t\t\tclass=\"btn link-reverse btn-block text-left\" \n\t\t\t\t\t\ttype=\"button\" \n\t\t\t\t\t\tdata-toggle=\"collapse\" \n\t\t\t\t\t\tdata-target=\"#collapse-tabs-block_bceaee0a90403659a7d5b986a760a914-8\" \n\t\t\t\t\t\taria-expanded=\"false\" \n\t\t\t\t\t\taria-controls=\"collapse-tabs-block_bceaee0a90403659a7d5b986a760a914-8\">\n\t\t\t\t\tWarum kann ich mit meinem Abonnement bestimmte Filme nicht reservieren ? \t\t\t\t<\/button>\n\t\t\t<\/div>\n\n    \t\t<div id=\"collapse-tabs-block_bceaee0a90403659a7d5b986a760a914-8\" class=\"collapse \" aria-labelledby=\"heading-tabs-block_bceaee0a90403659a7d5b986a760a914\" data-parent=\"#tabs-block_bceaee0a90403659a7d5b986a760a914\">\n      \t\t\t<div class=\"card-body px-3\">\n        \t\t\t<p>Mit dem allgemeinen Abonnement stehen Ihnen alle Vorstellungen in den Kinos\u00e4len und das Online-Angebot zur Verf\u00fcgung.<\/p>\n<p>Dennoch gibt es einige Bedingungen, um sicherzustellen, dass bei den Vorstellungen Publikum anwesend ist:<\/p>\n<p>Bei \u00dcberschneidung von zwei Filmen ist keine Reservierung m\u00f6glich.<br \/>\nPro Abonnement k\u00f6nnen maximal 8\u00a0Filme pro Tag reserviert werden.<\/p>\n      \t\t\t<\/div>\n    \t\t<\/div>\n  \t\t<\/div>\n  \t\t  \t\t<div class=\"card\">\n\t\t\t<div class=\"card-header\" id=\"heading-tabs-block_bceaee0a90403659a7d5b986a760a914\">\n\t\t\t\t<button \n\t\t\t\t\t\tclass=\"btn link-reverse btn-block text-left\" \n\t\t\t\t\t\ttype=\"button\" \n\t\t\t\t\t\tdata-toggle=\"collapse\" \n\t\t\t\t\t\tdata-target=\"#collapse-tabs-block_bceaee0a90403659a7d5b986a760a914-9\" \n\t\t\t\t\t\taria-expanded=\"false\" \n\t\t\t\t\t\taria-controls=\"collapse-tabs-block_bceaee0a90403659a7d5b986a760a914-9\">\n\t\t\t\t\tIch habe ein Problem mit dem Online-Format des Events.\t\t\t\t<\/button>\n\t\t\t<\/div>\n\n    \t\t<div id=\"collapse-tabs-block_bceaee0a90403659a7d5b986a760a914-9\" class=\"collapse \" aria-labelledby=\"heading-tabs-block_bceaee0a90403659a7d5b986a760a914\" data-parent=\"#tabs-block_bceaee0a90403659a7d5b986a760a914\">\n      \t\t\t<div class=\"card-body px-3\">\n        \t\t\t<p>Sollten Sie w\u00e4hrend des Festivals technische Unterst\u00fctzung bei der Nutzung unserer Online-Plattform ben\u00f6tigen, wenden Sie sich bitte an unsere Hotline.<\/p>\n<p><span style=\"text-decoration: underline\">Hotline<\/span>:<br \/>\n&#8211; 23. bis 26. April: 9:00\u201321:00 Uhr<br \/>\n&#8211; 27. April bis 1. Mai: 10:00\u201314:00 Uhr<\/p>\n<p>Sie erreichen uns unter +41 22 365 44 55<\/p>\n      \t\t\t<\/div>\n    \t\t<\/div>\n  \t\t<\/div>\n  \t\t  \t\t<div class=\"card\">\n\t\t\t<div class=\"card-header\" id=\"heading-tabs-block_bceaee0a90403659a7d5b986a760a914\">\n\t\t\t\t<button \n\t\t\t\t\t\tclass=\"btn link-reverse btn-block text-left\" \n\t\t\t\t\t\ttype=\"button\" \n\t\t\t\t\t\tdata-toggle=\"collapse\" \n\t\t\t\t\t\tdata-target=\"#collapse-tabs-block_bceaee0a90403659a7d5b986a760a914-10\" \n\t\t\t\t\t\taria-expanded=\"false\" \n\t\t\t\t\t\taria-controls=\"collapse-tabs-block_bceaee0a90403659a7d5b986a760a914-10\">\n\t\t\t\t\tWie reserviere ich mit meinem Abonnement eine Vorstellung ?\t\t\t\t<\/button>\n\t\t\t<\/div>\n\n    \t\t<div id=\"collapse-tabs-block_bceaee0a90403659a7d5b986a760a914-10\" class=\"collapse \" aria-labelledby=\"heading-tabs-block_bceaee0a90403659a7d5b986a760a914\" data-parent=\"#tabs-block_bceaee0a90403659a7d5b986a760a914\">\n      \t\t\t<div class=\"card-body px-3\">\n        \t\t\t<p>Gehen Sie zum <a href=\"https:\/\/visionsdureel.ch\/de\/programm\/zeitplan\/\">Online-Programm<\/a> auf der Festival-Website.<\/p>\n<p>W\u00e4hlen Sie die gew\u00fcnschte Filmvorstellung.<\/p>\n<p>Loggen Sie sich mit Ihrer TicketID ein.<\/p>\n<p>W\u00e4hlen Sie Datum und Uhrzeit der Vorstellung.<\/p>\n<p>Klicken Sie auf \u201e\u00dcber mein Abonnement einen Platz reservieren\u201c, um Ihre Reservierung abzuschliessen.<\/p>\n<p>Unter \u201eMeine Reservierungen anzeigen\u201c sehen Sie alles im \u00dcberblick.<\/p>\n<p>Sie k\u00f6nnen Ihre Tickets auch an der Festival-Kasse kaufen.<br \/>\nWir empfehlen Ihnen jedoch dringend, Ihren Platz im Voraus online zu reservieren.<\/p>\n      \t\t\t<\/div>\n    \t\t<\/div>\n  \t\t<\/div>\n  \t\t  \t\t<div class=\"card\">\n\t\t\t<div class=\"card-header\" id=\"heading-tabs-block_bceaee0a90403659a7d5b986a760a914\">\n\t\t\t\t<button \n\t\t\t\t\t\tclass=\"btn link-reverse btn-block text-left\" \n\t\t\t\t\t\ttype=\"button\" \n\t\t\t\t\t\tdata-toggle=\"collapse\" \n\t\t\t\t\t\tdata-target=\"#collapse-tabs-block_bceaee0a90403659a7d5b986a760a914-11\" \n\t\t\t\t\t\taria-expanded=\"false\" \n\t\t\t\t\t\taria-controls=\"collapse-tabs-block_bceaee0a90403659a7d5b986a760a914-11\">\n\t\t\t\t\tIch habe ein Ticket gekauft, aber keine Best\u00e4tigungsmail erhalten.\t\t\t\t<\/button>\n\t\t\t<\/div>\n\n    \t\t<div id=\"collapse-tabs-block_bceaee0a90403659a7d5b986a760a914-11\" class=\"collapse \" aria-labelledby=\"heading-tabs-block_bceaee0a90403659a7d5b986a760a914\" data-parent=\"#tabs-block_bceaee0a90403659a7d5b986a760a914\">\n      \t\t\t<div class=\"card-body px-3\">\n        \t\t\t<p>Bei allen Fragen im Zusammenhang mit den Tickets kontaktieren Sie uns bitte unter:<\/p>\n<p>E-Mail: <a href=\"mailto:contact@visionsdureel.ch\">contact@visionsdureel.ch<\/a><br \/>\nVor dem Festival von 10 bis 17 Uhr<br \/>\nW\u00e4hrend des Festivals von 9 bis 21 Uhr<\/p>\n<p>Wir bem\u00fchen uns, Ihnen so schnell wie m\u00f6glich zu antworten.<\/p>\n      \t\t\t<\/div>\n    \t\t<\/div>\n  \t\t<\/div>\n  \t\t  \t\t<div class=\"card\">\n\t\t\t<div class=\"card-header\" id=\"heading-tabs-block_bceaee0a90403659a7d5b986a760a914\">\n\t\t\t\t<button \n\t\t\t\t\t\tclass=\"btn link-reverse btn-block text-left\" \n\t\t\t\t\t\ttype=\"button\" \n\t\t\t\t\t\tdata-toggle=\"collapse\" \n\t\t\t\t\t\tdata-target=\"#collapse-tabs-block_bceaee0a90403659a7d5b986a760a914-12\" \n\t\t\t\t\t\taria-expanded=\"false\" \n\t\t\t\t\t\taria-controls=\"collapse-tabs-block_bceaee0a90403659a7d5b986a760a914-12\">\n\t\t\t\t\tSind die Masterclasses online verf\u00fcgbar ?\t\t\t\t<\/button>\n\t\t\t<\/div>\n\n    \t\t<div id=\"collapse-tabs-block_bceaee0a90403659a7d5b986a760a914-12\" class=\"collapse \" aria-labelledby=\"heading-tabs-block_bceaee0a90403659a7d5b986a760a914\" data-parent=\"#tabs-block_bceaee0a90403659a7d5b986a760a914\">\n      \t\t\t<div class=\"card-body px-3\">\n        \t\t\t<p>In den Jahren 2023 und 2024 wurden die Masterclasses aufgezeichnet, ab 2025 ist dies jedoch nicht mehr der Fall.<\/p>\n      \t\t\t<\/div>\n    \t\t<\/div>\n  \t\t<\/div>\n  \t\t  \t\t<div class=\"card\">\n\t\t\t<div class=\"card-header\" id=\"heading-tabs-block_bceaee0a90403659a7d5b986a760a914\">\n\t\t\t\t<button \n\t\t\t\t\t\tclass=\"btn link-reverse btn-block text-left\" \n\t\t\t\t\t\ttype=\"button\" \n\t\t\t\t\t\tdata-toggle=\"collapse\" \n\t\t\t\t\t\tdata-target=\"#collapse-tabs-block_bceaee0a90403659a7d5b986a760a914-13\" \n\t\t\t\t\t\taria-expanded=\"false\" \n\t\t\t\t\t\taria-controls=\"collapse-tabs-block_bceaee0a90403659a7d5b986a760a914-13\">\n\t\t\t\t\tWelches Online-Angebot gibt es dieses Jahr ?\t\t\t\t<\/button>\n\t\t\t<\/div>\n\n    \t\t<div id=\"collapse-tabs-block_bceaee0a90403659a7d5b986a760a914-13\" class=\"collapse \" aria-labelledby=\"heading-tabs-block_bceaee0a90403659a7d5b986a760a914\" data-parent=\"#tabs-block_bceaee0a90403659a7d5b986a760a914\">\n      \t\t\t<div class=\"card-body px-3\">\n        \t\t\t<div>\n<p><span lang=\"DE\">Vom 23. April bis 4. Mai k\u00f6nnen Sie eine vielf\u00e4ltige Auswahl aus dem Programm 2026 auch bei sich zu Hause anschauen.<\/span><\/p>\n<\/div>\n<div>\n<p><span lang=\"DE\">Alle Informationen \u00fcber unsere Abo-Angebote finden Sie unter<\/span><span class=\"apple-converted-space\"><span lang=\"DE\">\u00a0<\/span><\/span><span lang=\"DE\"><a href=\"https:\/\/visionsdureel.ch\/de\/online-films\/\">diesem Link.<\/a><\/span><\/p>\n<\/div>\n      \t\t\t<\/div>\n    \t\t<\/div>\n  \t\t<\/div>\n  \t\t  \t\t<div class=\"card\">\n\t\t\t<div class=\"card-header\" id=\"heading-tabs-block_bceaee0a90403659a7d5b986a760a914\">\n\t\t\t\t<button \n\t\t\t\t\t\tclass=\"btn link-reverse btn-block text-left\" \n\t\t\t\t\t\ttype=\"button\" \n\t\t\t\t\t\tdata-toggle=\"collapse\" \n\t\t\t\t\t\tdata-target=\"#collapse-tabs-block_bceaee0a90403659a7d5b986a760a914-14\" \n\t\t\t\t\t\taria-expanded=\"false\" \n\t\t\t\t\t\taria-controls=\"collapse-tabs-block_bceaee0a90403659a7d5b986a760a914-14\">\n\t\t\t\t\tWarum stehen die Filme nur in der Schweiz zur Verf\u00fcgung ?\t\t\t\t<\/button>\n\t\t\t<\/div>\n\n    \t\t<div id=\"collapse-tabs-block_bceaee0a90403659a7d5b986a760a914-14\" class=\"collapse \" aria-labelledby=\"heading-tabs-block_bceaee0a90403659a7d5b986a760a914\" data-parent=\"#tabs-block_bceaee0a90403659a7d5b986a760a914\">\n      \t\t\t<div class=\"card-body px-3\">\n        \t\t\t<p>Da das Festival in der Schweiz stattfindet, haben uns die Rechteinhaber*innen die Erlaubnis erteilt, die Filme unter Gebietsbeschr\u00e4nkung in der Schweiz aufzuf\u00fchren, dies mit R\u00fccksicht auf ihren geplanten Vertrieb und ihre zuk\u00fcnftige Vermarktung. Uns ist es nat\u00fcrlich sehr wichtig, dies zu respektieren.<\/p>\n      \t\t\t<\/div>\n    \t\t<\/div>\n  \t\t<\/div>\n  \t\t  \t\t<div class=\"card\">\n\t\t\t<div class=\"card-header\" id=\"heading-tabs-block_bceaee0a90403659a7d5b986a760a914\">\n\t\t\t\t<button \n\t\t\t\t\t\tclass=\"btn link-reverse btn-block text-left\" \n\t\t\t\t\t\ttype=\"button\" \n\t\t\t\t\t\tdata-toggle=\"collapse\" \n\t\t\t\t\t\tdata-target=\"#collapse-tabs-block_bceaee0a90403659a7d5b986a760a914-15\" \n\t\t\t\t\t\taria-expanded=\"false\" \n\t\t\t\t\t\taria-controls=\"collapse-tabs-block_bceaee0a90403659a7d5b986a760a914-15\">\n\t\t\t\t\tWelche Aktivit\u00e4ten sind f\u00fcr das junge Publikum geplant ?\t\t\t\t<\/button>\n\t\t\t<\/div>\n\n    \t\t<div id=\"collapse-tabs-block_bceaee0a90403659a7d5b986a760a914-15\" class=\"collapse \" aria-labelledby=\"heading-tabs-block_bceaee0a90403659a7d5b986a760a914\" data-parent=\"#tabs-block_bceaee0a90403659a7d5b986a760a914\">\n      \t\t\t<div class=\"card-body px-3\">\n        \t\t\t<p>Alle angebotenen Aktivit\u00e4ten zur kulturellen Teilhabe sind unter der Registerkarte Publikum &amp; Aktivit\u00e4ten auf <a href=\"https:\/\/visionsdureel.ch\/de\/kulturelle-teilhabe\/a-propos\/\">der Homepage<\/a> unserer Website zu finden.<br \/>\nDort finden Sie alle Informationen zu unseren beiden Labels:<\/p>\n<p>o Label VdR \u2013 Kids (6\u201312 Jahre). Das ausf\u00fchrliche Programm ist unter <a href=\"https:\/\/visionsdureel.ch\/de\/kulturelle-teilhabe\/a-propos\/vdr-kids\/\">diesem Link<\/a> erh\u00e4ltlich.<br \/>\no Label Next Gen \u2013 La Mobili\u00e8re (12\u201326 Jahre). Das ausf\u00fchrliche Programm ist unter <a href=\"https:\/\/visionsdureel.ch\/de\/kulturelle-teilhabe\/next-gen\/\">diesem Link<\/a> erh\u00e4ltlich.<\/p>\n      \t\t\t<\/div>\n    \t\t<\/div>\n  \t\t<\/div>\n  \t\t  \t\t<div class=\"card\">\n\t\t\t<div class=\"card-header\" id=\"heading-tabs-block_bceaee0a90403659a7d5b986a760a914\">\n\t\t\t\t<button \n\t\t\t\t\t\tclass=\"btn link-reverse btn-block text-left\" \n\t\t\t\t\t\ttype=\"button\" \n\t\t\t\t\t\tdata-toggle=\"collapse\" \n\t\t\t\t\t\tdata-target=\"#collapse-tabs-block_bceaee0a90403659a7d5b986a760a914-16\" \n\t\t\t\t\t\taria-expanded=\"false\" \n\t\t\t\t\t\taria-controls=\"collapse-tabs-block_bceaee0a90403659a7d5b986a760a914-16\">\n\t\t\t\t\tWie kann ich mich f\u00fcr das Festival akkreditieren lassen ?\t\t\t\t<\/button>\n\t\t\t<\/div>\n\n    \t\t<div id=\"collapse-tabs-block_bceaee0a90403659a7d5b986a760a914-16\" class=\"collapse \" aria-labelledby=\"heading-tabs-block_bceaee0a90403659a7d5b986a760a914\" data-parent=\"#tabs-block_bceaee0a90403659a7d5b986a760a914\">\n      \t\t\t<div class=\"card-body px-3\">\n        \t\t\t<div><span lang=\"DE\">Akkreditierungen sind offen und stehen dem Branchenpublikum und der Presse zur Verf\u00fcgung. Weitere Details finden Sie auf der <\/span><span lang=\"DE\"><a href=\"https:\/\/visionsdureel.ch\/de\/info\/accreditation\/\">Akkreditierungsseite.<\/a><\/span><\/div>\n      \t\t\t<\/div>\n    \t\t<\/div>\n  \t\t<\/div>\n  \t\t  \t\t<div class=\"card\">\n\t\t\t<div class=\"card-header\" id=\"heading-tabs-block_bceaee0a90403659a7d5b986a760a914\">\n\t\t\t\t<button \n\t\t\t\t\t\tclass=\"btn link-reverse btn-block text-left\" \n\t\t\t\t\t\ttype=\"button\" \n\t\t\t\t\t\tdata-toggle=\"collapse\" \n\t\t\t\t\t\tdata-target=\"#collapse-tabs-block_bceaee0a90403659a7d5b986a760a914-17\" \n\t\t\t\t\t\taria-expanded=\"false\" \n\t\t\t\t\t\taria-controls=\"collapse-tabs-block_bceaee0a90403659a7d5b986a760a914-17\">\n\t\t\t\t\tDer Ticketpreis einiger Veranstaltungen ist mit 0 CHF angegeben. Was bedeutet das?\t\t\t\t<\/button>\n\t\t\t<\/div>\n\n    \t\t<div id=\"collapse-tabs-block_bceaee0a90403659a7d5b986a760a914-17\" class=\"collapse \" aria-labelledby=\"heading-tabs-block_bceaee0a90403659a7d5b986a760a914\" data-parent=\"#tabs-block_bceaee0a90403659a7d5b986a760a914\">\n      \t\t\t<div class=\"card-body px-3\">\n        \t\t\t<p>Der Zutritt zu unseren Veranstaltungen ist gratis. Um die Anmeldungen im Blick zu behalten, bieten wir dem Publikum Tickets f\u00fcr 0 CHF an. Sie erhalten zur Best\u00e4tigung eine E-Mail mit einem QR-Code, den Sie am Eingang vorzeigen m\u00fcssen.<\/p>\n      \t\t\t<\/div>\n    \t\t<\/div>\n  \t\t<\/div>\n  \t\t\t<\/div>\n\t\n<\/section>\n\n\n\n\n<div style=\"height:51px\" aria-hidden=\"true\" class=\"wp-block-spacer\"><\/div>\n\n\n\n<h2 class=\"wp-block-heading\" id=\"FAQACC\">H\u00e4ufig gestellte Fragen \u2013 Barrierefreiheit<\/h2>\n\n\n\n<section class=\"accordions\">\n\t\n\t<div class=\"accordion\" id=\"tabs-block_910ccb6be06bf8869994ca5679ef18f3\">\n\t\t  \t\t<div class=\"card\">\n\t\t\t<div class=\"card-header\" id=\"heading-tabs-block_910ccb6be06bf8869994ca5679ef18f3\">\n\t\t\t\t<button \n\t\t\t\t\t\tclass=\"btn link-reverse btn-block text-left\" \n\t\t\t\t\t\ttype=\"button\" \n\t\t\t\t\t\tdata-toggle=\"collapse\" \n\t\t\t\t\t\tdata-target=\"#collapse-tabs-block_910ccb6be06bf8869994ca5679ef18f3-0\" \n\t\t\t\t\t\taria-expanded=\"true\" \n\t\t\t\t\t\taria-controls=\"collapse-tabs-block_910ccb6be06bf8869994ca5679ef18f3-0\">\n\t\t\t\t\tSind die Veranstaltungsorte des Festivals mit dem Rollstuhl zug\u00e4nglich ?\t\t\t\t<\/button>\n\t\t\t<\/div>\n\n    \t\t<div id=\"collapse-tabs-block_910ccb6be06bf8869994ca5679ef18f3-0\" class=\"collapse show\" aria-labelledby=\"heading-tabs-block_910ccb6be06bf8869994ca5679ef18f3\" data-parent=\"#tabs-block_910ccb6be06bf8869994ca5679ef18f3\">\n      \t\t\t<div class=\"card-body px-3\">\n        \t\t\t<p>Ja, alle Orte sind rollstuhlg\u00e4ngig, mit Ausnahme von La Colombi\u00e8re, wo es keine Rampe gibt.<\/p>\n      \t\t\t<\/div>\n    \t\t<\/div>\n  \t\t<\/div>\n  \t\t  \t\t<div class=\"card\">\n\t\t\t<div class=\"card-header\" id=\"heading-tabs-block_910ccb6be06bf8869994ca5679ef18f3\">\n\t\t\t\t<button \n\t\t\t\t\t\tclass=\"btn link-reverse btn-block text-left\" \n\t\t\t\t\t\ttype=\"button\" \n\t\t\t\t\t\tdata-toggle=\"collapse\" \n\t\t\t\t\t\tdata-target=\"#collapse-tabs-block_910ccb6be06bf8869994ca5679ef18f3-1\" \n\t\t\t\t\t\taria-expanded=\"false\" \n\t\t\t\t\t\taria-controls=\"collapse-tabs-block_910ccb6be06bf8869994ca5679ef18f3-1\">\n\t\t\t\t\tWo finde ich WCs f\u00fcr Personen mit Behinderung ?\t\t\t\t<\/button>\n\t\t\t<\/div>\n\n    \t\t<div id=\"collapse-tabs-block_910ccb6be06bf8869994ca5679ef18f3-1\" class=\"collapse \" aria-labelledby=\"heading-tabs-block_910ccb6be06bf8869994ca5679ef18f3\" data-parent=\"#tabs-block_910ccb6be06bf8869994ca5679ef18f3\">\n      \t\t\t<div class=\"card-body px-3\">\n        \t\t\t<p>Ein barrierefreies WC befindet sich in der Grande Salle (f\u00fcr den gesamten Place du R\u00e9el). Auch in der Usine \u00e0 Gaz, im Capitole, im Th\u00e9\u00e2tre de Marens und dem Th\u00e9\u00e2tre de Grand-Champ \u00e0 Gland gibt es WCs f\u00fcr Personen mit Behinderung.<\/p>\n      \t\t\t<\/div>\n    \t\t<\/div>\n  \t\t<\/div>\n  \t\t  \t\t<div class=\"card\">\n\t\t\t<div class=\"card-header\" id=\"heading-tabs-block_910ccb6be06bf8869994ca5679ef18f3\">\n\t\t\t\t<button \n\t\t\t\t\t\tclass=\"btn link-reverse btn-block text-left\" \n\t\t\t\t\t\ttype=\"button\" \n\t\t\t\t\t\tdata-toggle=\"collapse\" \n\t\t\t\t\t\tdata-target=\"#collapse-tabs-block_910ccb6be06bf8869994ca5679ef18f3-2\" \n\t\t\t\t\t\taria-expanded=\"false\" \n\t\t\t\t\t\taria-controls=\"collapse-tabs-block_910ccb6be06bf8869994ca5679ef18f3-2\">\n\t\t\t\t\tSind Blinden- und Assistenzhunde an den Festivalorten erlaubt ? \t\t\t\t<\/button>\n\t\t\t<\/div>\n\n    \t\t<div id=\"collapse-tabs-block_910ccb6be06bf8869994ca5679ef18f3-2\" class=\"collapse \" aria-labelledby=\"heading-tabs-block_910ccb6be06bf8869994ca5679ef18f3\" data-parent=\"#tabs-block_910ccb6be06bf8869994ca5679ef18f3\">\n      \t\t\t<div class=\"card-body px-3\">\n        \t\t\t<div>\n<p><span lang=\"DE\">Ja, Blinden- und Assistenzhunde sind willkommen.<\/span><\/p>\n<\/div>\n      \t\t\t<\/div>\n    \t\t<\/div>\n  \t\t<\/div>\n  \t\t  \t\t<div class=\"card\">\n\t\t\t<div class=\"card-header\" id=\"heading-tabs-block_910ccb6be06bf8869994ca5679ef18f3\">\n\t\t\t\t<button \n\t\t\t\t\t\tclass=\"btn link-reverse btn-block text-left\" \n\t\t\t\t\t\ttype=\"button\" \n\t\t\t\t\t\tdata-toggle=\"collapse\" \n\t\t\t\t\t\tdata-target=\"#collapse-tabs-block_910ccb6be06bf8869994ca5679ef18f3-3\" \n\t\t\t\t\t\taria-expanded=\"false\" \n\t\t\t\t\t\taria-controls=\"collapse-tabs-block_910ccb6be06bf8869994ca5679ef18f3-3\">\n\t\t\t\t\tWo finde ich Informationen \u00fcber Inklusionsmassnahmen ?\t\t\t\t<\/button>\n\t\t\t<\/div>\n\n    \t\t<div id=\"collapse-tabs-block_910ccb6be06bf8869994ca5679ef18f3-3\" class=\"collapse \" aria-labelledby=\"heading-tabs-block_910ccb6be06bf8869994ca5679ef18f3\" data-parent=\"#tabs-block_910ccb6be06bf8869994ca5679ef18f3\">\n      \t\t\t<div class=\"card-body px-3\">\n        \t\t\t<p>Alle Informationen rund um Inklusion und Barrierefreiheit finden Sie <a href=\"https:\/\/www.visionsdureel.ch\/de\/kulturelle-teilhabe\/publics-situation-handicap\/\">hier<\/a>.<br \/>\nDiese Informationen sind auch in einem barrierefreien PDF zusammengefasst, das \u00fcber einen QR-Code im gedruckten Programm heruntergeladen werden kann.<\/p>\n      \t\t\t<\/div>\n    \t\t<\/div>\n  \t\t<\/div>\n  \t\t  \t\t<div class=\"card\">\n\t\t\t<div class=\"card-header\" id=\"heading-tabs-block_910ccb6be06bf8869994ca5679ef18f3\">\n\t\t\t\t<button \n\t\t\t\t\t\tclass=\"btn link-reverse btn-block text-left\" \n\t\t\t\t\t\ttype=\"button\" \n\t\t\t\t\t\tdata-toggle=\"collapse\" \n\t\t\t\t\t\tdata-target=\"#collapse-tabs-block_910ccb6be06bf8869994ca5679ef18f3-4\" \n\t\t\t\t\t\taria-expanded=\"false\" \n\t\t\t\t\t\taria-controls=\"collapse-tabs-block_910ccb6be06bf8869994ca5679ef18f3-4\">\n\t\t\t\t\tErh\u00e4lt die Begleitperson eines Menschen mit Behinderung freien Eintritt ?\t\t\t\t<\/button>\n\t\t\t<\/div>\n\n    \t\t<div id=\"collapse-tabs-block_910ccb6be06bf8869994ca5679ef18f3-4\" class=\"collapse \" aria-labelledby=\"heading-tabs-block_910ccb6be06bf8869994ca5679ef18f3\" data-parent=\"#tabs-block_910ccb6be06bf8869994ca5679ef18f3\">\n      \t\t\t<div class=\"card-body px-3\">\n        \t\t\t<p>Ja. Bitte geben Sie dies am Festivalschalter oder beim Online-Kauf des Tickets f\u00fcr die Person mit eingeschr\u00e4nkter Mobilit\u00e4t mit an.<\/p>\n      \t\t\t<\/div>\n    \t\t<\/div>\n  \t\t<\/div>\n  \t\t  \t\t<div class=\"card\">\n\t\t\t<div class=\"card-header\" id=\"heading-tabs-block_910ccb6be06bf8869994ca5679ef18f3\">\n\t\t\t\t<button \n\t\t\t\t\t\tclass=\"btn link-reverse btn-block text-left\" \n\t\t\t\t\t\ttype=\"button\" \n\t\t\t\t\t\tdata-toggle=\"collapse\" \n\t\t\t\t\t\tdata-target=\"#collapse-tabs-block_910ccb6be06bf8869994ca5679ef18f3-5\" \n\t\t\t\t\t\taria-expanded=\"false\" \n\t\t\t\t\t\taria-controls=\"collapse-tabs-block_910ccb6be06bf8869994ca5679ef18f3-5\">\n\t\t\t\t\tWie erhalten Personen mit Behinderung eine Begleitung\t\t\t\t<\/button>\n\t\t\t<\/div>\n\n    \t\t<div id=\"collapse-tabs-block_910ccb6be06bf8869994ca5679ef18f3-5\" class=\"collapse \" aria-labelledby=\"heading-tabs-block_910ccb6be06bf8869994ca5679ef18f3\" data-parent=\"#tabs-block_910ccb6be06bf8869994ca5679ef18f3\">\n      \t\t\t<div class=\"card-body px-3\">\n        \t\t\t<p>Um eine kostenlose Begleitung in Anspruch zu nehmen, setzen Sie sich bitte im Voraus mit dem Roten Kreuz Wallis in Verbindung, Tel. 021 340 00 99 oder <a href=\"mailto:benevolat@croixrougevaudoise.ch\">benevolat@croixrougevaudoise.ch<\/a>.<\/p>\n      \t\t\t<\/div>\n    \t\t<\/div>\n  \t\t<\/div>\n  \t\t\t<\/div>\n\t\n<\/section>\n\n\n\n\n<div style=\"height:59px\" aria-hidden=\"true\" class=\"wp-block-spacer\"><\/div>\n\n\n\n<h3 class=\"wp-block-heading\">Weitere Informationen<\/h3>\n\n\n\n<p>Hotline vom 28.04. bis 01.05. | 10:00 \u2013 14:00 Uhr | +41 22 365 44 55<br>Aus technischen Gr\u00fcnden ist die Hotline am Montag, dem 27.04., nicht erreichbar.<\/p>\n\n\n\n<hr class=\"wp-block-separator has-alpha-channel-opacity\"\/>\n\n\n\n<h2 class=\"wp-block-heading\">Siehe auch<\/h2>\n\n\n      <\/div>\n    <\/div>\n  \n    <div class=\"w-100 container-fluid carousel-block-container\">\n    <div class=\"row mx-n3\">\n\n      \n                      <div class=\"col-12 col-sm-6 col-lg-4 \">\n            <article class=\"article-selection mb-5 mb-sm-4 mb-md-3 post-167768\">\n    <a class=\"link-image thumbnail-16-9\" data-href=\"https:\/\/www.visionsdureel.ch\/de\/info\/a-propos\/billetterie\/\" href=\"https:\/\/www.visionsdureel.ch\/de\/info\/a-propos\/billetterie\/\">\n      <img loading=\"lazy\" decoding=\"async\" width=\"320\" height=\"180\" src=\"https:\/\/www.visionsdureel.ch\/wp-content\/uploads\/2021\/01\/VdR26__Header_BilletterieFEN-320x180.jpg\" class=\"attachment-thumbnail size-thumbnail wp-post-image\" alt=\"\" sizes=\"auto, (max-width: 575px) 100vw, (max-width: 991px) calc(100vw \/ 2), (-webkit-min-device-pixel-ratio: 1.5) calc(100vw \/ 3), calc(100vw \/ 3)\" srcset=\"https:\/\/www.visionsdureel.ch\/wp-content\/uploads\/2021\/01\/VdR26__Header_BilletterieFEN-320x180.jpg 320w, https:\/\/www.visionsdureel.ch\/wp-content\/uploads\/2021\/01\/VdR26__Header_BilletterieFEN-854x480.jpg 854w, https:\/\/www.visionsdureel.ch\/wp-content\/uploads\/2021\/01\/VdR26__Header_BilletterieFEN-1280x720.jpg 1280w, https:\/\/www.visionsdureel.ch\/wp-content\/uploads\/2021\/01\/VdR26__Header_BilletterieFEN-426x240.jpg 426w, https:\/\/www.visionsdureel.ch\/wp-content\/uploads\/2021\/01\/VdR26__Header_BilletterieFEN-640x360.jpg 640w, https:\/\/www.visionsdureel.ch\/wp-content\/uploads\/2021\/01\/VdR26__Header_BilletterieFEN-1920x1080.jpg 1920w\" \/>          <\/a>\n        <h4 class=\"mt-2 mb-1 \">\n      Ticketverkauf    <\/h4>\n                  <div class=\"mt-2\"> <a href=\"https:\/\/www.visionsdureel.ch\/de\/info\/a-propos\/billetterie\/\" class=\" \">\n          Mehr        <\/a> <\/div>\n      <\/article>\n        <\/div>\n                      <div class=\"col-12 col-sm-6 col-lg-4 \">\n            <article class=\"article-selection mb-5 mb-sm-4 mb-md-3 post-16592\">\n    <a class=\"link-image thumbnail-16-9\" data-href=\"https:\/\/www.visionsdureel.ch\/de\/info\/kontakt\/\" href=\"https:\/\/www.visionsdureel.ch\/de\/info\/kontakt\/\">\n      <img loading=\"lazy\" decoding=\"async\" width=\"270\" height=\"180\" src=\"https:\/\/www.visionsdureel.ch\/wp-content\/uploads\/2021\/01\/VDR25_041125_AnniversaireEmilie\u00a9KWadimoff_WEB-12-270x180.jpg\" class=\"attachment-thumbnail size-thumbnail wp-post-image\" alt=\"\" sizes=\"auto, (max-width: 575px) 100vw, (max-width: 991px) calc(100vw \/ 2), (-webkit-min-device-pixel-ratio: 1.5) calc(100vw \/ 3), calc(100vw \/ 3)\" srcset=\"https:\/\/www.visionsdureel.ch\/wp-content\/uploads\/2021\/01\/VDR25_041125_AnniversaireEmilie\u00a9KWadimoff_WEB-12-270x180.jpg 270w, https:\/\/www.visionsdureel.ch\/wp-content\/uploads\/2021\/01\/VDR25_041125_AnniversaireEmilie\u00a9KWadimoff_WEB-12-720x480.jpg 720w, https:\/\/www.visionsdureel.ch\/wp-content\/uploads\/2021\/01\/VDR25_041125_AnniversaireEmilie\u00a9KWadimoff_WEB-12-1079x720.jpg 1079w, https:\/\/www.visionsdureel.ch\/wp-content\/uploads\/2021\/01\/VDR25_041125_AnniversaireEmilie\u00a9KWadimoff_WEB-12-360x240.jpg 360w, https:\/\/www.visionsdureel.ch\/wp-content\/uploads\/2021\/01\/VDR25_041125_AnniversaireEmilie\u00a9KWadimoff_WEB-12-540x360.jpg 540w, https:\/\/www.visionsdureel.ch\/wp-content\/uploads\/2021\/01\/VDR25_041125_AnniversaireEmilie\u00a9KWadimoff_WEB-12-1619x1080.jpg 1619w\" \/>          <\/a>\n        <h4 class=\"mt-2 mb-1 \">\n      Team &#038; Kontakt    <\/h4>\n                  <div class=\"mt-2\"> <a href=\"https:\/\/www.visionsdureel.ch\/de\/info\/kontakt\/\" class=\" \">\n          Mehr        <\/a> <\/div>\n      <\/article>\n        <\/div>\n                      <div class=\"col-12 col-sm-6 col-lg-4 \">\n            <article class=\"article-selection mb-5 mb-sm-4 mb-md-3 post-167817\">\n    <a class=\"link-image thumbnail-16-9\" data-href=\"https:\/\/www.visionsdureel.ch\/de\/info\/a-propos\/accessibilite-et-inclusion\/\" href=\"https:\/\/www.visionsdureel.ch\/de\/info\/a-propos\/accessibilite-et-inclusion\/\">\n      <img loading=\"lazy\" decoding=\"async\" width=\"320\" height=\"180\" src=\"https:\/\/www.visionsdureel.ch\/wp-content\/uploads\/2021\/01\/autre-scaled-e1612454009676-1276x720-1-320x180.jpg\" class=\"attachment-thumbnail size-thumbnail wp-post-image\" alt=\"\" sizes=\"auto, (max-width: 575px) 100vw, (max-width: 991px) calc(100vw \/ 2), (-webkit-min-device-pixel-ratio: 1.5) calc(100vw \/ 3), calc(100vw \/ 3)\" srcset=\"https:\/\/www.visionsdureel.ch\/wp-content\/uploads\/2021\/01\/autre-scaled-e1612454009676-1276x720-1-320x180.jpg 320w, https:\/\/www.visionsdureel.ch\/wp-content\/uploads\/2021\/01\/autre-scaled-e1612454009676-1276x720-1-851x480.jpg 851w, https:\/\/www.visionsdureel.ch\/wp-content\/uploads\/2021\/01\/autre-scaled-e1612454009676-1276x720-1-426x240.jpg 426w, https:\/\/www.visionsdureel.ch\/wp-content\/uploads\/2021\/01\/autre-scaled-e1612454009676-1276x720-1-638x360.jpg 638w, https:\/\/www.visionsdureel.ch\/wp-content\/uploads\/2021\/01\/autre-scaled-e1612454009676-1276x720-1.jpg 1276w\" \/>          <\/a>\n        <h4 class=\"mt-2 mb-1 \">\n      Zug\u00e4nglichkeit    <\/h4>\n                  <div class=\"mt-2\"> <a href=\"https:\/\/www.visionsdureel.ch\/de\/info\/a-propos\/accessibilite-et-inclusion\/\" class=\" \">\n          Mehr        <\/a> <\/div>\n      <\/article>\n        <\/div>\n      \n          <\/div>\n  <\/div>\n  \n      <div class=\"row\">\n      <div class=\"col-12 col-sm-10 col-md-9 col-lg-7 col-xl-6 mx-auto\">\n          \n\n      <\/div>\n    <\/div>\n  \n    <div class=\"w-100 container-fluid carousel-block-container\">\n    <div class=\"row mx-n3\">\n\n      \n                      <div class=\"col-12 col-sm-6 col-lg-4 \">\n            <article class=\"article-selection mb-5 mb-sm-4 mb-md-3 post-168144\">\n    <a class=\"link-image thumbnail-16-9\" data-href=\"https:\/\/www.visionsdureel.ch\/de\/info\/a-propos\/lieux-accessibilite\/\" href=\"https:\/\/www.visionsdureel.ch\/de\/info\/a-propos\/lieux-accessibilite\/\">\n      <img loading=\"lazy\" decoding=\"async\" width=\"320\" height=\"180\" src=\"https:\/\/www.visionsdureel.ch\/wp-content\/uploads\/2021\/01\/20240412_LisaFrisco_300_recadre-320x180.jpg\" class=\"attachment-thumbnail size-thumbnail wp-post-image\" alt=\"\" sizes=\"auto, (max-width: 575px) 100vw, (max-width: 991px) calc(100vw \/ 2), (-webkit-min-device-pixel-ratio: 1.5) calc(100vw \/ 3), calc(100vw \/ 3)\" srcset=\"https:\/\/www.visionsdureel.ch\/wp-content\/uploads\/2021\/01\/20240412_LisaFrisco_300_recadre-320x180.jpg 320w, https:\/\/www.visionsdureel.ch\/wp-content\/uploads\/2021\/01\/20240412_LisaFrisco_300_recadre-854x480.jpg 854w, https:\/\/www.visionsdureel.ch\/wp-content\/uploads\/2021\/01\/20240412_LisaFrisco_300_recadre-1280x720.jpg 1280w, https:\/\/www.visionsdureel.ch\/wp-content\/uploads\/2021\/01\/20240412_LisaFrisco_300_recadre-426x240.jpg 426w, https:\/\/www.visionsdureel.ch\/wp-content\/uploads\/2021\/01\/20240412_LisaFrisco_300_recadre-640x360.jpg 640w, https:\/\/www.visionsdureel.ch\/wp-content\/uploads\/2021\/01\/20240412_LisaFrisco_300_recadre.jpg 1365w\" \/>          <\/a>\n        <h4 class=\"mt-2 mb-1 \">\n      Veranstaltungsorte und Zug\u00e4nglichkeit    <\/h4>\n                  <div class=\"mt-2\"> <a href=\"https:\/\/www.visionsdureel.ch\/de\/info\/a-propos\/lieux-accessibilite\/\" class=\" \">\n          Mehr        <\/a> <\/div>\n      <\/article>\n        <\/div>\n                      <div class=\"col-12 col-sm-6 col-lg-4 \">\n            <article class=\"article-selection mb-5 mb-sm-4 mb-md-3 post-194247\">\n    <a class=\"link-image thumbnail-16-9\" data-href=\"https:\/\/www.visionsdureel.ch\/de\/info\/accreditation\/\" href=\"https:\/\/www.visionsdureel.ch\/de\/info\/accreditation\/\">\n      <img loading=\"lazy\" decoding=\"async\" width=\"270\" height=\"180\" src=\"https:\/\/www.visionsdureel.ch\/wp-content\/uploads\/2021\/03\/20240412_LisaFrisco_003-270x180.jpg\" class=\"attachment-thumbnail size-thumbnail wp-post-image\" alt=\"\" sizes=\"auto, (max-width: 575px) 100vw, (max-width: 991px) calc(100vw \/ 2), (-webkit-min-device-pixel-ratio: 1.5) calc(100vw \/ 3), calc(100vw \/ 3)\" srcset=\"https:\/\/www.visionsdureel.ch\/wp-content\/uploads\/2021\/03\/20240412_LisaFrisco_003-270x180.jpg 270w, https:\/\/www.visionsdureel.ch\/wp-content\/uploads\/2021\/03\/20240412_LisaFrisco_003-720x480.jpg 720w, https:\/\/www.visionsdureel.ch\/wp-content\/uploads\/2021\/03\/20240412_LisaFrisco_003-1080x720.jpg 1080w, https:\/\/www.visionsdureel.ch\/wp-content\/uploads\/2021\/03\/20240412_LisaFrisco_003-360x240.jpg 360w, https:\/\/www.visionsdureel.ch\/wp-content\/uploads\/2021\/03\/20240412_LisaFrisco_003-540x360.jpg 540w, https:\/\/www.visionsdureel.ch\/wp-content\/uploads\/2021\/03\/20240412_LisaFrisco_003-1620x1080.jpg 1620w, https:\/\/www.visionsdureel.ch\/wp-content\/uploads\/2021\/03\/20240412_LisaFrisco_003.jpg 2048w\" \/>          <\/a>\n        <h4 class=\"mt-2 mb-1 \">\n      Akkreditierungen    <\/h4>\n                  <div class=\"mt-2\"> <a href=\"https:\/\/www.visionsdureel.ch\/de\/info\/accreditation\/\" class=\" \">\n          Mehr        <\/a> <\/div>\n      <\/article>\n        <\/div>\n                      <div class=\"col-12 col-sm-6 col-lg-4 \">\n            <article class=\"article-selection mb-5 mb-sm-4 mb-md-3 post-192671\">\n    <a class=\"link-image thumbnail-16-9\" data-href=\"https:\/\/www.visionsdureel.ch\/de\/info\/benevoles\/\" href=\"https:\/\/www.visionsdureel.ch\/de\/info\/benevoles\/\">\n      <img loading=\"lazy\" decoding=\"async\" width=\"270\" height=\"180\" src=\"https:\/\/www.visionsdureel.ch\/wp-content\/uploads\/2021\/01\/240420_infra\u00a9nikita_thevoz_0-07_web-270x180.jpeg\" class=\"attachment-thumbnail size-thumbnail wp-post-image\" alt=\"\" sizes=\"auto, (max-width: 575px) 100vw, (max-width: 991px) calc(100vw \/ 2), (-webkit-min-device-pixel-ratio: 1.5) calc(100vw \/ 3), calc(100vw \/ 3)\" srcset=\"https:\/\/www.visionsdureel.ch\/wp-content\/uploads\/2021\/01\/240420_infra\u00a9nikita_thevoz_0-07_web-270x180.jpeg 270w, https:\/\/www.visionsdureel.ch\/wp-content\/uploads\/2021\/01\/240420_infra\u00a9nikita_thevoz_0-07_web-720x480.jpeg 720w, https:\/\/www.visionsdureel.ch\/wp-content\/uploads\/2021\/01\/240420_infra\u00a9nikita_thevoz_0-07_web-1080x720.jpeg 1080w, https:\/\/www.visionsdureel.ch\/wp-content\/uploads\/2021\/01\/240420_infra\u00a9nikita_thevoz_0-07_web-360x240.jpeg 360w, https:\/\/www.visionsdureel.ch\/wp-content\/uploads\/2021\/01\/240420_infra\u00a9nikita_thevoz_0-07_web-540x360.jpeg 540w, https:\/\/www.visionsdureel.ch\/wp-content\/uploads\/2021\/01\/240420_infra\u00a9nikita_thevoz_0-07_web-1620x1080.jpeg 1620w, https:\/\/www.visionsdureel.ch\/wp-content\/uploads\/2021\/01\/240420_infra\u00a9nikita_thevoz_0-07_web.jpeg 1920w\" \/>          <\/a>\n        <h4 class=\"mt-2 mb-1 \">\n      Freiwillige    <\/h4>\n                  <div class=\"mt-2\"> <a href=\"https:\/\/www.visionsdureel.ch\/de\/info\/benevoles\/\" class=\" \">\n          Mehr        <\/a> <\/div>\n      <\/article>\n        <\/div>\n      \n          <\/div>\n  <\/div>\n  \n      <div class=\"row\">\n      <div class=\"col-12 col-sm-10 col-md-9 col-lg-7 col-xl-6 mx-auto\">\n          ","protected":false},"excerpt":{"rendered":"<p>Hier finden Sie Antworten auf Ihre Fragen zum Festival. Z\u00f6gern Sie nicht, uns zu kontaktieren.<\/p>\n","protected":false},"featured_media":243766,"parent":167711,"menu_order":0,"template":"","meta":{"_acf_changed":true},"class_list":["post-30512","info","type-info","status-publish","has-post-thumbnail","hentry"],"acf":[],"_links":{"self":[{"href":"https:\/\/www.visionsdureel.ch\/de\/wp-json\/wp\/v2\/info\/30512","targetHints":{"allow":["GET"]}}],"collection":[{"href":"https:\/\/www.visionsdureel.ch\/de\/wp-json\/wp\/v2\/info"}],"about":[{"href":"https:\/\/www.visionsdureel.ch\/de\/wp-json\/wp\/v2\/types\/info"}],"up":[{"embeddable":true,"href":"https:\/\/www.visionsdureel.ch\/de\/wp-json\/wp\/v2\/info\/167711"}],"wp:featuredmedia":[{"embeddable":true,"href":"https:\/\/www.visionsdureel.ch\/de\/wp-json\/wp\/v2\/media\/243766"}],"wp:attachment":[{"href":"https:\/\/www.visionsdureel.ch\/de\/wp-json\/wp\/v2\/media?parent=30512"}],"curies":[{"name":"wp","href":"https:\/\/api.w.org\/{rel}","templated":true}]}}