{"id":284203,"date":"2026-09-01T19:05:33","date_gmt":"2026-09-01T17:05:33","guid":{"rendered":"https:\/\/www.visionsdureel.ch\/?post_type=info&#038;p=284203"},"modified":"2026-09-03T14:48:59","modified_gmt":"2026-09-03T12:48:59","slug":"stage-communication","status":"publish","type":"info","link":"https:\/\/www.visionsdureel.ch\/de\/info\/emplois-stages\/stage-communication\/","title":{"rendered":"Stage en communication digitale (60-100%)"},"content":{"rendered":"\n<p>Visions du R\u00e9el, Festival international de cin\u00e9ma Nyon recherche&nbsp;:<\/p>\n\n\n\n<h2 class=\"wp-block-heading\">Un\u00b7e stagiaire communication digitale<\/h2>\n\n\n\n<p>De d\u00e9cembre 2026 \u00e0 avril 2027 (5 mois)<\/p>\n\n\n\n<p>Pour sa 58e \u00e9dition qui se d\u00e9roulera du 9 au 18 avril 2026, Visions du R\u00e9el cherche un\u00b7e stagiaire pour compl\u00e9ter l\u2019\u00e9quipe de communication.<\/p>\n\n\n\n<h2 class=\"wp-block-heading\">Le Festival Visions du R\u00e9el<\/h2>\n\n\n\n<p>Unique Festival d\u00e9di\u00e9 au documentaire de cr\u00e9ation en Suisse, Visions du R\u00e9el jouit d\u2019une renomm\u00e9e internationale. Il est l\u2019un des plus importants festivals au monde dans le domaine du cin\u00e9ma documentaire et r\u00e9unit plus de 50&#8217;000 spectateur\u00b7ice\u00b7s par \u00e9dition et plus de 1&#8217;300 professionnel\u00b7le\u00b7s. La branche VdR\u2013Industry, pan professionnel du Festival, soutient et promeut des projets de films \u00e0 chaque \u00e9tape de leur d\u00e9veloppement et production. VdR\u2013Industry est l\u2019un des march\u00e9s du film les plus importants d\u2019Europe dans ce domaine et offre une plateforme de r\u00e9seautage internationale pour les professionnel\u00b7le\u00b7s du cin\u00e9ma.<\/p>\n\n\n\n<h2 class=\"wp-block-heading\">Encadrement du stage&nbsp;<\/h2>\n\n\n\n<p>Le stage est encadr\u00e9 par les co-responsables communication. Au fil des mois, le\u00b7la stagiaire est en contact avec l\u2019ensemble des secteurs du Festival : programme, service de presse, Industry (march\u00e9 du film), coordination catalogue et programme imprim\u00e9, \u00e9v\u00e8nements, production. Le\u00b7la stagiaire a des projets \u00e0 g\u00e9rer de mani\u00e8re ind\u00e9pendante, est sollicit\u00e9\u00b7e pour donner son feedback, est invit\u00e9\u00b7e \u00e0 prendre des initiatives et \u00e0 \u00eatre un\u00b7e membre actif\u00b7ve et investi\u00b7e de l\u2019\u00e9quipe de communication.<\/p>\n\n\n\n<h2 class=\"wp-block-heading\">Activit\u00e9s<\/h2>\n\n\n\n<ul class=\"wp-block-list\">\n<li>Participation \u00e0 la r\u00e9flexion sur la strat\u00e9gie des r\u00e9seaux sociaux<\/li>\n\n\n\n<li>Veille des diff\u00e9rentes plateformes RS et r\u00e9ponses aux internautes (monitoring)<\/li>\n\n\n\n<li>Utilisation de WordPress, Mailchimp et de la base de donn\u00e9es Eventival (une formation est pr\u00e9vue en d\u00e9but de stage)<\/li>\n\n\n\n<li>Promotion du Festival sur les r\u00e9seaux sociaux et cr\u00e9ation de contenu<\/li>\n\n\n\n<li>Mise \u00e0 jour du site internet<\/li>\n\n\n\n<li>Participation active \u00e0 la mise en avant du Festival et de ses \u00e9v\u00e8nements annexes sur l\u2019ensemble des canaux de communication digitaux<\/li>\n\n\n\n<li>Participation au ciblage marketing autour des \u00e9l\u00e9ments de la programmation<\/li>\n\n\n\n<li>Suivi et cr\u00e9ation des newsletters<\/li>\n\n\n\n<li>Suivi de la cr\u00e9ation de contenus vid\u00e9o et photographie pendant le Festival<\/li>\n<\/ul>\n\n\n\n<h2 class=\"wp-block-heading\">Profil recherch\u00e9<\/h2>\n\n\n\n<p>Venant de terminer ou sur le point de clore une formation, vous visez une premi\u00e8re exp\u00e9rience dans le milieu de l\u2019\u00e9v\u00e9nementiel culturel.<\/p>\n\n\n\n<ul class=\"wp-block-list\">\n<li>Bonne ma\u00eetrise des outils PAO&nbsp;: suite Office, Indesign, Photoshop, After Effects et Illustrator un atout<\/li>\n\n\n\n<li>Int\u00e9r\u00eat et aisance avec les r\u00e9seaux sociaux<\/li>\n\n\n\n<li>Aisance r\u00e9dactionnelle<\/li>\n\n\n\n<li>Langue maternelle fran\u00e7aise, anglais courant, allemand un atout<\/li>\n\n\n\n<li>Fort esprit d\u2019\u00e9quipe et d\u2019initiative<\/li>\n\n\n\n<li>Capacit\u00e9 \u00e0 g\u00e9rer des impr\u00e9vus \u2013 r\u00e9activit\u00e9<\/li>\n\n\n\n<li>Excellentes capacit\u00e9s de gestion du stress<\/li>\n\n\n\n<li>Int\u00e9r\u00eat pour le cin\u00e9ma et les technologies de l\u2019information<\/li>\n<\/ul>\n\n\n\n<p><strong>Taux de travail\u00a0:<\/strong> 60% d\u00e9cembre 2026 et janvier 2027, 80% f\u00e9vrier et 100% de mars \u00e0 avril 2027 avec une p\u00e9riode de r\u00e9sidence \u00e0 Nyon pendant la dur\u00e9e du Festival (logement fourni par le Festival)<br><strong>Lieu de travail\u00a0:<\/strong> Nyon<br><strong>R\u00e9mun\u00e9ration\u00a0:<\/strong> CHF 1200 brut\/mois \u00e0 100%, d\u00e9fraiement d\u00e9placements 100chf\/mois travaill\u00e9<br><strong>D\u00e9lai de candidature\u00a0:<\/strong> 24 septembre 2026 (entretiens seconde moiti\u00e9 d\u2019octobre)<br><strong>Entr\u00e9e en fonction\u00a0: <\/strong>d\u00e9but d\u00e9cembre, date \u00e0 convenir<\/p>\n\n\n\n<p>Merci d\u2019adresser votre dossier de candidature (CV + lettre de motivation) \u00e0 Diego Demougeot et Pauline Amez-Droz (co-responsables communication) de l\u2019envoyer par email en pr\u00e9cisant dans l\u2019objet \u00ab&nbsp;Stage communication digitale&nbsp;\u00bb \u00e0 l\u2019adresse suivante : <a href=\"mailto:rh@visionsdureel.ch\">rh@visionsdureel.ch<\/a><\/p>\n\n\n\n<p>Pour de plus amples informations, n\u2019h\u00e9sitez pas \u00e0 nous contacter par t\u00e9l\u00e9phone au 022 365 44 59.<\/p>\n\n\n\n<div class=\"wp-block-buttons is-layout-flex wp-block-buttons-is-layout-flex\">\n<div class=\"wp-block-button has-custom-width wp-block-button__width-75 is-style-outline is-style-outline--1\"><a class=\"wp-block-button__link has-accent-color has-subtle-background-background-color has-text-color has-background has-link-color wp-element-button\" href=\"https:\/\/www.visionsdureel.ch\/wp-content\/uploads\/2026\/09\/VdR26_Stage_communication-digitale-1.pdf\" style=\"border-radius:0px\" target=\"_blank\" rel=\"noreferrer noopener\">T\u00e9l\u00e9charger le PDF<\/a><\/div>\n<\/div>\n","protected":false},"excerpt":{"rendered":"<p>Visions du R\u00e9el cherche un\u00b7e stagiaire en communication digitale pour compl\u00e9ter son \u00e9quipe de communication. D\u00e9lai de postulation: 24 septembre 2026.<\/p>\n","protected":false},"featured_media":284217,"parent":157947,"menu_order":0,"template":"","meta":{"_acf_changed":false},"class_list":["post-284203","info","type-info","status-publish","has-post-thumbnail","hentry"],"acf":[],"_links":{"self":[{"href":"https:\/\/www.visionsdureel.ch\/de\/wp-json\/wp\/v2\/info\/284203","targetHints":{"allow":["GET"]}}],"collection":[{"href":"https:\/\/www.visionsdureel.ch\/de\/wp-json\/wp\/v2\/info"}],"about":[{"href":"https:\/\/www.visionsdureel.ch\/de\/wp-json\/wp\/v2\/types\/info"}],"up":[{"embeddable":true,"href":"https:\/\/www.visionsdureel.ch\/de\/wp-json\/wp\/v2\/info\/157947"}],"wp:featuredmedia":[{"embeddable":true,"href":"https:\/\/www.visionsdureel.ch\/de\/wp-json\/wp\/v2\/media\/284217"}],"wp:attachment":[{"href":"https:\/\/www.visionsdureel.ch\/de\/wp-json\/wp\/v2\/media?parent=284203"}],"curies":[{"name":"wp","href":"https:\/\/api.w.org\/{rel}","templated":true}]}}