{"id":27298,"date":"2018-01-01T00:00:00","date_gmt":"2017-12-31T23:00:00","guid":{"rendered":"https:\/\/vdr.daisybell.ch\/news\/philip-scheffner\/"},"modified":"2021-03-03T11:49:41","modified_gmt":"2021-03-03T10:49:41","slug":"philip-scheffner","status":"publish","type":"atelier","link":"https:\/\/www.visionsdureel.ch\/de\/programm\/ateliers\/philip-scheffner\/","title":{"rendered":"Philip Scheffner"},"content":{"rendered":"\n<h2 class=\"wp-block-heading\" id=\"h-philip-scheffner-ou-l-exploration-des-replis-de-l-histoire\">Philip Scheffner ou l&#8217;exploration des replis de l&#8217;histoire<\/h2>\n\n\n\n<p>N\u00e9 en 1966 \u00e0 Hombourg, en Sarre, Philip Scheffner vit \u00e0 Berlin depuis 1986, o\u00f9 il travaille en tant qu\u2019artiste et cin\u00e9aste. Voix unique dans le cin\u00e9ma documentaire contemporain allemand, il interroge, tout au long de son \u0153uvre, la construction des &#8222;v\u00e9rit\u00e9s&#8220;, qu\u2019elles soient m\u00e9diatiques (Day of the Sparrow, Havarie), juridiques (Revision), historiques ou anthropologiques (The Halfmoon Files). Partant souvent de faits-divers, son travail prend du recul sur ses sujets pour interroger comment ceux-ci nous sont rapport\u00e9s. Mais s\u2019il scrute le fonctionnement des instances qui produisent de la v\u00e9rit\u00e9, son cin\u00e9ma est \u00e9galement marqu\u00e9 par une d\u00e9marche profond\u00e9ment humaine, o\u00f9 les protagonistes sont approch\u00e9s \u00e0 hauteur \u00e9gale, et o\u00f9 le tournage devient l\u2019occasion d\u2019ouvrir un espace d\u2019\u00e9change. Philip Scheffner ne c\u00e8de jamais \u00e0 la certitude, la mise en doute est le moteur m\u00eame de ses investigations. Une position non-dogmatique qui est affaire d\u2019\u00e9thique, et qui conf\u00e8re \u00e0 ses films une dimension politique discr\u00e8te mais incontournable. Ses longs m\u00e9trages ont \u00e9t\u00e9 pr\u00e9sent\u00e9s notamment au Forum de la Berlinale, au Festival du Film de Yamagata, ou encore au Museum of the Moving Image de New York.<\/p>\n\n\n\n<h2 class=\"wp-block-heading\" id=\"h-filmographie\">Filmographie<\/h2>\n\n\n\n<ul class=\"wp-block-list\"><li>And-Ek Ghes&#8230;&nbsp;(2016) 94&#8242;, co-r\u00e9alis\u00e9 avec Colorado Velcu<\/li><li>Havarie&nbsp;(2016) 93&#8242;<\/li><li>Revision&nbsp;(2012) 106&#8242;<\/li><li>Day of the Sparrow&nbsp;(2010) 100&#8242;<\/li><li>The Halfmoon Files&nbsp;(2007) 87&#8242;<\/li><li>a\/c&nbsp;(2003) 42&#8242;<\/li><li>Juristic Bodies&nbsp;(1995) 49&#8242;, co-r\u00e9alis\u00e9 avec J\u00f6rg Heitmann<\/li><\/ul>\n\n\n\n<p>&nbsp;<\/p>\n\n\n\n<h2 class=\"mb-0 wp-block-heading\" id=\"h-films-de-la-s-lection\">Films de la s\u00e9lection<\/h2>\n\n\n      <\/div>\n    <\/div>\n    <div class=\"row mt-3 px-1 justify-content-center\">\n          <div class=\"col-6 col-md-4 col-xl-3 film_thumb px-1\">\n        <a href=\"https:\/\/www.visionsdureel.ch\/de\/film\/2018\/a-c\/\" class=\"thumbnail-16-9 \">\n\t\t<img loading=\"lazy\" decoding=\"async\" width=\"225\" height=\"180\" src=\"https:\/\/www.visionsdureel.ch\/wp-content\/uploads\/2021\/01\/404782-225x180.jpg\" class=\"attachment-thumbnail size-thumbnail wp-post-image\" alt=\"Film still of the film a\/c, directed by Philip Scheffner, Visions du R\u00e9el 2018\" sizes=\"auto, (max-width: 575px) 100vw, (max-width: 991px) calc((100vw - 6.5rem) \/ 3), (-webkit-min-device-pixel-ratio: 1.5) calc((100vw - 7.5rem) \/ 4 \/ 1.5), calc((100vw - 7.5rem) \/ 4)\" srcset=\"https:\/\/www.visionsdureel.ch\/wp-content\/uploads\/2021\/01\/404782-225x180.jpg 225w, https:\/\/www.visionsdureel.ch\/wp-content\/uploads\/2021\/01\/404782-600x480.jpg 600w, https:\/\/www.visionsdureel.ch\/wp-content\/uploads\/2021\/01\/404782-900x720.jpg 900w, https:\/\/www.visionsdureel.ch\/wp-content\/uploads\/2021\/01\/404782-300x240.jpg 300w, https:\/\/www.visionsdureel.ch\/wp-content\/uploads\/2021\/01\/404782-450x360.jpg 450w, https:\/\/www.visionsdureel.ch\/wp-content\/uploads\/2021\/01\/404782-1350x1080.jpg 1350w, https:\/\/www.visionsdureel.ch\/wp-content\/uploads\/2021\/01\/404782-1800x1440.jpg 1800w, https:\/\/www.visionsdureel.ch\/wp-content\/uploads\/2021\/01\/404782.jpg 1847w\" \/>\t    \n    <\/a>\t\t\n<a href=\"https:\/\/www.visionsdureel.ch\/de\/film\/2018\/a-c\/\" class=\"link-reverse film-caption \">\n\t<span class=\"film_title\">a\/c<\/span>\n\t<span class=\"font-weight-normal\">Philip&nbsp;Scheffner<\/span>\n<\/a>\n\n      <\/div>\n          <div class=\"col-6 col-md-4 col-xl-3 film_thumb px-1\">\n        <a href=\"https:\/\/www.visionsdureel.ch\/de\/film\/2018\/the-halfmoon-files\/\" class=\"thumbnail-16-9 \">\n\t\t<img loading=\"lazy\" decoding=\"async\" width=\"240\" height=\"180\" src=\"https:\/\/www.visionsdureel.ch\/wp-content\/uploads\/2021\/01\/405395-240x180.jpg\" class=\"attachment-thumbnail size-thumbnail wp-post-image\" alt=\"Film still of the film The Halfmoon Files, directed by Philip Scheffner, Visions du R\u00e9el 2018\" sizes=\"auto, (max-width: 575px) 100vw, (max-width: 991px) calc((100vw - 6.5rem) \/ 3), (-webkit-min-device-pixel-ratio: 1.5) calc((100vw - 7.5rem) \/ 4 \/ 1.5), calc((100vw - 7.5rem) \/ 4)\" srcset=\"https:\/\/www.visionsdureel.ch\/wp-content\/uploads\/2021\/01\/405395-240x180.jpg 240w, https:\/\/www.visionsdureel.ch\/wp-content\/uploads\/2021\/01\/405395-640x480.jpg 640w, https:\/\/www.visionsdureel.ch\/wp-content\/uploads\/2021\/01\/405395-960x720.jpg 960w, https:\/\/www.visionsdureel.ch\/wp-content\/uploads\/2021\/01\/405395-320x240.jpg 320w, https:\/\/www.visionsdureel.ch\/wp-content\/uploads\/2021\/01\/405395-480x360.jpg 480w, https:\/\/www.visionsdureel.ch\/wp-content\/uploads\/2021\/01\/405395.jpg 1417w\" \/>\t    \n    <\/a>\t\t\n<a href=\"https:\/\/www.visionsdureel.ch\/de\/film\/2018\/the-halfmoon-files\/\" class=\"link-reverse film-caption \">\n\t<span class=\"film_title\">The Halfmoon Files<\/span>\n\t<span class=\"font-weight-normal\">Philip&nbsp;Scheffner<\/span>\n<\/a>\n\n      <\/div>\n          <div class=\"col-6 col-md-4 col-xl-3 film_thumb px-1\">\n        <a href=\"https:\/\/www.visionsdureel.ch\/de\/film\/2018\/and-ek-ghes\/\" class=\"thumbnail-16-9 \">\n\t\t<img loading=\"lazy\" decoding=\"async\" width=\"320\" height=\"180\" src=\"https:\/\/www.visionsdureel.ch\/wp-content\/uploads\/2021\/01\/404107-320x180.jpg\" class=\"attachment-thumbnail size-thumbnail wp-post-image\" alt=\"Film still of the film And-Ek Ghes..., directed by Colorado Velcu, Philip Scheffner, Visions du R\u00e9el 2018\" sizes=\"auto, (max-width: 575px) 100vw, (max-width: 991px) calc((100vw - 6.5rem) \/ 3), (-webkit-min-device-pixel-ratio: 1.5) calc((100vw - 7.5rem) \/ 4 \/ 1.5), calc((100vw - 7.5rem) \/ 4)\" srcset=\"https:\/\/www.visionsdureel.ch\/wp-content\/uploads\/2021\/01\/404107-320x180.jpg 320w, https:\/\/www.visionsdureel.ch\/wp-content\/uploads\/2021\/01\/404107-854x480.jpg 854w, https:\/\/www.visionsdureel.ch\/wp-content\/uploads\/2021\/01\/404107-1280x720.jpg 1280w, https:\/\/www.visionsdureel.ch\/wp-content\/uploads\/2021\/01\/404107-426x240.jpg 426w, https:\/\/www.visionsdureel.ch\/wp-content\/uploads\/2021\/01\/404107-640x360.jpg 640w, https:\/\/www.visionsdureel.ch\/wp-content\/uploads\/2021\/01\/404107.jpg 1772w\" \/>\t    \n    <\/a>\t\t\n<a href=\"https:\/\/www.visionsdureel.ch\/de\/film\/2018\/and-ek-ghes\/\" class=\"link-reverse film-caption \">\n\t<span class=\"film_title\">And-Ek Ghes&#8230;<\/span>\n\t<span class=\"font-weight-normal\">Colorado&nbsp;Velcu &#038; Philip&nbsp;Scheffner<\/span>\n<\/a>\n\n      <\/div>\n          <div class=\"col-6 col-md-4 col-xl-3 film_thumb px-1\">\n        <a href=\"https:\/\/www.visionsdureel.ch\/de\/film\/2018\/juristic-bodies\/\" class=\"thumbnail-16-9 \">\n\t\t<img loading=\"lazy\" decoding=\"async\" width=\"240\" height=\"180\" src=\"https:\/\/www.visionsdureel.ch\/wp-content\/uploads\/2021\/01\/405388-240x180.jpg\" class=\"attachment-thumbnail size-thumbnail wp-post-image\" alt=\"Film still of the film Juristic Bodies, directed by J\u00f6rg Heitmann, Philip Scheffner, Visions du R\u00e9el 2018\" sizes=\"auto, (max-width: 575px) 100vw, (max-width: 991px) calc((100vw - 6.5rem) \/ 3), (-webkit-min-device-pixel-ratio: 1.5) calc((100vw - 7.5rem) \/ 4 \/ 1.5), calc((100vw - 7.5rem) \/ 4)\" srcset=\"https:\/\/www.visionsdureel.ch\/wp-content\/uploads\/2021\/01\/405388-240x180.jpg 240w, https:\/\/www.visionsdureel.ch\/wp-content\/uploads\/2021\/01\/405388-640x480.jpg 640w, https:\/\/www.visionsdureel.ch\/wp-content\/uploads\/2021\/01\/405388-320x240.jpg 320w, https:\/\/www.visionsdureel.ch\/wp-content\/uploads\/2021\/01\/405388-480x360.jpg 480w, https:\/\/www.visionsdureel.ch\/wp-content\/uploads\/2021\/01\/405388.jpg 768w\" \/>\t    \n    <\/a>\t\t\n<a href=\"https:\/\/www.visionsdureel.ch\/de\/film\/2018\/juristic-bodies\/\" class=\"link-reverse film-caption \">\n\t<span class=\"film_title\">Juristic Bodies<\/span>\n\t<span class=\"font-weight-normal\">J\u00f6rg&nbsp;Heitmann &#038; Philip&nbsp;Scheffner<\/span>\n<\/a>\n\n      <\/div>\n          <div class=\"col-6 col-md-4 col-xl-3 film_thumb px-1\">\n        <a href=\"https:\/\/www.visionsdureel.ch\/de\/film\/2018\/day-of-the-sparrow\/\" class=\"thumbnail-16-9 \">\n\t\t<img loading=\"lazy\" decoding=\"async\" width=\"320\" height=\"180\" src=\"https:\/\/www.visionsdureel.ch\/wp-content\/uploads\/2021\/01\/404105-320x180.jpg\" class=\"attachment-thumbnail size-thumbnail wp-post-image\" alt=\"Film still of the film Day of the Sparrow, directed by Philip Scheffner, Visions du R\u00e9el 2018\" sizes=\"auto, (max-width: 575px) 100vw, (max-width: 991px) calc((100vw - 6.5rem) \/ 3), (-webkit-min-device-pixel-ratio: 1.5) calc((100vw - 7.5rem) \/ 4 \/ 1.5), calc((100vw - 7.5rem) \/ 4)\" srcset=\"https:\/\/www.visionsdureel.ch\/wp-content\/uploads\/2021\/01\/404105-320x180.jpg 320w, https:\/\/www.visionsdureel.ch\/wp-content\/uploads\/2021\/01\/404105-854x480.jpg 854w, https:\/\/www.visionsdureel.ch\/wp-content\/uploads\/2021\/01\/404105-1280x720.jpg 1280w, https:\/\/www.visionsdureel.ch\/wp-content\/uploads\/2021\/01\/404105-426x240.jpg 426w, https:\/\/www.visionsdureel.ch\/wp-content\/uploads\/2021\/01\/404105-640x360.jpg 640w, https:\/\/www.visionsdureel.ch\/wp-content\/uploads\/2021\/01\/404105.jpg 1920w\" \/>\t    \n    <\/a>\t\t\n<a href=\"https:\/\/www.visionsdureel.ch\/de\/film\/2018\/day-of-the-sparrow\/\" class=\"link-reverse film-caption \">\n\t<span class=\"film_title\">Day of the Sparrow<\/span>\n\t<span class=\"font-weight-normal\">Philip&nbsp;Scheffner<\/span>\n<\/a>\n\n      <\/div>\n          <div class=\"col-6 col-md-4 col-xl-3 film_thumb px-1\">\n        <a href=\"https:\/\/www.visionsdureel.ch\/de\/film\/2018\/revision\/\" class=\"thumbnail-16-9 \">\n\t\t<img loading=\"lazy\" decoding=\"async\" width=\"320\" height=\"180\" src=\"https:\/\/www.visionsdureel.ch\/wp-content\/uploads\/2021\/01\/404106-320x180.jpg\" class=\"attachment-thumbnail size-thumbnail wp-post-image\" alt=\"Film still of the film Revision, directed by Philip Scheffner, Visions du R\u00e9el 2018\" sizes=\"auto, (max-width: 575px) 100vw, (max-width: 991px) calc((100vw - 6.5rem) \/ 3), (-webkit-min-device-pixel-ratio: 1.5) calc((100vw - 7.5rem) \/ 4 \/ 1.5), calc((100vw - 7.5rem) \/ 4)\" srcset=\"https:\/\/www.visionsdureel.ch\/wp-content\/uploads\/2021\/01\/404106-320x180.jpg 320w, https:\/\/www.visionsdureel.ch\/wp-content\/uploads\/2021\/01\/404106-854x480.jpg 854w, https:\/\/www.visionsdureel.ch\/wp-content\/uploads\/2021\/01\/404106-1280x720.jpg 1280w, https:\/\/www.visionsdureel.ch\/wp-content\/uploads\/2021\/01\/404106-426x240.jpg 426w, https:\/\/www.visionsdureel.ch\/wp-content\/uploads\/2021\/01\/404106-640x360.jpg 640w, https:\/\/www.visionsdureel.ch\/wp-content\/uploads\/2021\/01\/404106.jpg 1772w\" \/>\t    \n    <\/a>\t\t\n<a href=\"https:\/\/www.visionsdureel.ch\/de\/film\/2018\/revision\/\" class=\"link-reverse film-caption \">\n\t<span class=\"film_title\">Revision<\/span>\n\t<span class=\"font-weight-normal\">Philip&nbsp;Scheffner<\/span>\n<\/a>\n\n      <\/div>\n          <div class=\"col-6 col-md-4 col-xl-3 film_thumb px-1\">\n        <a href=\"https:\/\/www.visionsdureel.ch\/de\/film\/2018\/havarie\/\" class=\"thumbnail-16-9 \">\n\t\t<img loading=\"lazy\" decoding=\"async\" width=\"240\" height=\"180\" src=\"https:\/\/www.visionsdureel.ch\/wp-content\/uploads\/2021\/01\/405403-240x180.jpg\" class=\"attachment-thumbnail size-thumbnail wp-post-image\" alt=\"Film still of the film Havarie, directed by Philip Scheffner, Visions du R\u00e9el 2018\" sizes=\"auto, (max-width: 575px) 100vw, (max-width: 991px) calc((100vw - 6.5rem) \/ 3), (-webkit-min-device-pixel-ratio: 1.5) calc((100vw - 7.5rem) \/ 4 \/ 1.5), calc((100vw - 7.5rem) \/ 4)\" srcset=\"https:\/\/www.visionsdureel.ch\/wp-content\/uploads\/2021\/01\/405403-240x180.jpg 240w, https:\/\/www.visionsdureel.ch\/wp-content\/uploads\/2021\/01\/405403-640x480.jpg 640w, https:\/\/www.visionsdureel.ch\/wp-content\/uploads\/2021\/01\/405403-960x720.jpg 960w, https:\/\/www.visionsdureel.ch\/wp-content\/uploads\/2021\/01\/405403-320x240.jpg 320w, https:\/\/www.visionsdureel.ch\/wp-content\/uploads\/2021\/01\/405403-480x360.jpg 480w, https:\/\/www.visionsdureel.ch\/wp-content\/uploads\/2021\/01\/405403-1440x1080.jpg 1440w, https:\/\/www.visionsdureel.ch\/wp-content\/uploads\/2021\/01\/405403.jpg 1772w\" \/>\t    \n    <\/a>\t\t\n<a href=\"https:\/\/www.visionsdureel.ch\/de\/film\/2018\/havarie\/\" class=\"link-reverse film-caption \">\n\t<span class=\"film_title\">Havarie<\/span>\n\t<span class=\"font-weight-normal\">Philip&nbsp;Scheffner<\/span>\n<\/a>\n\n      <\/div>\n      <\/div>\n      <div class=\"row mt-4\">\n      <div class=\"col-12 col-sm-10 col-md-9 col-lg-7 col-xl-6 mx-auto\">\n          \n\n\n<p>&nbsp;<\/p>\n\n\n\n<h2 class=\"wp-block-heading\" id=\"h-le-programme\">Le Programme<\/h2>\n\n\n      <\/div>\n    <\/div>\n  \n  <div class=\"row\">  <div class=\"w-100 swiper-container overflow-hidden carousel-block-container\">\n    <div class=\"swiper-wrapper d-flex\">\n\n      \n                      <div class=\"col-12 col-sm-6 col-lg-4 swiper-slide\">\n            <article class=\"article-selection mb-5 mb-sm-4 mb-md-3 post-68541\">\n    <a class=\"link-image thumbnail-16-9\" data-href=\"https:\/\/www.visionsdureel.ch\/en\/pre-ouverture-le-chant-des-vivants\/\" href=\"https:\/\/www.visionsdureel.ch\/en\/pre-ouverture-le-chant-des-vivants\/\">\n      <img loading=\"lazy\" decoding=\"async\" width=\"320\" height=\"151\" src=\"https:\/\/www.visionsdureel.ch\/wp-content\/uploads\/2021\/04\/Capture-de\u0301cran-2021-04-14-a\u0300-11.47.33-320x151.jpg\" class=\"attachment-thumbnail size-thumbnail wp-post-image\" alt=\"\" sizes=\"auto, (max-width: 575px) 100vw, (max-width: 991px) calc(100vw \/ 2), (-webkit-min-device-pixel-ratio: 1.5) calc(100vw \/ 3), calc(100vw \/ 3)\" srcset=\"https:\/\/www.visionsdureel.ch\/wp-content\/uploads\/2021\/04\/Capture-de\u0301cran-2021-04-14-a\u0300-11.47.33-320x151.jpg 320w, https:\/\/www.visionsdureel.ch\/wp-content\/uploads\/2021\/04\/Capture-de\u0301cran-2021-04-14-a\u0300-11.47.33-854x404.jpg 854w, https:\/\/www.visionsdureel.ch\/wp-content\/uploads\/2021\/04\/Capture-de\u0301cran-2021-04-14-a\u0300-11.47.33-1280x606.jpg 1280w, https:\/\/www.visionsdureel.ch\/wp-content\/uploads\/2021\/04\/Capture-de\u0301cran-2021-04-14-a\u0300-11.47.33-426x202.jpg 426w, https:\/\/www.visionsdureel.ch\/wp-content\/uploads\/2021\/04\/Capture-de\u0301cran-2021-04-14-a\u0300-11.47.33-640x303.jpg 640w, https:\/\/www.visionsdureel.ch\/wp-content\/uploads\/2021\/04\/Capture-de\u0301cran-2021-04-14-a\u0300-11.47.33-1920x909.jpg 1920w\" \/>          <\/a>\n        <h4 class=\"mt-2 mb-1 \">\n      Pre-opening: Le Chant des vivants! : Le Chant des vivants!    <\/h4>\n                  <div class=\"mt-2\"> <a href=\"https:\/\/www.visionsdureel.ch\/en\/pre-ouverture-le-chant-des-vivants\/\" class=\" \">\n          Mehr        <\/a> <\/div>\n      <\/article>\n        <\/div>\n                      <div class=\"col-12 col-sm-6 col-lg-4 swiper-slide\">\n            <article class=\"article-selection mb-5 mb-sm-4 mb-md-3 post-159199\">\n    <a class=\"link-image thumbnail-16-9\" data-href=\"https:\/\/www.visionsdureel.ch\/de\/stage-participation-culturelle\/\" href=\"https:\/\/www.visionsdureel.ch\/de\/stage-participation-culturelle\/\">\n      <img loading=\"lazy\" decoding=\"async\" width=\"320\" height=\"180\" src=\"https:\/\/www.visionsdureel.ch\/wp-content\/uploads\/2026\/03\/VdR26_site_cover_miniatures_1920x1080px-320x180.jpg\" class=\"attachment-thumbnail size-thumbnail\" alt=\"\" sizes=\"auto, (max-width: 575px) 100vw, (max-width: 991px) calc(100vw \/ 2), (-webkit-min-device-pixel-ratio: 1.5) calc(100vw \/ 3), calc(100vw \/ 3)\" srcset=\"https:\/\/www.visionsdureel.ch\/wp-content\/uploads\/2026\/03\/VdR26_site_cover_miniatures_1920x1080px-320x180.jpg 320w, https:\/\/www.visionsdureel.ch\/wp-content\/uploads\/2026\/03\/VdR26_site_cover_miniatures_1920x1080px-854x480.jpg 854w, https:\/\/www.visionsdureel.ch\/wp-content\/uploads\/2026\/03\/VdR26_site_cover_miniatures_1920x1080px-1280x720.jpg 1280w, https:\/\/www.visionsdureel.ch\/wp-content\/uploads\/2026\/03\/VdR26_site_cover_miniatures_1920x1080px-426x240.jpg 426w, https:\/\/www.visionsdureel.ch\/wp-content\/uploads\/2026\/03\/VdR26_site_cover_miniatures_1920x1080px-640x360.jpg 640w, https:\/\/www.visionsdureel.ch\/wp-content\/uploads\/2026\/03\/VdR26_site_cover_miniatures_1920x1080px.jpg 1920w\" \/>          <\/a>\n        <h4 class=\"mt-2 mb-1 \">\n      Un\u00b7e stagiaire participation culturelle (40-80%)    <\/h4>\n                  <div class=\"mt-2\"> <a href=\"https:\/\/www.visionsdureel.ch\/de\/stage-participation-culturelle\/\" class=\" \">\n          Mehr        <\/a> <\/div>\n      <\/article>\n        <\/div>\n                      <div class=\"col-12 col-sm-6 col-lg-4 swiper-slide\">\n            <article class=\"article-selection mb-5 mb-sm-4 mb-md-3 post-275901\">\n    <a class=\"link-image thumbnail-16-9\" data-href=\"https:\/\/www.visionsdureel.ch\/en\/emilie-bujes-will-leave-visions-du-reel-after-the-upcoming-edition\/\" href=\"https:\/\/www.visionsdureel.ch\/en\/emilie-bujes-will-leave-visions-du-reel-after-the-upcoming-edition\/\">\n      <img loading=\"lazy\" decoding=\"async\" width=\"320\" height=\"178\" src=\"https:\/\/www.visionsdureel.ch\/wp-content\/uploads\/2026\/04\/Portrait-Emilie-Bujes_\u00a9Nikita-Thevoz-e1775640342543-320x178.jpg\" class=\"attachment-thumbnail size-thumbnail wp-post-image\" alt=\"\" sizes=\"auto, (max-width: 575px) 100vw, (max-width: 991px) calc(100vw \/ 2), (-webkit-min-device-pixel-ratio: 1.5) calc(100vw \/ 3), calc(100vw \/ 3)\" srcset=\"https:\/\/www.visionsdureel.ch\/wp-content\/uploads\/2026\/04\/Portrait-Emilie-Bujes_\u00a9Nikita-Thevoz-e1775640342543-320x178.jpg 320w, https:\/\/www.visionsdureel.ch\/wp-content\/uploads\/2026\/04\/Portrait-Emilie-Bujes_\u00a9Nikita-Thevoz-e1775640342543-854x474.jpg 854w, https:\/\/www.visionsdureel.ch\/wp-content\/uploads\/2026\/04\/Portrait-Emilie-Bujes_\u00a9Nikita-Thevoz-e1775640342543-1280x711.jpg 1280w, https:\/\/www.visionsdureel.ch\/wp-content\/uploads\/2026\/04\/Portrait-Emilie-Bujes_\u00a9Nikita-Thevoz-e1775640342543-426x237.jpg 426w, https:\/\/www.visionsdureel.ch\/wp-content\/uploads\/2026\/04\/Portrait-Emilie-Bujes_\u00a9Nikita-Thevoz-e1775640342543-640x355.jpg 640w, https:\/\/www.visionsdureel.ch\/wp-content\/uploads\/2026\/04\/Portrait-Emilie-Bujes_\u00a9Nikita-Thevoz-e1775640342543.jpg 1536w\" \/>          <\/a>\n        <h4 class=\"mt-2 mb-1 \">\n      Emilie Buj\u00e8s will leave Visions du R\u00e9el after the upcoming edition    <\/h4>\n                  <div class=\"mt-2\"> <a href=\"https:\/\/www.visionsdureel.ch\/en\/emilie-bujes-will-leave-visions-du-reel-after-the-upcoming-edition\/\" class=\" \">\n          Mehr        <\/a> <\/div>\n      <\/article>\n        <\/div>\n      \n          <\/div>\n  <\/div>\n  <\/div>\n      <div class=\"row\">\n      <div class=\"col-12 col-sm-10 col-md-9 col-lg-7 col-xl-6 mx-auto\">\n          ","protected":false},"excerpt":{"rendered":"<p>Philip Scheffner ou l&#8217;exploration des replis de l&#8217;histoire N\u00e9 en 1966 \u00e0 Hombourg, en Sarre, Philip Scheffner vit \u00e0 Berlin<\/p>\n","protected":false},"featured_media":10036,"menu_order":0,"template":"","meta":{"_acf_changed":false},"class_list":["post-27298","atelier","type-atelier","status-publish","has-post-thumbnail","hentry"],"acf":[],"_links":{"self":[{"href":"https:\/\/www.visionsdureel.ch\/de\/wp-json\/wp\/v2\/atelier\/27298","targetHints":{"allow":["GET"]}}],"collection":[{"href":"https:\/\/www.visionsdureel.ch\/de\/wp-json\/wp\/v2\/atelier"}],"about":[{"href":"https:\/\/www.visionsdureel.ch\/de\/wp-json\/wp\/v2\/types\/atelier"}],"wp:featuredmedia":[{"embeddable":true,"href":"https:\/\/www.visionsdureel.ch\/de\/wp-json\/wp\/v2\/media\/10036"}],"wp:attachment":[{"href":"https:\/\/www.visionsdureel.ch\/de\/wp-json\/wp\/v2\/media?parent=27298"}],"curies":[{"name":"wp","href":"https:\/\/api.w.org\/{rel}","templated":true}]}}