{"version":"1.0","provider_name":"Visions du R\u00e9el","provider_url":"https:\/\/www.visionsdureel.ch\/de\/","author_name":"social@visionsdureel.ch","author_url":"https:\/\/www.visionsdureel.ch\/de\/author\/socialvisionsdureel-ch\/","title":"VdR on Tour: Bouchra &#8211; Visions du R\u00e9el","type":"rich","width":600,"height":338,"html":"<blockquote class=\"wp-embedded-content\" data-secret=\"s50AqkdV3z\"><a href=\"https:\/\/www.visionsdureel.ch\/de\/vdr-on-tour\/vdr-on-tour-bouchra\/\">VdR on Tour: Bouchra<\/a><\/blockquote><iframe sandbox=\"allow-scripts\" security=\"restricted\" src=\"https:\/\/www.visionsdureel.ch\/de\/vdr-on-tour\/vdr-on-tour-bouchra\/embed\/#?secret=s50AqkdV3z\" width=\"600\" height=\"338\" title=\"&#8222;VdR on Tour: Bouchra&#8220; &#8211; Visions du R\u00e9el\" data-secret=\"s50AqkdV3z\" frameborder=\"0\" marginwidth=\"0\" marginheight=\"0\" scrolling=\"no\" class=\"wp-embedded-content\"><\/iframe><script>\n\/*! This file is auto-generated *\/\n!function(d,l){\"use strict\";l.querySelector&&d.addEventListener&&\"undefined\"!=typeof URL&&(d.wp=d.wp||{},d.wp.receiveEmbedMessage||(d.wp.receiveEmbedMessage=function(e){var t=e.data;if((t||t.secret||t.message||t.value)&&!\/[^a-zA-Z0-9]\/.test(t.secret)){for(var s,r,n,a=l.querySelectorAll('iframe[data-secret=\"'+t.secret+'\"]'),o=l.querySelectorAll('blockquote[data-secret=\"'+t.secret+'\"]'),c=new RegExp(\"^https?:$\",\"i\"),i=0;i<o.length;i++)o[i].style.display=\"none\";for(i=0;i<a.length;i++)s=a[i],e.source===s.contentWindow&&(s.removeAttribute(\"style\"),\"height\"===t.message?(1e3<(r=parseInt(t.value,10))?r=1e3:~~r<200&&(r=200),s.height=r):\"link\"===t.message&&(r=new URL(s.getAttribute(\"src\")),n=new URL(t.value),c.test(n.protocol))&&n.host===r.host&&l.activeElement===s&&(d.top.location.href=t.value))}},d.addEventListener(\"message\",d.wp.receiveEmbedMessage,!1),l.addEventListener(\"DOMContentLoaded\",function(){for(var e,t,s=l.querySelectorAll(\"iframe.wp-embedded-content\"),r=0;r<s.length;r++)(t=(e=s[r]).getAttribute(\"data-secret\"))||(t=Math.random().toString(36).substring(2,12),e.src+=\"#?secret=\"+t,e.setAttribute(\"data-secret\",t)),e.contentWindow.postMessage({message:\"ready\",secret:t},\"*\")},!1)))}(window,document);\n<\/script>\n","thumbnail_url":"https:\/\/www.visionsdureel.ch\/wp-content\/uploads\/2026\/03\/bouchra-image-catalogue-0-2864639-1-scaled.jpeg","thumbnail_width":2560,"thumbnail_height":1384,"description":"En collaboration avec le cin\u00e9ma Spoutnik, assistez au film\u00a0Bouchra, r\u00e9alis\u00e9 par Meriem Bennani et Orian Barki et pr\u00e9sent\u00e9 dans notre nouvelle cat\u00e9gorie Borderlight durant cette \u00e9dition du Festival. Plusieurs projections auront lieu du 7 au 22 mai \u00e0 Gen\u00e8ve."}